{"id":9931,"date":"2025-03-02T20:01:17","date_gmt":"2025-03-02T20:01:17","guid":{"rendered":"https:\/\/institutounao.com.mx\/?page_id=9931"},"modified":"2025-04-30T17:06:56","modified_gmt":"2025-04-30T17:06:56","slug":"ecp25-61-taller-pedagogico-discapacidad-intelectual-fundamentos-evaluacion-y-estrategias-de-intervencion","status":"publish","type":"page","link":"https:\/\/institutounao.com.mx\/index.php\/ecp25-61-taller-pedagogico-discapacidad-intelectual-fundamentos-evaluacion-y-estrategias-de-intervencion\/","title":{"rendered":"ECP25.61 TALLER PEDAG\u00d3GICO DISCAPACIDAD INTELECTUAL: FUNDAMENTOS, EVALUACI\u00d3N Y ESTRATEGIAS DE INTERVENCI\u00d3N."},"content":{"rendered":"\t\t<div data-elementor-type=\"wp-page\" data-elementor-id=\"9931\" class=\"elementor elementor-9931\">\n\t\t\t\t\t\t<section class=\"elementor-section elementor-top-section elementor-element elementor-element-67ea6f5 elementor-section-boxed elementor-section-height-default elementor-section-height-default\" data-id=\"67ea6f5\" data-element_type=\"section\" data-e-type=\"section\">\n\t\t\t\t\t\t<div class=\"elementor-container elementor-column-gap-default\">\n\t\t\t\t\t<div class=\"elementor-column elementor-col-100 elementor-top-column elementor-element elementor-element-65d1ed7\" data-id=\"65d1ed7\" data-element_type=\"column\" data-e-type=\"column\">\n\t\t\t<div class=\"elementor-widget-wrap elementor-element-populated\">\n\t\t\t\t\t\t<div class=\"elementor-element elementor-element-97d9dd8 elementor-widget elementor-widget-heading\" data-id=\"97d9dd8\" data-element_type=\"widget\" data-e-type=\"widget\" data-widget_type=\"heading.default\">\n\t\t\t\t<div class=\"elementor-widget-container\">\n\t\t\t\t\t<h4 class=\"elementor-heading-title elementor-size-default\">TALLER PEDAG\u00d3GICO DISCAPACIDAD INTELECTUAL: FUNDAMENTOS, EVALUACI\u00d3N Y ESTRATEGIAS DE INTERVENCI\u00d3N.<\/h4>\t\t\t\t<\/div>\n\t\t\t\t<\/div>\n\t\t\t\t\t<\/div>\n\t\t<\/div>\n\t\t\t\t\t<\/div>\n\t\t<\/section>\n\t\t\t\t<section class=\"elementor-section elementor-top-section elementor-element elementor-element-72b985a elementor-section-boxed elementor-section-height-default elementor-section-height-default\" data-id=\"72b985a\" data-element_type=\"section\" data-e-type=\"section\">\n\t\t\t\t\t\t<div class=\"elementor-container elementor-column-gap-default\">\n\t\t\t\t\t<div class=\"elementor-column elementor-col-100 elementor-top-column elementor-element elementor-element-4d5aeb5\" data-id=\"4d5aeb5\" data-element_type=\"column\" data-e-type=\"column\">\n\t\t\t<div class=\"elementor-widget-wrap elementor-element-populated\">\n\t\t\t\t\t\t<div class=\"elementor-element elementor-element-308896b elementor-widget elementor-widget-text-editor\" data-id=\"308896b\" data-element_type=\"widget\" data-e-type=\"widget\" data-widget_type=\"text-editor.default\">\n\t\t\t\t<div class=\"elementor-widget-container\">\n\t\t\t\t\t\t\t\t\t<p style=\"text-align: center;\"><strong>Acreditaci\u00f3n de Actividades.<\/strong><\/p><p><b>Datos Generales:<\/b><\/p><p>Instituci\u00f3n: Instituto Universitario Antequera de Oaxaca.<br \/>Clave de Plantel: 20MSY0104Y.<br \/>Periodo: 26 de abril de 2025 .<br \/>Modalidad:\u00a0Virtual.<br \/>Horas lectivas:\u00a010 horas lectivas.<br \/>Imparte: DR<span data-sheets-root=\"1\">. ANGEL OMAR ROMERO MOLINA.<\/span><\/p><p><b>Participantes que acreditaron:\u00a0<\/b><\/p><ol><li>ALEJANDRA FLOR RICARDEZ PATI\u00d1O<\/li><li>ALFREDO RAUL CURMINA REYES<\/li><li>ALINA GONZALEZ TERAN<\/li><li>ANA KAREN RAMIREZ OCEGUEDA<\/li><li>BRENDA YAZMIN QUIROZ TAPIA<\/li><li>CRISTINA PAZ MENDOZA RUIZ<\/li><li>CRISTINA VILLANUEVA MENDOZA<\/li><li>DIANA OCHOA AGUILAR<\/li><li>DINORAH LARISSA DIAZ FERNANDEZ<\/li><li>DOLORES ARGELIA MENDOZA SERRANO<\/li><li>ERIKA NOHEMI ISLAS GUERRERO<\/li><li>GIOVANNI MEJIA TORRES<\/li><li>GLORIA GABRIELA CASTRO RODRIGUEZ<\/li><li>JORGE ZU\u00d1IGA PICHARDO<\/li><li>JOSEFA ELIZABETH DAVIS RUBIO<\/li><li>KARINA SANCHEZ MELENDEZ<\/li><li>MARIA ADELINA TORRES MEZA<\/li><li>MARIA DEL CARMEN GARCIA MORALES<\/li><li>MIRNA JANET PEREZ JUAREZ<\/li><li>NAARA CASTILLO CONTRERAS<\/li><li>OLIVIA SUAREZ TORRES<\/li><li>PATRICIA ANGELES SANTIAGO<\/li><li>RAQUEL HERNANDEZ MELENDEZ<\/li><li>SERGIO IVAN CHAN MAY<\/li><li>SONIA GUADALUPE VELAZQUEZ CONSILCO<\/li><li>STEPHANIE CASTA\u00d1EDA RINCON<\/li><li>YESENIA ESMERALDA MENDEZ VAZQUEZ<\/li><\/ol>\t\t\t\t\t\t\t\t<\/div>\n\t\t\t\t<\/div>\n\t\t\t\t\t<\/div>\n\t\t<\/div>\n\t\t\t\t\t<\/div>\n\t\t<\/section>\n\t\t\t\t<\/div>\n\t\t","protected":false},"excerpt":{"rendered":"<p>TALLER PEDAG\u00d3GICO DISCAPACIDAD INTELECTUAL: FUNDAMENTOS, EVALUACI\u00d3N Y ESTRATEGIAS DE INTERVENCI\u00d3N. Acreditaci\u00f3n de Actividades. Datos Generales: Instituci\u00f3n: Instituto Universitario Antequera de Oaxaca.Clave de Plantel: 20MSY0104Y.Periodo: 26 de abril de 2025 .Modalidad:\u00a0Virtual.Horas lectivas:\u00a010 horas lectivas.Imparte: DR. ANGEL OMAR ROMERO MOLINA. Participantes que acreditaron:\u00a0 ALEJANDRA FLOR RICARDEZ PATI\u00d1O ALFREDO RAUL CURMINA REYES ALINA <a class=\"read-more\" href=\"https:\/\/institutounao.com.mx\/index.php\/ecp25-61-taller-pedagogico-discapacidad-intelectual-fundamentos-evaluacion-y-estrategias-de-intervencion\/\">Read More&#8230;<\/a><\/p>\n","protected":false},"author":1,"featured_media":0,"parent":0,"menu_order":0,"comment_status":"closed","ping_status":"closed","template":"","meta":{"_joinchat":[],"footnotes":""},"class_list":["post-9931","page","type-page","status-publish","hentry"],"jetpack_sharing_enabled":true,"_links":{"self":[{"href":"https:\/\/institutounao.com.mx\/index.php\/wp-json\/wp\/v2\/pages\/9931","targetHints":{"allow":["GET"]}}],"collection":[{"href":"https:\/\/institutounao.com.mx\/index.php\/wp-json\/wp\/v2\/pages"}],"about":[{"href":"https:\/\/institutounao.com.mx\/index.php\/wp-json\/wp\/v2\/types\/page"}],"author":[{"embeddable":true,"href":"https:\/\/institutounao.com.mx\/index.php\/wp-json\/wp\/v2\/users\/1"}],"replies":[{"embeddable":true,"href":"https:\/\/institutounao.com.mx\/index.php\/wp-json\/wp\/v2\/comments?post=9931"}],"version-history":[{"count":13,"href":"https:\/\/institutounao.com.mx\/index.php\/wp-json\/wp\/v2\/pages\/9931\/revisions"}],"predecessor-version":[{"id":10132,"href":"https:\/\/institutounao.com.mx\/index.php\/wp-json\/wp\/v2\/pages\/9931\/revisions\/10132"}],"wp:attachment":[{"href":"https:\/\/institutounao.com.mx\/index.php\/wp-json\/wp\/v2\/media?parent=9931"}],"curies":[{"name":"wp","href":"https:\/\/api.w.org\/{rel}","templated":true}]}}