{"id":9367,"date":"2025-01-21T16:27:26","date_gmt":"2025-01-21T16:27:26","guid":{"rendered":"https:\/\/institutounao.com.mx\/?page_id=9367"},"modified":"2025-01-30T18:17:55","modified_gmt":"2025-01-30T18:17:55","slug":"ecp25-43-taller-pedagogico-estrategias-de-intervencion-en-el-habla-produccion-de-los-fonemas-t-d-s","status":"publish","type":"page","link":"https:\/\/institutounao.com.mx\/index.php\/ecp25-43-taller-pedagogico-estrategias-de-intervencion-en-el-habla-produccion-de-los-fonemas-t-d-s\/","title":{"rendered":"ECP25.43 TALLER PEDAG\u00d3GICO ESTRATEGIAS DE INTERVENCI\u00d3N EN EL HABLA: PRODUCCI\u00d3N DE LOS FONEMAS T\/D\/S."},"content":{"rendered":"\t\t<div data-elementor-type=\"wp-page\" data-elementor-id=\"9367\" class=\"elementor elementor-9367\">\n\t\t\t\t\t\t<section class=\"elementor-section elementor-top-section elementor-element elementor-element-e30ee51 elementor-section-boxed elementor-section-height-default elementor-section-height-default\" data-id=\"e30ee51\" data-element_type=\"section\" data-e-type=\"section\">\n\t\t\t\t\t\t<div class=\"elementor-container elementor-column-gap-default\">\n\t\t\t\t\t<div class=\"elementor-column elementor-col-100 elementor-top-column elementor-element elementor-element-b5fbed0\" data-id=\"b5fbed0\" data-element_type=\"column\" data-e-type=\"column\">\n\t\t\t<div class=\"elementor-widget-wrap elementor-element-populated\">\n\t\t\t\t\t\t<div class=\"elementor-element elementor-element-3a7d15e elementor-widget elementor-widget-heading\" data-id=\"3a7d15e\" data-element_type=\"widget\" data-e-type=\"widget\" data-widget_type=\"heading.default\">\n\t\t\t\t<div class=\"elementor-widget-container\">\n\t\t\t\t\t<h4 class=\"elementor-heading-title elementor-size-default\"> TALLER PEDAG\u00d3GICO ESTRATEGIAS DE INTERVENCI\u00d3N EN EL HABLA: PRODUCCI\u00d3N DE LOS FONEMAS T\/D\/S.<\/h4>\t\t\t\t<\/div>\n\t\t\t\t<\/div>\n\t\t\t\t\t<\/div>\n\t\t<\/div>\n\t\t\t\t\t<\/div>\n\t\t<\/section>\n\t\t\t\t<section class=\"elementor-section elementor-top-section elementor-element elementor-element-9dcd19d elementor-section-boxed elementor-section-height-default elementor-section-height-default\" data-id=\"9dcd19d\" data-element_type=\"section\" data-e-type=\"section\">\n\t\t\t\t\t\t<div class=\"elementor-container elementor-column-gap-default\">\n\t\t\t\t\t<div class=\"elementor-column elementor-col-100 elementor-top-column elementor-element elementor-element-429287b\" data-id=\"429287b\" data-element_type=\"column\" data-e-type=\"column\">\n\t\t\t<div class=\"elementor-widget-wrap elementor-element-populated\">\n\t\t\t\t\t\t<div class=\"elementor-element elementor-element-f71541a elementor-widget elementor-widget-text-editor\" data-id=\"f71541a\" data-element_type=\"widget\" data-e-type=\"widget\" data-widget_type=\"text-editor.default\">\n\t\t\t\t<div class=\"elementor-widget-container\">\n\t\t\t\t\t\t\t\t\t<p style=\"text-align: center;\"><strong>Acreditaci\u00f3n de Actividades.<\/strong><\/p><p><b>Datos Generales:<\/b><\/p><p><span style=\"font-weight: 400;\">Instituci\u00f3n: Instituto Universitario Antequera de Oaxaca.<\/span><span style=\"font-weight: 400;\"><br \/><\/span><span style=\"font-weight: 400;\">Clave de Plantel: 20MSY0104Y.<\/span><span style=\"font-weight: 400;\"><br \/><\/span><span style=\"font-weight: 400;\">Periodo: 18 de Enero de 2025<\/span><span style=\"font-weight: 400;\">.<\/span><span style=\"font-weight: 400;\"><br \/><\/span><span style=\"font-weight: 400;\">Modalidad: <\/span><span style=\"font-weight: 400;\">Virtual.<\/span><span style=\"font-weight: 400;\"><br \/><\/span><span style=\"font-weight: 400;\">Horas lectivas:<\/span><span style=\"font-weight: 400;\"> 10 horas lectivas.<\/span><span style=\"font-weight: 400;\"><br \/><\/span><span style=\"font-weight: 400;\">Imparte: DRA. LETICIA LOPEZ ESPA\u00d1A.<\/span><span style=\"font-weight: 400;\"><br \/><\/span><\/p><p><b>Participantes que acreditaron:\u00a0<\/b><\/p><ol><li>ANA ISABEL RODRIGUEZ DELGADILLO<\/li><li>CARLOS EDWIN MENDEZ BARRITA<\/li><li>CELESTE MENDEZ LOPEZ<\/li><li>CLAUDIA IVONNE CARBALLO SIFUENTES<\/li><li>DAYSI DE LOS SANTOS ESPINOSA<\/li><li>DENISSE ENRIQUEZ LOPEZ<\/li><li>ELVIA LOPEZ RAMIREZ<\/li><li>GABRIELA TREJO ZU\u00d1IGA<\/li><li>GEORGINA CONCEPCION VELAZQUEZ BAEZA<\/li><li>HILDA RIVERA GARCIA<\/li><li>JORGE SOTO OCHOA<\/li><li>JOSE LUIS DUARTE AYON<\/li><li>KENYA SOLEDAD MORALES ZARATE<\/li><li>MAGDALENA SANCHEZ CRUZ<\/li><li>MARLENNE LARRAGA LERMA<\/li><li>PAOLA ACIBEIRO GARCIA<\/li><li>PATRICIA GUADALUPE DURAN LIZARRAGA<\/li><li>REYNA IVETTE REYES REYES<\/li><li>ROSA ELIANNE ARRES BORBONIO<\/li><li>ROSALIA OROZCO RAMIREZ<\/li><li>YANIRA LOPEZ LOPEZ<\/li><\/ol>\t\t\t\t\t\t\t\t<\/div>\n\t\t\t\t<\/div>\n\t\t\t\t\t<\/div>\n\t\t<\/div>\n\t\t\t\t\t<\/div>\n\t\t<\/section>\n\t\t\t\t<section class=\"elementor-section elementor-top-section elementor-element elementor-element-c063eb1 elementor-section-boxed elementor-section-height-default elementor-section-height-default\" data-id=\"c063eb1\" data-element_type=\"section\" data-e-type=\"section\">\n\t\t\t\t\t\t<div class=\"elementor-container elementor-column-gap-default\">\n\t\t\t\t\t<div class=\"elementor-column elementor-col-100 elementor-top-column elementor-element elementor-element-30dc3db\" data-id=\"30dc3db\" data-element_type=\"column\" data-e-type=\"column\">\n\t\t\t<div class=\"elementor-widget-wrap elementor-element-populated\">\n\t\t\t\t\t\t<section class=\"elementor-section elementor-inner-section elementor-element elementor-element-1804406 elementor-section-boxed elementor-section-height-default elementor-section-height-default\" data-id=\"1804406\" data-element_type=\"section\" data-e-type=\"section\">\n\t\t\t\t\t\t<div class=\"elementor-container elementor-column-gap-default\">\n\t\t\t\t\t<div class=\"elementor-column elementor-col-50 elementor-inner-column elementor-element elementor-element-0905f41\" data-id=\"0905f41\" data-element_type=\"column\" data-e-type=\"column\">\n\t\t\t<div class=\"elementor-widget-wrap\">\n\t\t\t\t\t\t\t<\/div>\n\t\t<\/div>\n\t\t\t\t<div class=\"elementor-column elementor-col-50 elementor-inner-column elementor-element elementor-element-4e75655\" data-id=\"4e75655\" data-element_type=\"column\" data-e-type=\"column\">\n\t\t\t<div class=\"elementor-widget-wrap\">\n\t\t\t\t\t\t\t<\/div>\n\t\t<\/div>\n\t\t\t\t\t<\/div>\n\t\t<\/section>\n\t\t\t\t\t<\/div>\n\t\t<\/div>\n\t\t\t\t\t<\/div>\n\t\t<\/section>\n\t\t\t\t<\/div>\n\t\t","protected":false},"excerpt":{"rendered":"<p>TALLER PEDAG\u00d3GICO ESTRATEGIAS DE INTERVENCI\u00d3N EN EL HABLA: PRODUCCI\u00d3N DE LOS FONEMAS T\/D\/S. Acreditaci\u00f3n de Actividades. Datos Generales: Instituci\u00f3n: Instituto Universitario Antequera de Oaxaca.Clave de Plantel: 20MSY0104Y.Periodo: 18 de Enero de 2025.Modalidad: Virtual.Horas lectivas: 10 horas lectivas.Imparte: DRA. LETICIA LOPEZ ESPA\u00d1A. Participantes que acreditaron:\u00a0 ANA ISABEL RODRIGUEZ DELGADILLO CARLOS EDWIN <a class=\"read-more\" href=\"https:\/\/institutounao.com.mx\/index.php\/ecp25-43-taller-pedagogico-estrategias-de-intervencion-en-el-habla-produccion-de-los-fonemas-t-d-s\/\">Read More&#8230;<\/a><\/p>\n","protected":false},"author":1,"featured_media":0,"parent":0,"menu_order":0,"comment_status":"closed","ping_status":"closed","template":"","meta":{"_joinchat":[],"footnotes":""},"class_list":["post-9367","page","type-page","status-publish","hentry"],"jetpack_sharing_enabled":true,"_links":{"self":[{"href":"https:\/\/institutounao.com.mx\/index.php\/wp-json\/wp\/v2\/pages\/9367","targetHints":{"allow":["GET"]}}],"collection":[{"href":"https:\/\/institutounao.com.mx\/index.php\/wp-json\/wp\/v2\/pages"}],"about":[{"href":"https:\/\/institutounao.com.mx\/index.php\/wp-json\/wp\/v2\/types\/page"}],"author":[{"embeddable":true,"href":"https:\/\/institutounao.com.mx\/index.php\/wp-json\/wp\/v2\/users\/1"}],"replies":[{"embeddable":true,"href":"https:\/\/institutounao.com.mx\/index.php\/wp-json\/wp\/v2\/comments?post=9367"}],"version-history":[{"count":13,"href":"https:\/\/institutounao.com.mx\/index.php\/wp-json\/wp\/v2\/pages\/9367\/revisions"}],"predecessor-version":[{"id":9628,"href":"https:\/\/institutounao.com.mx\/index.php\/wp-json\/wp\/v2\/pages\/9367\/revisions\/9628"}],"wp:attachment":[{"href":"https:\/\/institutounao.com.mx\/index.php\/wp-json\/wp\/v2\/media?parent=9367"}],"curies":[{"name":"wp","href":"https:\/\/api.w.org\/{rel}","templated":true}]}}