{"id":8621,"date":"2024-09-12T20:26:15","date_gmt":"2024-09-12T20:26:15","guid":{"rendered":"https:\/\/institutounao.com.mx\/?page_id=8621"},"modified":"2025-01-29T22:15:44","modified_gmt":"2025-01-29T22:15:44","slug":"ecp25-16-diplomado-en-evaluacion-e-intervencion-en-el-trastorno-de-deficit-de-atencion-e-hiperactividad-tdah","status":"publish","type":"page","link":"https:\/\/institutounao.com.mx\/index.php\/ecp25-16-diplomado-en-evaluacion-e-intervencion-en-el-trastorno-de-deficit-de-atencion-e-hiperactividad-tdah\/","title":{"rendered":"ECP25.16 DIPLOMADO EN EVALUACI\u00d3N E INTERVENCI\u00d3N EN EL TRASTORNO DE D\u00c9FICIT DE ATENCI\u00d3N E HIPERACTIVIDAD (TDAH)."},"content":{"rendered":"\t\t<div data-elementor-type=\"wp-page\" data-elementor-id=\"8621\" class=\"elementor elementor-8621\">\n\t\t\t\t\t\t<section class=\"elementor-section elementor-top-section elementor-element elementor-element-d2b6ba5 elementor-section-boxed elementor-section-height-default elementor-section-height-default\" data-id=\"d2b6ba5\" data-element_type=\"section\" data-e-type=\"section\">\n\t\t\t\t\t\t<div class=\"elementor-container elementor-column-gap-default\">\n\t\t\t\t\t<div class=\"elementor-column elementor-col-100 elementor-top-column elementor-element elementor-element-83bb74e\" data-id=\"83bb74e\" data-element_type=\"column\" data-e-type=\"column\">\n\t\t\t<div class=\"elementor-widget-wrap elementor-element-populated\">\n\t\t\t\t\t\t<div class=\"elementor-element elementor-element-8bc93a7 elementor-widget elementor-widget-heading\" data-id=\"8bc93a7\" data-element_type=\"widget\" data-e-type=\"widget\" data-widget_type=\"heading.default\">\n\t\t\t\t<div class=\"elementor-widget-container\">\n\t\t\t\t\t<h4 class=\"elementor-heading-title elementor-size-default\">DIPLOMADO EN EVALUACI\u00d3N E INTERVENCI\u00d3N EN EL TRASTORNO DE D\u00c9FICIT DE ATENCI\u00d3N E HIPERACTIVIDAD (TDAH).<\/h4>\t\t\t\t<\/div>\n\t\t\t\t<\/div>\n\t\t\t\t\t<\/div>\n\t\t<\/div>\n\t\t\t\t\t<\/div>\n\t\t<\/section>\n\t\t\t\t<section class=\"elementor-section elementor-top-section elementor-element elementor-element-302da68 elementor-section-boxed elementor-section-height-default elementor-section-height-default\" data-id=\"302da68\" data-element_type=\"section\" data-e-type=\"section\">\n\t\t\t\t\t\t<div class=\"elementor-container elementor-column-gap-default\">\n\t\t\t\t\t<div class=\"elementor-column elementor-col-100 elementor-top-column elementor-element elementor-element-f58faf0\" data-id=\"f58faf0\" data-element_type=\"column\" data-e-type=\"column\">\n\t\t\t<div class=\"elementor-widget-wrap elementor-element-populated\">\n\t\t\t\t\t\t<div class=\"elementor-element elementor-element-0b736e6 elementor-widget elementor-widget-text-editor\" data-id=\"0b736e6\" data-element_type=\"widget\" data-e-type=\"widget\" data-widget_type=\"text-editor.default\">\n\t\t\t\t<div class=\"elementor-widget-container\">\n\t\t\t\t\t\t\t\t\t<p style=\"text-align: center;\"><strong>Acreditaci\u00f3n de Actividades.<\/strong><\/p><div class=\"elementor-element elementor-element-bd3ea6a elementor-widget elementor-widget-text-editor\" data-id=\"bd3ea6a\" data-element_type=\"widget\" data-widget_type=\"text-editor.default\"><div class=\"elementor-widget-container\"><p><strong>Datos Generales:\u00a0<\/strong><\/p><p>Instituci\u00f3n: Instituto Universitario Antequera de Oaxaca.<br \/>Clave de Plantel: 20MSY0104Y.<br \/>Periodo: 07 de julio al 22 de septiembre 2024.<br \/>Modalidad: Virtual.<br \/>Horas lectivas: 120 horas lectivas.<br \/>Imparte: MTRA. MONICA ITZEL NAVARRO PADILLA.<\/p><\/div><\/div><div class=\"elementor-element elementor-element-f11bf06 elementor-widget elementor-widget-text-editor\" data-id=\"f11bf06\" data-element_type=\"widget\" data-widget_type=\"text-editor.default\"><div class=\"elementor-widget-container\"><p><strong>Participantes que acreditaron:\u00a0<\/strong><\/p><p>1. ADERLY DEL CARMEN LOPEZ LEON.<br \/>2. ANA YAZMIN LOPEZ MERINO.<br \/>3. ATZIRA DE FATIMA GARCIA ESPINOSA.<br \/>4. CARMEN LOPEZ VILLA.<br \/>5. LIDIA LIZBETH PADRON CASTILLO.<br \/>6. MA. GUADALUPE SANCHEZ ESPINOZA.<br \/>7. MARTHA ELVA PARTIDA VAZQUEZ.<br \/>8. MAYRA VIDAL BRAVO.<br \/>9. PATRICIA APARICIO LUNA.<br \/>10. PATRICIA AVILA ESPINOSA.<br \/>11. SHEILA MELISA VINALAY RODRIGUEZ.<br \/>12. STEPHANIE CASTA\u00d1EDA RINCON.<br \/>13. SUSANA FIGUEROA TEJEDA.<\/p><\/div><\/div>\t\t\t\t\t\t\t\t<\/div>\n\t\t\t\t<\/div>\n\t\t\t\t\t<\/div>\n\t\t<\/div>\n\t\t\t\t\t<\/div>\n\t\t<\/section>\n\t\t\t\t<\/div>\n\t\t","protected":false},"excerpt":{"rendered":"<p>DIPLOMADO EN EVALUACI\u00d3N E INTERVENCI\u00d3N EN EL TRASTORNO DE D\u00c9FICIT DE ATENCI\u00d3N E HIPERACTIVIDAD (TDAH). Acreditaci\u00f3n de Actividades. Datos Generales:\u00a0 Instituci\u00f3n: Instituto Universitario Antequera de Oaxaca.Clave de Plantel: 20MSY0104Y.Periodo: 07 de julio al 22 de septiembre 2024.Modalidad: Virtual.Horas lectivas: 120 horas lectivas.Imparte: MTRA. MONICA ITZEL NAVARRO PADILLA. Participantes que acreditaron:\u00a0 <a class=\"read-more\" href=\"https:\/\/institutounao.com.mx\/index.php\/ecp25-16-diplomado-en-evaluacion-e-intervencion-en-el-trastorno-de-deficit-de-atencion-e-hiperactividad-tdah\/\">Read More&#8230;<\/a><\/p>\n","protected":false},"author":1,"featured_media":0,"parent":0,"menu_order":0,"comment_status":"closed","ping_status":"closed","template":"","meta":{"_joinchat":[],"footnotes":""},"class_list":["post-8621","page","type-page","status-publish","hentry"],"jetpack_sharing_enabled":true,"_links":{"self":[{"href":"https:\/\/institutounao.com.mx\/index.php\/wp-json\/wp\/v2\/pages\/8621","targetHints":{"allow":["GET"]}}],"collection":[{"href":"https:\/\/institutounao.com.mx\/index.php\/wp-json\/wp\/v2\/pages"}],"about":[{"href":"https:\/\/institutounao.com.mx\/index.php\/wp-json\/wp\/v2\/types\/page"}],"author":[{"embeddable":true,"href":"https:\/\/institutounao.com.mx\/index.php\/wp-json\/wp\/v2\/users\/1"}],"replies":[{"embeddable":true,"href":"https:\/\/institutounao.com.mx\/index.php\/wp-json\/wp\/v2\/comments?post=8621"}],"version-history":[{"count":7,"href":"https:\/\/institutounao.com.mx\/index.php\/wp-json\/wp\/v2\/pages\/8621\/revisions"}],"predecessor-version":[{"id":9522,"href":"https:\/\/institutounao.com.mx\/index.php\/wp-json\/wp\/v2\/pages\/8621\/revisions\/9522"}],"wp:attachment":[{"href":"https:\/\/institutounao.com.mx\/index.php\/wp-json\/wp\/v2\/media?parent=8621"}],"curies":[{"name":"wp","href":"https:\/\/api.w.org\/{rel}","templated":true}]}}