{"id":8431,"date":"2024-08-07T20:31:00","date_gmt":"2024-08-07T20:31:00","guid":{"rendered":"https:\/\/institutounao.com.mx\/?page_id=8431"},"modified":"2024-08-21T20:40:35","modified_gmt":"2024-08-21T20:40:35","slug":"se24-67-boleta-especialidda-en-intervencion-pedagogica-en-el-lenguaje-estudiantes-que-presentaron-seminario-de-regularizacion","status":"publish","type":"page","link":"https:\/\/institutounao.com.mx\/index.php\/se24-67-boleta-especialidda-en-intervencion-pedagogica-en-el-lenguaje-estudiantes-que-presentaron-seminario-de-regularizacion\/","title":{"rendered":"SE24.67 Boleta Especialidda en Intervenci\u00f3n Pedag\u00f3gica en el Lenguaje \/ Estudiantes que presentaron Seminario de Regularizaci\u00f3n."},"content":{"rendered":"\t\t<div data-elementor-type=\"wp-page\" data-elementor-id=\"8431\" class=\"elementor elementor-8431\">\n\t\t\t\t\t\t<section class=\"elementor-section elementor-top-section elementor-element elementor-element-a91c265 elementor-section-boxed elementor-section-height-default elementor-section-height-default\" data-id=\"a91c265\" data-element_type=\"section\" data-e-type=\"section\">\n\t\t\t\t\t\t<div class=\"elementor-container elementor-column-gap-default\">\n\t\t\t\t\t<div class=\"elementor-column elementor-col-100 elementor-top-column elementor-element elementor-element-1f2af7a\" data-id=\"1f2af7a\" data-element_type=\"column\" data-e-type=\"column\">\n\t\t\t<div class=\"elementor-widget-wrap elementor-element-populated\">\n\t\t\t\t\t\t<div class=\"elementor-element elementor-element-2f78c12 elementor-widget elementor-widget-text-editor\" data-id=\"2f78c12\" data-element_type=\"widget\" data-e-type=\"widget\" data-widget_type=\"text-editor.default\">\n\t\t\t\t<div class=\"elementor-widget-container\">\n\t\t\t\t\t\t\t\t\t<p style=\"text-align: center;\"><b>Especialidad en Intervenci\u00f3n Pedag\u00f3gica en el Lenguaje.<\/b><\/p>\t\t\t\t\t\t\t\t<\/div>\n\t\t\t\t<\/div>\n\t\t\t\t\t<\/div>\n\t\t<\/div>\n\t\t\t\t\t<\/div>\n\t\t<\/section>\n\t\t\t\t<section class=\"elementor-section elementor-top-section elementor-element elementor-element-1ea1859 elementor-section-boxed elementor-section-height-default elementor-section-height-default\" data-id=\"1ea1859\" data-element_type=\"section\" data-e-type=\"section\">\n\t\t\t\t\t\t<div class=\"elementor-container elementor-column-gap-default\">\n\t\t\t\t\t<div class=\"elementor-column elementor-col-100 elementor-top-column elementor-element elementor-element-6551903\" data-id=\"6551903\" data-element_type=\"column\" data-e-type=\"column\">\n\t\t\t<div class=\"elementor-widget-wrap elementor-element-populated\">\n\t\t\t\t\t\t<div class=\"elementor-element elementor-element-a29723c elementor-widget elementor-widget-text-editor\" data-id=\"a29723c\" data-element_type=\"widget\" data-e-type=\"widget\" data-widget_type=\"text-editor.default\">\n\t\t\t\t<div class=\"elementor-widget-container\">\n\t\t\t\t\t\t\t\t\t<p style=\"text-align: center;\">Estudiantes que acreditaron Seminario de Regularizaci\u00f3n correspondiente a Asignaturas no acreditadas en periodo ordinario durante el ciclo escolar ciclo escolar enero \u2013 junio 2024.<\/p>\t\t\t\t\t\t\t\t<\/div>\n\t\t\t\t<\/div>\n\t\t\t\t\t<\/div>\n\t\t<\/div>\n\t\t\t\t\t<\/div>\n\t\t<\/section>\n\t\t\t\t<section class=\"elementor-section elementor-top-section elementor-element elementor-element-91cc245 elementor-section-boxed elementor-section-height-default elementor-section-height-default\" data-id=\"91cc245\" data-element_type=\"section\" data-e-type=\"section\">\n\t\t\t\t\t\t<div class=\"elementor-container elementor-column-gap-default\">\n\t\t\t\t\t<div class=\"elementor-column elementor-col-100 elementor-top-column elementor-element elementor-element-8ef8101\" data-id=\"8ef8101\" data-element_type=\"column\" data-e-type=\"column\">\n\t\t\t<div class=\"elementor-widget-wrap elementor-element-populated\">\n\t\t\t\t\t\t<div class=\"elementor-element elementor-element-287f502 elementor-widget__width-initial elementor-widget elementor-widget-text-editor\" data-id=\"287f502\" data-element_type=\"widget\" data-e-type=\"widget\" data-widget_type=\"text-editor.default\">\n\t\t\t\t<div class=\"elementor-widget-container\">\n\t\t\t\t\t\t\t\t\t<p><\/p>\n<p><b>Asignatura: ETL002. Alteraciones en el Desarrollo del Lenguaje.<\/b><\/p>\n<p><b>Semestre: Primero.<\/b><\/p>\n<p><b>Fecha de acreditaci\u00f3n: 02\/ago\/2024<\/b><\/p>\n<p><b>Ciclo en que se acredito: Julio-diciembre 2024 (2025-1)<\/b><\/p>\n<p><b>Promedio \/ Nombre del Estudiante.<\/b><\/p>\n<p>9.3&nbsp; ARELY MAYTE CORONADO CHAVEZ.<\/p>\t\t\t\t\t\t\t\t<\/div>\n\t\t\t\t<\/div>\n\t\t\t\t\t<\/div>\n\t\t<\/div>\n\t\t\t\t\t<\/div>\n\t\t<\/section>\n\t\t\t\t<section class=\"elementor-section elementor-top-section elementor-element elementor-element-90bbfc6 elementor-section-boxed elementor-section-height-default elementor-section-height-default\" data-id=\"90bbfc6\" data-element_type=\"section\" data-e-type=\"section\">\n\t\t\t\t\t\t<div class=\"elementor-container elementor-column-gap-default\">\n\t\t\t\t\t<div class=\"elementor-column elementor-col-100 elementor-top-column elementor-element elementor-element-77c1998\" data-id=\"77c1998\" data-element_type=\"column\" data-e-type=\"column\">\n\t\t\t<div class=\"elementor-widget-wrap elementor-element-populated\">\n\t\t\t\t\t\t<div class=\"elementor-element elementor-element-c6b9745 elementor-widget__width-initial elementor-widget elementor-widget-text-editor\" data-id=\"c6b9745\" data-element_type=\"widget\" data-e-type=\"widget\" data-widget_type=\"text-editor.default\">\n\t\t\t\t<div class=\"elementor-widget-container\">\n\t\t\t\t\t\t\t\t\t<p>\u00a0<\/p><p><b>Asignatura: ETL002. Alteraciones en el Desarrollo del Lenguaje.<\/b><\/p><p><b>Semestre: Primero.<\/b><\/p><p><b>Fecha de acreditaci\u00f3n: 02\/ago\/2024<\/b><\/p><p><b>Ciclo en que se acredito: Julio-diciembre 2024 (2025-1)<\/b><\/p><p><b>Promedio \/ Nombre del Estudiante.<\/b><\/p><p>8.6\u00a0 MAYRA MONICA GONZALEZ VARELA.<\/p>\t\t\t\t\t\t\t\t<\/div>\n\t\t\t\t<\/div>\n\t\t\t\t\t<\/div>\n\t\t<\/div>\n\t\t\t\t\t<\/div>\n\t\t<\/section>\n\t\t\t\t<section class=\"elementor-section elementor-top-section elementor-element elementor-element-4fd2a8d elementor-section-boxed elementor-section-height-default elementor-section-height-default\" data-id=\"4fd2a8d\" data-element_type=\"section\" data-e-type=\"section\">\n\t\t\t\t\t\t<div class=\"elementor-container elementor-column-gap-default\">\n\t\t\t\t\t<div class=\"elementor-column elementor-col-100 elementor-top-column elementor-element elementor-element-67654d1\" data-id=\"67654d1\" data-element_type=\"column\" data-e-type=\"column\">\n\t\t\t<div class=\"elementor-widget-wrap elementor-element-populated\">\n\t\t\t\t\t\t<div class=\"elementor-element elementor-element-e1534c1 elementor-widget__width-initial elementor-widget elementor-widget-text-editor\" data-id=\"e1534c1\" data-element_type=\"widget\" data-e-type=\"widget\" data-widget_type=\"text-editor.default\">\n\t\t\t\t<div class=\"elementor-widget-container\">\n\t\t\t\t\t\t\t\t\t<p>\u00a0<\/p><p><b>Asignatura: ETL003. Evaluaci\u00f3n del Lenguaje.<\/b><\/p><p><b>Semestre: Primero.<\/b><\/p><p><b>Fecha de acreditaci\u00f3n: 02\/ago\/2024<\/b><\/p><p><b>Ciclo en que se acredito: Julio-diciembre 2024 (2025-1)<\/b><\/p><p><b>Promedio \/ Nombre del Estudiante.<\/b><\/p><p>9.5\u00a0 NORMA NDAITA SUAREZ ARTERO.<\/p>\t\t\t\t\t\t\t\t<\/div>\n\t\t\t\t<\/div>\n\t\t\t\t\t<\/div>\n\t\t<\/div>\n\t\t\t\t\t<\/div>\n\t\t<\/section>\n\t\t\t\t<section class=\"elementor-section elementor-top-section elementor-element elementor-element-ffac366 elementor-section-boxed elementor-section-height-default elementor-section-height-default\" data-id=\"ffac366\" data-element_type=\"section\" data-e-type=\"section\">\n\t\t\t\t\t\t<div class=\"elementor-container elementor-column-gap-default\">\n\t\t\t\t\t<div class=\"elementor-column elementor-col-100 elementor-top-column elementor-element elementor-element-3dcf6d1\" data-id=\"3dcf6d1\" data-element_type=\"column\" data-e-type=\"column\">\n\t\t\t<div class=\"elementor-widget-wrap elementor-element-populated\">\n\t\t\t\t\t\t<div class=\"elementor-element elementor-element-59c1f96 elementor-widget__width-initial elementor-widget elementor-widget-text-editor\" data-id=\"59c1f96\" data-element_type=\"widget\" data-e-type=\"widget\" data-widget_type=\"text-editor.default\">\n\t\t\t\t<div class=\"elementor-widget-container\">\n\t\t\t\t\t\t\t\t\t<p><\/p>\n<p><b>Asignatura: EIP002. Intervenci\u00f3n en Ambientes de Aprendizaje.<\/b><\/p>\n<p><b>Semestre: Primero.<\/b><\/p>\n<p><b>Fecha de acreditaci\u00f3n: 02\/ago\/2024<\/b><\/p>\n<p><b>Ciclo en que se acredito: Julio-diciembre 2024 (2025-1)<\/b><\/p>\n<p><b>Promedio \/ Nombre del Estudiante.<\/b><\/p>\n<p>9.3&nbsp; DULCE MARIA MABRIZ CARMONA.<\/p>\t\t\t\t\t\t\t\t<\/div>\n\t\t\t\t<\/div>\n\t\t\t\t\t<\/div>\n\t\t<\/div>\n\t\t\t\t\t<\/div>\n\t\t<\/section>\n\t\t\t\t<\/div>\n\t\t","protected":false},"excerpt":{"rendered":"<p>Especialidad en Intervenci\u00f3n Pedag\u00f3gica en el Lenguaje. Estudiantes que acreditaron Seminario de Regularizaci\u00f3n correspondiente a Asignaturas no acreditadas en periodo ordinario durante el ciclo escolar ciclo escolar enero \u2013 junio 2024. Asignatura: ETL002. Alteraciones en el Desarrollo del Lenguaje. Semestre: Primero. Fecha de acreditaci\u00f3n: 02\/ago\/2024 Ciclo en que se acredito: <a class=\"read-more\" href=\"https:\/\/institutounao.com.mx\/index.php\/se24-67-boleta-especialidda-en-intervencion-pedagogica-en-el-lenguaje-estudiantes-que-presentaron-seminario-de-regularizacion\/\">Read More&#8230;<\/a><\/p>\n","protected":false},"author":1,"featured_media":0,"parent":0,"menu_order":0,"comment_status":"closed","ping_status":"closed","template":"","meta":{"_joinchat":[],"footnotes":""},"class_list":["post-8431","page","type-page","status-publish","hentry"],"jetpack_sharing_enabled":true,"_links":{"self":[{"href":"https:\/\/institutounao.com.mx\/index.php\/wp-json\/wp\/v2\/pages\/8431","targetHints":{"allow":["GET"]}}],"collection":[{"href":"https:\/\/institutounao.com.mx\/index.php\/wp-json\/wp\/v2\/pages"}],"about":[{"href":"https:\/\/institutounao.com.mx\/index.php\/wp-json\/wp\/v2\/types\/page"}],"author":[{"embeddable":true,"href":"https:\/\/institutounao.com.mx\/index.php\/wp-json\/wp\/v2\/users\/1"}],"replies":[{"embeddable":true,"href":"https:\/\/institutounao.com.mx\/index.php\/wp-json\/wp\/v2\/comments?post=8431"}],"version-history":[{"count":8,"href":"https:\/\/institutounao.com.mx\/index.php\/wp-json\/wp\/v2\/pages\/8431\/revisions"}],"predecessor-version":[{"id":9981,"href":"https:\/\/institutounao.com.mx\/index.php\/wp-json\/wp\/v2\/pages\/8431\/revisions\/9981"}],"wp:attachment":[{"href":"https:\/\/institutounao.com.mx\/index.php\/wp-json\/wp\/v2\/media?parent=8431"}],"curies":[{"name":"wp","href":"https:\/\/api.w.org\/{rel}","templated":true}]}}