{"id":6690,"date":"2023-07-16T17:40:48","date_gmt":"2023-07-16T17:40:48","guid":{"rendered":"https:\/\/institutounao.com.mx\/?page_id=6690"},"modified":"2023-07-16T17:58:34","modified_gmt":"2023-07-16T17:58:34","slug":"se23-45-taller-de-habilidades-academicas-lectura-critica-segundo-semestre","status":"publish","type":"page","link":"https:\/\/institutounao.com.mx\/index.php\/se23-45-taller-de-habilidades-academicas-lectura-critica-segundo-semestre\/","title":{"rendered":"SE23.45 Taller de Habilidades Acad\u00e9micas: Lectura Cr\u00edtica &#8211; Segundo semestre"},"content":{"rendered":"\t\t<div data-elementor-type=\"wp-page\" data-elementor-id=\"6690\" class=\"elementor elementor-6690\">\n\t\t\t\t\t\t<section class=\"elementor-section elementor-top-section elementor-element elementor-element-3182093 elementor-section-boxed elementor-section-height-default elementor-section-height-default\" data-id=\"3182093\" data-element_type=\"section\" data-e-type=\"section\">\n\t\t\t\t\t\t<div class=\"elementor-container elementor-column-gap-default\">\n\t\t\t\t\t<div class=\"elementor-column elementor-col-100 elementor-top-column elementor-element elementor-element-9c22d02\" data-id=\"9c22d02\" data-element_type=\"column\" data-e-type=\"column\">\n\t\t\t<div class=\"elementor-widget-wrap elementor-element-populated\">\n\t\t\t\t\t\t<div class=\"elementor-element elementor-element-75c623b elementor-widget elementor-widget-heading\" data-id=\"75c623b\" data-element_type=\"widget\" data-e-type=\"widget\" data-widget_type=\"heading.default\">\n\t\t\t\t<div class=\"elementor-widget-container\">\n\t\t\t\t\t<h2 class=\"elementor-heading-title elementor-size-default\">Taller de Habilidades Acad\u00e9micas: Lectura Cr\u00edtica<\/h2>\t\t\t\t<\/div>\n\t\t\t\t<\/div>\n\t\t\t\t\t<\/div>\n\t\t<\/div>\n\t\t\t\t\t<\/div>\n\t\t<\/section>\n\t\t\t\t<section class=\"elementor-section elementor-top-section elementor-element elementor-element-1d0a303 elementor-section-boxed elementor-section-height-default elementor-section-height-default\" data-id=\"1d0a303\" data-element_type=\"section\" data-e-type=\"section\">\n\t\t\t\t\t\t<div class=\"elementor-container elementor-column-gap-default\">\n\t\t\t\t\t<div class=\"elementor-column elementor-col-100 elementor-top-column elementor-element elementor-element-cf14df4\" data-id=\"cf14df4\" data-element_type=\"column\" data-e-type=\"column\">\n\t\t\t<div class=\"elementor-widget-wrap elementor-element-populated\">\n\t\t\t\t\t\t<div class=\"elementor-element elementor-element-614a076 elementor-widget elementor-widget-text-editor\" data-id=\"614a076\" data-element_type=\"widget\" data-e-type=\"widget\" data-widget_type=\"text-editor.default\">\n\t\t\t\t<div class=\"elementor-widget-container\">\n\t\t\t\t\t\t\t\t\t<h4><strong>Acreditaci\u00f3n de Actividades<\/strong><\/h4>\t\t\t\t\t\t\t\t<\/div>\n\t\t\t\t<\/div>\n\t\t\t\t\t<\/div>\n\t\t<\/div>\n\t\t\t\t\t<\/div>\n\t\t<\/section>\n\t\t\t\t<section class=\"elementor-section elementor-top-section elementor-element elementor-element-24597ea elementor-section-boxed elementor-section-height-default elementor-section-height-default\" data-id=\"24597ea\" data-element_type=\"section\" data-e-type=\"section\">\n\t\t\t\t\t\t<div class=\"elementor-container elementor-column-gap-default\">\n\t\t\t\t\t<div class=\"elementor-column elementor-col-100 elementor-top-column elementor-element elementor-element-7e75049\" data-id=\"7e75049\" data-element_type=\"column\" data-e-type=\"column\">\n\t\t\t<div class=\"elementor-widget-wrap elementor-element-populated\">\n\t\t\t\t\t\t<div class=\"elementor-element elementor-element-cdab9b2 elementor-widget elementor-widget-text-editor\" data-id=\"cdab9b2\" data-element_type=\"widget\" data-e-type=\"widget\" data-widget_type=\"text-editor.default\">\n\t\t\t\t<div class=\"elementor-widget-container\">\n\t\t\t\t\t\t\t\t\t<p>Instituci\u00f3n: Instituto Universitario Antequera de Oaxaca.\u00a0<br \/>Ciclo Escolar: enero &#8211; junio de 2023.<br \/>Programa: Licenciatura en Pedagog\u00eda.<br \/>Semestre: Segundo.<br \/>Modalidad: Virtual.<br \/>Horas lectivas: 12 horas lectivas.<br \/>Imparte: Mtra. ALICIA CONCEPCION SOLANO FELIX.<\/p><p>Participantes que acreditaron:\u00a0<\/p><ul><li><p>LP1-2023-1 PABLO DIAZ PEREZ.<\/p><\/li><li><p>LP3-2023-1 ESBEYDI ORTEGA SANTIAGO.<\/p><\/li><li><p>LP4-2023-1 FERNANDA PATRICIA FRANCO REYES.<\/p><\/li><\/ul>\t\t\t\t\t\t\t\t<\/div>\n\t\t\t\t<\/div>\n\t\t\t\t\t<\/div>\n\t\t<\/div>\n\t\t\t\t\t<\/div>\n\t\t<\/section>\n\t\t\t\t<\/div>\n\t\t","protected":false},"excerpt":{"rendered":"<p>Taller de Habilidades Acad\u00e9micas: Lectura Cr\u00edtica Acreditaci\u00f3n de Actividades Instituci\u00f3n: Instituto Universitario Antequera de Oaxaca.\u00a0Ciclo Escolar: enero &#8211; junio de 2023.Programa: Licenciatura en Pedagog\u00eda.Semestre: Segundo.Modalidad: Virtual.Horas lectivas: 12 horas lectivas.Imparte: Mtra. ALICIA CONCEPCION SOLANO FELIX. Participantes que acreditaron:\u00a0 LP1-2023-1 PABLO DIAZ PEREZ. LP3-2023-1 ESBEYDI ORTEGA SANTIAGO. LP4-2023-1 FERNANDA PATRICIA FRANCO <a class=\"read-more\" href=\"https:\/\/institutounao.com.mx\/index.php\/se23-45-taller-de-habilidades-academicas-lectura-critica-segundo-semestre\/\">Read More&#8230;<\/a><\/p>\n","protected":false},"author":1,"featured_media":0,"parent":0,"menu_order":0,"comment_status":"closed","ping_status":"closed","template":"","meta":{"_joinchat":[],"footnotes":""},"class_list":["post-6690","page","type-page","status-publish","hentry"],"jetpack_sharing_enabled":true,"_links":{"self":[{"href":"https:\/\/institutounao.com.mx\/index.php\/wp-json\/wp\/v2\/pages\/6690","targetHints":{"allow":["GET"]}}],"collection":[{"href":"https:\/\/institutounao.com.mx\/index.php\/wp-json\/wp\/v2\/pages"}],"about":[{"href":"https:\/\/institutounao.com.mx\/index.php\/wp-json\/wp\/v2\/types\/page"}],"author":[{"embeddable":true,"href":"https:\/\/institutounao.com.mx\/index.php\/wp-json\/wp\/v2\/users\/1"}],"replies":[{"embeddable":true,"href":"https:\/\/institutounao.com.mx\/index.php\/wp-json\/wp\/v2\/comments?post=6690"}],"version-history":[{"count":10,"href":"https:\/\/institutounao.com.mx\/index.php\/wp-json\/wp\/v2\/pages\/6690\/revisions"}],"predecessor-version":[{"id":6701,"href":"https:\/\/institutounao.com.mx\/index.php\/wp-json\/wp\/v2\/pages\/6690\/revisions\/6701"}],"wp:attachment":[{"href":"https:\/\/institutounao.com.mx\/index.php\/wp-json\/wp\/v2\/media?parent=6690"}],"curies":[{"name":"wp","href":"https:\/\/api.w.org\/{rel}","templated":true}]}}