{"id":5430,"date":"2023-03-07T19:24:27","date_gmt":"2023-03-07T19:24:27","guid":{"rendered":"https:\/\/institutounao.com.mx\/?page_id=5430"},"modified":"2024-05-31T00:13:43","modified_gmt":"2024-05-31T00:13:43","slug":"ecp23-17-estrategias-de-intervencion-en-el-habla-fonemas-vibrantes","status":"publish","type":"page","link":"https:\/\/institutounao.com.mx\/index.php\/ecp23-17-estrategias-de-intervencion-en-el-habla-fonemas-vibrantes\/","title":{"rendered":"ECP23.17 Estrategias de Intervenci\u00f3n en el Habla: Fonemas Vibrantes"},"content":{"rendered":"\t\t<div data-elementor-type=\"wp-page\" data-elementor-id=\"5430\" class=\"elementor elementor-5430\">\n\t\t\t\t\t\t<section class=\"elementor-section elementor-top-section elementor-element elementor-element-f8eb514 elementor-section-boxed elementor-section-height-default elementor-section-height-default\" data-id=\"f8eb514\" data-element_type=\"section\" data-e-type=\"section\">\n\t\t\t\t\t\t<div class=\"elementor-container elementor-column-gap-default\">\n\t\t\t\t\t<div class=\"elementor-column elementor-col-100 elementor-top-column elementor-element elementor-element-609bb64\" data-id=\"609bb64\" data-element_type=\"column\" data-e-type=\"column\">\n\t\t\t<div class=\"elementor-widget-wrap elementor-element-populated\">\n\t\t\t\t\t\t<div class=\"elementor-element elementor-element-efb6b8e elementor-widget elementor-widget-heading\" data-id=\"efb6b8e\" data-element_type=\"widget\" data-e-type=\"widget\" data-widget_type=\"heading.default\">\n\t\t\t\t<div class=\"elementor-widget-container\">\n\t\t\t\t\t<h2 class=\"elementor-heading-title elementor-size-default\">Estrategias de Intervenci\u00f3n en el Habla: Fonemas Vibrantes<\/h2>\t\t\t\t<\/div>\n\t\t\t\t<\/div>\n\t\t\t\t\t<\/div>\n\t\t<\/div>\n\t\t\t\t\t<\/div>\n\t\t<\/section>\n\t\t\t\t<section class=\"elementor-section elementor-top-section elementor-element elementor-element-9bf2718 elementor-section-boxed elementor-section-height-default elementor-section-height-default\" data-id=\"9bf2718\" data-element_type=\"section\" data-e-type=\"section\">\n\t\t\t\t\t\t<div class=\"elementor-container elementor-column-gap-default\">\n\t\t\t\t\t<div class=\"elementor-column elementor-col-100 elementor-top-column elementor-element elementor-element-c2f6033\" data-id=\"c2f6033\" data-element_type=\"column\" data-e-type=\"column\">\n\t\t\t<div class=\"elementor-widget-wrap elementor-element-populated\">\n\t\t\t\t\t\t<div class=\"elementor-element elementor-element-e6f2977 elementor-widget elementor-widget-text-editor\" data-id=\"e6f2977\" data-element_type=\"widget\" data-e-type=\"widget\" data-widget_type=\"text-editor.default\">\n\t\t\t\t<div class=\"elementor-widget-container\">\n\t\t\t\t\t\t\t\t\t<h4><strong>Acreditaci\u00f3n de Actividades<\/strong><\/h4>\t\t\t\t\t\t\t\t<\/div>\n\t\t\t\t<\/div>\n\t\t\t\t\t<\/div>\n\t\t<\/div>\n\t\t\t\t\t<\/div>\n\t\t<\/section>\n\t\t\t\t<section class=\"elementor-section elementor-top-section elementor-element elementor-element-8bd572f elementor-section-boxed elementor-section-height-default elementor-section-height-default\" data-id=\"8bd572f\" data-element_type=\"section\" data-e-type=\"section\">\n\t\t\t\t\t\t<div class=\"elementor-container elementor-column-gap-default\">\n\t\t\t\t\t<div class=\"elementor-column elementor-col-100 elementor-top-column elementor-element elementor-element-d916ea9\" data-id=\"d916ea9\" data-element_type=\"column\" data-e-type=\"column\">\n\t\t\t<div class=\"elementor-widget-wrap elementor-element-populated\">\n\t\t\t\t\t\t<div class=\"elementor-element elementor-element-08a582b elementor-widget elementor-widget-text-editor\" data-id=\"08a582b\" data-element_type=\"widget\" data-e-type=\"widget\" data-widget_type=\"text-editor.default\">\n\t\t\t\t<div class=\"elementor-widget-container\">\n\t\t\t\t\t\t\t\t\t<p><strong>Datos Generales:<\/strong><\/p>\n<p>Instituci\u00f3n: Instituto Universitario Antequera de Oaxaca.<br><span style=\"font-size: 16px;\">Clave de Plantel: 20MSY0104Y<\/span>.<br><span style=\"font-size: 16px;\">Periodo: 04 de marzo del 2023.<\/span><br>Modalidad: Virtual.<br>Horas lectivas: 10 horas lectivas.<br>Imparte: Mtra. LETICIA LOPEZ ESPA\u00d1A<\/p>\n<p><strong>Participantes que acreditaron:&nbsp;<\/strong><\/p>\n<ul>\n<li>\n<p>ANA ISABEL RODRIGUEZ DELGADILLO<\/p>\n<\/li>\n<li>\n<p>ANA LAURA VASQUEZ ORTIZ<\/p>\n<\/li>\n<li>\n<p>ASENET OOLIBAMA PEREZ AGUILAR<\/p>\n<\/li>\n<li>\n<p>BRITANIA ITZEL HIDALGO PULIDO<\/p>\n<\/li>\n<li>\n<p>CECILIA SANCHEZ GOMEZ<\/p>\n<\/li>\n<li>\n<p>DIANA LAURA MORENO GOVEA<\/p>\n<\/li>\n<li>\n<p>ELIZABETH FLORES ROMERO<\/p>\n<\/li>\n<li>\n<p>FERNANDA CALDERON SANCHEZ<\/p>\n<\/li>\n<li>\n<p>JOSE LUIS DUARTE AYON<\/p>\n<\/li>\n<li>\n<p>JOSE MANUEL CAUICH MARTIN<\/p>\n<\/li>\n<li>\n<p>KAREN MIRESLI LEAL QUINTANILLA<\/p>\n<\/li>\n<li>\n<p>LISSET MARISOL GONZALEZ TORRES<\/p>\n<\/li>\n<li>\n<p>MARIA DE LOS ANGELES ROBLES CARERA<\/p>\n<\/li>\n<li>\n<p>MARIA ESTHER AGUILAR MAYA<\/p>\n<\/li>\n<li>\n<p>MARIA ISABEL NATALE GONZALEZ<\/p>\n<\/li>\n<li>\n<p>MARIANA SORIANO PEREZ<\/p>\n<\/li>\n<li>\n<p>MATXOCHITL SILVA RODRIGUEZ<\/p>\n<\/li>\n<li>\n<p>MAYRA VILLAFUERTE SALCEDO<\/p>\n<\/li><li><p>MARIA YUCAIDETH BUSTOS GAYTAN<br><\/p><\/li>\n<li>\n<p>MONSERRAT JIMENEZ CORTES<\/p>\n<\/li>\n<li>\n<p>NALLETZY STEPHANIE CRUZ CRUZ<\/p>\n<\/li>\n<li>\n<p>NANCY SALCIDO BELTRAN<\/p>\n<\/li>\n<li>\n<p>NARMY FANNY AGUIRRE GARCIA<\/p>\n<\/li>\n<li>\n<p>SANDY MINELLI ORTEGA GARCIA<\/p>\n<\/li>\n<li>\n<p>SERGIO MEDINA HUITRON<\/p>\n<\/li>\n<li>\n<p>SHEILA MELISA VINALAY RODRIGUEZ<\/p>\n<\/li>\n<li>\n<p>VERONICA CLAUDIA RAMIREZ PEREZ<\/p>\n<\/li>\n<li>\n<p>YOLANDA PATRICIA RAMIREZ VICENCIO<\/p>\n<\/li>\n<li>\n<p>ZELINDA MARQUEZ SANCHEZ<\/p>\n<\/li>\n<\/ul>\t\t\t\t\t\t\t\t<\/div>\n\t\t\t\t<\/div>\n\t\t\t\t\t<\/div>\n\t\t<\/div>\n\t\t\t\t\t<\/div>\n\t\t<\/section>\n\t\t\t\t<\/div>\n\t\t","protected":false},"excerpt":{"rendered":"<p>Estrategias de Intervenci\u00f3n en el Habla: Fonemas Vibrantes Acreditaci\u00f3n de Actividades Datos Generales: Instituci\u00f3n: Instituto Universitario Antequera de Oaxaca.Clave de Plantel: 20MSY0104Y.Periodo: 04 de marzo del 2023.Modalidad: Virtual.Horas lectivas: 10 horas lectivas.Imparte: Mtra. LETICIA LOPEZ ESPA\u00d1A Participantes que acreditaron:&nbsp; ANA ISABEL RODRIGUEZ DELGADILLO ANA LAURA VASQUEZ ORTIZ ASENET OOLIBAMA PEREZ <a class=\"read-more\" href=\"https:\/\/institutounao.com.mx\/index.php\/ecp23-17-estrategias-de-intervencion-en-el-habla-fonemas-vibrantes\/\">Read More&#8230;<\/a><\/p>\n","protected":false},"author":1,"featured_media":0,"parent":0,"menu_order":0,"comment_status":"closed","ping_status":"closed","template":"","meta":{"_joinchat":[],"footnotes":""},"class_list":["post-5430","page","type-page","status-publish","hentry"],"jetpack_sharing_enabled":true,"_links":{"self":[{"href":"https:\/\/institutounao.com.mx\/index.php\/wp-json\/wp\/v2\/pages\/5430","targetHints":{"allow":["GET"]}}],"collection":[{"href":"https:\/\/institutounao.com.mx\/index.php\/wp-json\/wp\/v2\/pages"}],"about":[{"href":"https:\/\/institutounao.com.mx\/index.php\/wp-json\/wp\/v2\/types\/page"}],"author":[{"embeddable":true,"href":"https:\/\/institutounao.com.mx\/index.php\/wp-json\/wp\/v2\/users\/1"}],"replies":[{"embeddable":true,"href":"https:\/\/institutounao.com.mx\/index.php\/wp-json\/wp\/v2\/comments?post=5430"}],"version-history":[{"count":7,"href":"https:\/\/institutounao.com.mx\/index.php\/wp-json\/wp\/v2\/pages\/5430\/revisions"}],"predecessor-version":[{"id":8118,"href":"https:\/\/institutounao.com.mx\/index.php\/wp-json\/wp\/v2\/pages\/5430\/revisions\/8118"}],"wp:attachment":[{"href":"https:\/\/institutounao.com.mx\/index.php\/wp-json\/wp\/v2\/media?parent=5430"}],"curies":[{"name":"wp","href":"https:\/\/api.w.org\/{rel}","templated":true}]}}