{"id":5323,"date":"2023-02-17T15:27:15","date_gmt":"2023-02-17T15:27:15","guid":{"rendered":"https:\/\/institutounao.com.mx\/?page_id=5323"},"modified":"2023-02-17T15:40:00","modified_gmt":"2023-02-17T15:40:00","slug":"ecp23-12-la-evaluacion-formativa-como-estrategia-de-aprendizaje-en-preescolar","status":"publish","type":"page","link":"https:\/\/institutounao.com.mx\/index.php\/ecp23-12-la-evaluacion-formativa-como-estrategia-de-aprendizaje-en-preescolar\/","title":{"rendered":"ECP23.12 La Evaluaci\u00f3n Formativa, como Estrategia de Aprendizaje en Preescolar"},"content":{"rendered":"\t\t<div data-elementor-type=\"wp-page\" data-elementor-id=\"5323\" class=\"elementor elementor-5323\">\n\t\t\t\t\t\t<section class=\"elementor-section elementor-top-section elementor-element elementor-element-9328cf2 elementor-section-boxed elementor-section-height-default elementor-section-height-default\" data-id=\"9328cf2\" data-element_type=\"section\" data-e-type=\"section\">\n\t\t\t\t\t\t<div class=\"elementor-container elementor-column-gap-default\">\n\t\t\t\t\t<div class=\"elementor-column elementor-col-100 elementor-top-column elementor-element elementor-element-ba64654\" data-id=\"ba64654\" data-element_type=\"column\" data-e-type=\"column\">\n\t\t\t<div class=\"elementor-widget-wrap elementor-element-populated\">\n\t\t\t\t\t\t<div class=\"elementor-element elementor-element-08d5b24 elementor-widget elementor-widget-heading\" data-id=\"08d5b24\" data-element_type=\"widget\" data-e-type=\"widget\" data-widget_type=\"heading.default\">\n\t\t\t\t<div class=\"elementor-widget-container\">\n\t\t\t\t\t<h2 class=\"elementor-heading-title elementor-size-default\">La Evaluaci\u00f3n Formativa, como Estrategia de Aprendizaje en Preescolar<\/h2>\t\t\t\t<\/div>\n\t\t\t\t<\/div>\n\t\t\t\t\t<\/div>\n\t\t<\/div>\n\t\t\t\t\t<\/div>\n\t\t<\/section>\n\t\t\t\t<section class=\"elementor-section elementor-top-section elementor-element elementor-element-9f2d9bf elementor-section-boxed elementor-section-height-default elementor-section-height-default\" data-id=\"9f2d9bf\" data-element_type=\"section\" data-e-type=\"section\">\n\t\t\t\t\t\t<div class=\"elementor-container elementor-column-gap-default\">\n\t\t\t\t\t<div class=\"elementor-column elementor-col-100 elementor-top-column elementor-element elementor-element-1f26da8\" data-id=\"1f26da8\" data-element_type=\"column\" data-e-type=\"column\">\n\t\t\t<div class=\"elementor-widget-wrap elementor-element-populated\">\n\t\t\t\t\t\t<div class=\"elementor-element elementor-element-2697bf4 elementor-widget elementor-widget-text-editor\" data-id=\"2697bf4\" data-element_type=\"widget\" data-e-type=\"widget\" data-widget_type=\"text-editor.default\">\n\t\t\t\t<div class=\"elementor-widget-container\">\n\t\t\t\t\t\t\t\t\t<h4><strong>Acreditaci\u00f3n de Actividades<\/strong><\/h4>\t\t\t\t\t\t\t\t<\/div>\n\t\t\t\t<\/div>\n\t\t\t\t\t<\/div>\n\t\t<\/div>\n\t\t\t\t\t<\/div>\n\t\t<\/section>\n\t\t\t\t<section class=\"elementor-section elementor-top-section elementor-element elementor-element-54d738f elementor-section-boxed elementor-section-height-default elementor-section-height-default\" data-id=\"54d738f\" data-element_type=\"section\" data-e-type=\"section\">\n\t\t\t\t\t\t<div class=\"elementor-container elementor-column-gap-default\">\n\t\t\t\t\t<div class=\"elementor-column elementor-col-100 elementor-top-column elementor-element elementor-element-7553b12\" data-id=\"7553b12\" data-element_type=\"column\" data-e-type=\"column\">\n\t\t\t<div class=\"elementor-widget-wrap elementor-element-populated\">\n\t\t\t\t\t\t<div class=\"elementor-element elementor-element-7dc3a8b elementor-widget elementor-widget-text-editor\" data-id=\"7dc3a8b\" data-element_type=\"widget\" data-e-type=\"widget\" data-widget_type=\"text-editor.default\">\n\t\t\t\t<div class=\"elementor-widget-container\">\n\t\t\t\t\t\t\t\t\t<p><strong>Datos Generales:<\/strong><\/p><p>Instituci\u00f3n: Instituto Universitario Antequera de Oaxaca.<br \/><span style=\"font-size: 16px;\">Clave de Plantel: 20MSY0104Y<\/span>.<br \/><span style=\"font-size: 16px;\">Periodo: 11 de febrero del 2023.<\/span><br \/>Modalidad: Virtual.<br \/>Horas lectivas: 10 horas lectivas.<br \/>Imparte: Mtra. AMANDA LETICIA RAMIREZ MARTINEZ<\/p><p><strong>Participantes que acreditaron:\u00a0<\/strong><\/p><ul><li><p><span data-sheets-value=\"{\" data-sheets-userformat=\"{\">CAROLINA RANGEL RODRIGUEZ <br \/><\/span><\/p><\/li><li><p><span data-sheets-value=\"{\" data-sheets-userformat=\"{\">NILDA GUADALUPE COVARRUBIAS GRANEROS <br \/><\/span><\/p><\/li><li><p><span data-sheets-value=\"{\" data-sheets-userformat=\"{\">NATALIA DEL CARMEN VASQUEZ GARCIA<br \/><\/span><\/p><\/li><li><p><span data-sheets-value=\"{\" data-sheets-userformat=\"{\">ELDA IRIS CASTA\u00d1EDA FIGUEROA <br \/><\/span><\/p><\/li><li><p><span data-sheets-value=\"{\" data-sheets-userformat=\"{\">ITZEL ORTIZ RUIZ <br \/><\/span><\/p><\/li><li><p><span data-sheets-value=\"{\" data-sheets-userformat=\"{\">CECIBEL MALDONADO PEREZ <br \/><\/span><\/p><\/li><li><p><span data-sheets-value=\"{\" data-sheets-userformat=\"{\">MARISOL GOMEZ GREGORIO <br \/><\/span><\/p><\/li><li><p><span data-sheets-value=\"{\" data-sheets-userformat=\"{\">ALEJANDRA MARTINEZ DIAZ <br \/><\/span><\/p><\/li><li><p><span data-sheets-value=\"{\" data-sheets-userformat=\"{\">MARIANA PALOMINOS FARIAS <br \/><\/span><\/p><\/li><li><p><span data-sheets-value=\"{\" data-sheets-userformat=\"{\">LAURA VIRGINIA MOYA LOPEZ <br \/><\/span><\/p><\/li><li><p><span data-sheets-value=\"{\" data-sheets-userformat=\"{\">FLOR ELIZABETH PEREZ GONZALEZ <br \/><\/span><\/p><\/li><li><p><span data-sheets-value=\"{\" data-sheets-userformat=\"{\">GRACIELA AGUILLON SANCHEZ <br \/><\/span><\/p><\/li><li><p><span data-sheets-value=\"{\" data-sheets-userformat=\"{\">MARIA GUADALUPE RODRIGUEZ VILLA <br \/><\/span><\/p><\/li><li><p><span data-sheets-value=\"{\" data-sheets-userformat=\"{\">CESAR M. GALLARRO SANTOS<br \/><\/span><\/p><\/li><li><p><span data-sheets-value=\"{\" data-sheets-userformat=\"{\">VERONICA RODRIGUEZ BACA <br \/><\/span><\/p><\/li><li><p><span data-sheets-value=\"{\" data-sheets-userformat=\"{\">MARIA DEL CARMEN MORFIN PATI\u00d1O<\/span><\/p><\/li><\/ul>\t\t\t\t\t\t\t\t<\/div>\n\t\t\t\t<\/div>\n\t\t\t\t\t<\/div>\n\t\t<\/div>\n\t\t\t\t\t<\/div>\n\t\t<\/section>\n\t\t\t\t<\/div>\n\t\t","protected":false},"excerpt":{"rendered":"<p>La Evaluaci\u00f3n Formativa, como Estrategia de Aprendizaje en Preescolar Acreditaci\u00f3n de Actividades Datos Generales: Instituci\u00f3n: Instituto Universitario Antequera de Oaxaca.Clave de Plantel: 20MSY0104Y.Periodo: 11 de febrero del 2023.Modalidad: Virtual.Horas lectivas: 10 horas lectivas.Imparte: Mtra. AMANDA LETICIA RAMIREZ MARTINEZ Participantes que acreditaron:\u00a0 CAROLINA RANGEL RODRIGUEZ NILDA GUADALUPE COVARRUBIAS GRANEROS NATALIA DEL <a class=\"read-more\" href=\"https:\/\/institutounao.com.mx\/index.php\/ecp23-12-la-evaluacion-formativa-como-estrategia-de-aprendizaje-en-preescolar\/\">Read More&#8230;<\/a><\/p>\n","protected":false},"author":1,"featured_media":0,"parent":0,"menu_order":0,"comment_status":"closed","ping_status":"closed","template":"","meta":{"_joinchat":[],"footnotes":""},"class_list":["post-5323","page","type-page","status-publish","hentry"],"jetpack_sharing_enabled":true,"_links":{"self":[{"href":"https:\/\/institutounao.com.mx\/index.php\/wp-json\/wp\/v2\/pages\/5323","targetHints":{"allow":["GET"]}}],"collection":[{"href":"https:\/\/institutounao.com.mx\/index.php\/wp-json\/wp\/v2\/pages"}],"about":[{"href":"https:\/\/institutounao.com.mx\/index.php\/wp-json\/wp\/v2\/types\/page"}],"author":[{"embeddable":true,"href":"https:\/\/institutounao.com.mx\/index.php\/wp-json\/wp\/v2\/users\/1"}],"replies":[{"embeddable":true,"href":"https:\/\/institutounao.com.mx\/index.php\/wp-json\/wp\/v2\/comments?post=5323"}],"version-history":[{"count":7,"href":"https:\/\/institutounao.com.mx\/index.php\/wp-json\/wp\/v2\/pages\/5323\/revisions"}],"predecessor-version":[{"id":5330,"href":"https:\/\/institutounao.com.mx\/index.php\/wp-json\/wp\/v2\/pages\/5323\/revisions\/5330"}],"wp:attachment":[{"href":"https:\/\/institutounao.com.mx\/index.php\/wp-json\/wp\/v2\/media?parent=5323"}],"curies":[{"name":"wp","href":"https:\/\/api.w.org\/{rel}","templated":true}]}}