{"id":3130,"date":"2022-04-07T22:18:19","date_gmt":"2022-04-07T22:18:19","guid":{"rendered":"https:\/\/institutounao.com.mx\/?page_id=3130"},"modified":"2024-10-28T19:20:10","modified_gmt":"2024-10-28T19:20:10","slug":"especialidad-en-intervencion-pedagogica-de-lenguaje","status":"publish","type":"page","link":"https:\/\/institutounao.com.mx\/index.php\/especialidad-en-intervencion-pedagogica-de-lenguaje\/","title":{"rendered":"Especialidad en Intervenci\u00f3n Pedag\u00f3gica de Lenguaje"},"content":{"rendered":"\t\t<div data-elementor-type=\"wp-page\" data-elementor-id=\"3130\" class=\"elementor elementor-3130\">\n\t\t\t\t\t\t<section class=\"elementor-section elementor-top-section elementor-element elementor-element-13caf3a elementor-section-boxed elementor-section-height-default elementor-section-height-default\" data-id=\"13caf3a\" data-element_type=\"section\" data-e-type=\"section\">\n\t\t\t\t\t\t<div class=\"elementor-container elementor-column-gap-default\">\n\t\t\t\t\t<div class=\"elementor-column elementor-col-100 elementor-top-column elementor-element elementor-element-7b8843c\" data-id=\"7b8843c\" data-element_type=\"column\" data-e-type=\"column\">\n\t\t\t<div class=\"elementor-widget-wrap elementor-element-populated\">\n\t\t\t\t\t\t<div class=\"elementor-element elementor-element-f549913 elementor-widget elementor-widget-heading\" data-id=\"f549913\" data-element_type=\"widget\" data-e-type=\"widget\" data-widget_type=\"heading.default\">\n\t\t\t\t<div class=\"elementor-widget-container\">\n\t\t\t\t\t<h2 class=\"elementor-heading-title elementor-size-default\">Especialidad en Intervenci\u00f3n Pedag\u00f3gica en el Lenguaje<\/h2>\t\t\t\t<\/div>\n\t\t\t\t<\/div>\n\t\t\t\t\t<\/div>\n\t\t<\/div>\n\t\t\t\t\t<\/div>\n\t\t<\/section>\n\t\t\t\t<section class=\"elementor-section elementor-top-section elementor-element elementor-element-888d28c elementor-section-boxed elementor-section-height-default elementor-section-height-default\" data-id=\"888d28c\" data-element_type=\"section\" data-e-type=\"section\">\n\t\t\t\t\t\t<div class=\"elementor-container elementor-column-gap-default\">\n\t\t\t\t\t<div class=\"elementor-column elementor-col-100 elementor-top-column elementor-element elementor-element-09be6f6\" data-id=\"09be6f6\" data-element_type=\"column\" data-e-type=\"column\">\n\t\t\t<div class=\"elementor-widget-wrap elementor-element-populated\">\n\t\t\t\t\t\t<div class=\"elementor-element elementor-element-7f3d2ff elementor-widget elementor-widget-text-editor\" data-id=\"7f3d2ff\" data-element_type=\"widget\" data-e-type=\"widget\" data-widget_type=\"text-editor.default\">\n\t\t\t\t<div class=\"elementor-widget-container\">\n\t\t\t\t\t\t\t\t\t<p><span style=\"font-weight: bold; font-family: Poppins, sans-serif;\">Estudios con reconocimiento de validez oficial:\u00a0<\/span><span style=\"text-align: center; font-size: 16px;\">SEP\/RVOE 20220699<\/span><\/p><p style=\"font-size: 16px; text-align: justify;\"><span style=\"font-size: 16px; font-weight: bold;\">Modalidad: <\/span><span style=\"font-size: 16px; text-align: center;\">No Escolar.<\/span><\/p><ul><li>Acceso a campus virtual 24\/7.<\/li><li>Clases sincr\u00f3nicas: domingos de 9:00 a 11:00 horas.\u00a0<\/li><\/ul><p style=\"font-size: 16px; text-align: justify;\"><span style=\"font-size: 16px; font-weight: bold;\">Duraci\u00f3n:<\/span><span style=\"font-size: 16px; text-align: center;\">\u00a02 semestres (1 a\u00f1o).<\/span><\/p><p style=\"font-size: 16px; text-align: justify;\"><span style=\"font-size: 16px; font-weight: bold;\">Descripci\u00f3n del plan de estudios.<\/span><\/p><p style=\"font-size: 16px; text-align: justify;\"><span style=\"font-weight: 400;\">La Especialidad en Intervenci\u00f3n Pedag\u00f3gica en el Lenguaje &#8211; Modalidad no Escolarizada, tiene como finalidad principal, acompa\u00f1ar el proceso de formaci\u00f3n en este grado de estudios, a profesionistas de \u00e1reas del conocimiento relacionadas a la Educaci\u00f3n y que tienen principal inter\u00e9s en profundizar en la fundamentaci\u00f3n te\u00f3rica y comprensi\u00f3n metodol\u00f3gica en la intervenci\u00f3n pedag\u00f3gica en el Lenguaje.<\/span><\/p><p><span style=\"font-size: 16px; font-weight: bold;\">Fines del aprendizaje.<\/span><\/p><ul><li style=\"font-weight: 400;\" aria-level=\"1\"><span style=\"font-weight: 400;\">Comprender las teor\u00edas del lenguaje oral y los principios del desarrollo humano relacionados al mismo.<\/span><\/li><li style=\"font-weight: 400;\" aria-level=\"1\"><span style=\"font-weight: 400;\">Categorizar las alteraciones del lenguaje oral y las dificultades de aprendizaje.<\/span><\/li><li style=\"font-weight: 400;\" aria-level=\"1\"><span style=\"font-weight: 400;\">Comprender las metodolog\u00edas de evaluaci\u00f3n de las alteraciones del lenguaje oral y las dificultades de aprendizaje.<\/span><\/li><li style=\"font-weight: 400;\" aria-level=\"1\"><span style=\"font-weight: 400;\">Esbozar programas de intervenci\u00f3n pedag\u00f3gica en las alteraciones y problemas de aprendizaje, relacionados al lenguaje oral.<\/span><\/li><li style=\"font-weight: 400;\" aria-level=\"1\"><span style=\"font-weight: 400;\">Estructurar procesos para el seguimiento de los programas de intervenci\u00f3n pedag\u00f3gica.<\/span><\/li><\/ul><p><span style=\"font-size: 16px; font-weight: bold;\">Perfil de ingreso.<\/span><\/p><p><span style=\"font-weight: 400;\">De forma general y considerando que tiene como fundamento la formaci\u00f3n profesional en nivel licenciatura en las \u00e1reas ya mencionadas, el interesado en ingresar a la Especialidad en Intervenci\u00f3n Pedag\u00f3gica en el Lenguaje \u2013Modalidad no escolarizada, deber\u00e1 tener las siguientes caracter\u00edsticas.<\/span><\/p><ul><li style=\"font-weight: 400;\" aria-level=\"2\"><span style=\"font-weight: 400;\">Inter\u00e9s por profundizar en la fundamentaci\u00f3n te\u00f3rica y comprensi\u00f3n metodol\u00f3gica con relaci\u00f3n a la intervenci\u00f3n pedag\u00f3gica en el lenguaje.<\/span><\/li><li style=\"font-weight: 400;\" aria-level=\"2\"><span style=\"font-weight: 400;\">Desarrollo de la comprensi\u00f3n lectora.<\/span><\/li><li style=\"font-weight: 400;\" aria-level=\"2\"><span style=\"font-weight: 400;\">Capacidad de an\u00e1lisis y s\u00edntesis.<\/span><\/li><li style=\"font-weight: 400;\" aria-level=\"2\"><span style=\"font-weight: 400;\">Capacidad de organizaci\u00f3n y planificaci\u00f3n.<\/span><\/li><li style=\"font-weight: 400;\" aria-level=\"2\"><span style=\"font-weight: 400;\">Capacidad de gesti\u00f3n de la informaci\u00f3n.<\/span><\/li><li style=\"font-weight: 400;\" aria-level=\"2\"><span style=\"font-weight: 400;\">Resoluci\u00f3n de problemas y toma de decisiones.<\/span><\/li><li style=\"font-weight: 400;\" aria-level=\"2\"><span style=\"font-weight: 400;\">Capacidad para la cr\u00edtica y la autocr\u00edtica.<\/span><\/li><li style=\"font-weight: 400;\" aria-level=\"2\"><span style=\"font-weight: 400;\">Tener habilidades comunicativas, que le permitan expresarse con claridad, tanto de forma oral, como escrita.<\/span><\/li><li style=\"font-weight: 400;\" aria-level=\"2\"><span style=\"font-weight: 400;\">Tener habilidades digitales, es decir, utilizar herramientas tecnol\u00f3gicas y de comunicaci\u00f3n para el desarrollo de las actividades de aprendizaje.<\/span><\/li><li style=\"font-weight: 400;\" aria-level=\"2\"><span style=\"font-weight: 400;\">Poseer inter\u00e9s en el desarrollo evolutivo del ser humano.<\/span><\/li><li style=\"font-weight: 400;\" aria-level=\"2\"><span style=\"font-weight: 400;\">Autorregulaci\u00f3n en su proceso de formaci\u00f3n, gestiona de forma organizada sus tiempos.<\/span><\/li><li style=\"font-weight: 400;\" aria-level=\"2\"><span style=\"font-weight: 400;\">Tiene una visi\u00f3n \u00e9tica de la vida.<\/span><\/li><li style=\"font-weight: 400;\" aria-level=\"2\"><span style=\"font-weight: 400;\">Fundamentos b\u00e1sicos en los procesos de investigaci\u00f3n.<\/span><\/li><li style=\"font-weight: 400;\" aria-level=\"2\"><span style=\"font-weight: 400;\">Trabajo colaborativo.<\/span><\/li><li style=\"font-weight: 400;\" aria-level=\"2\"><span style=\"font-weight: 400;\">Habilidades de relaciones interpersonales.<\/span><\/li><li style=\"font-weight: 400;\" aria-level=\"2\"><span style=\"font-weight: 400;\">Capacidad para trabajar en forma aut\u00f3noma.<\/span><\/li><li style=\"font-weight: 400;\" aria-level=\"2\"><span style=\"font-weight: 400;\">Adaptaci\u00f3n a nuevas situaciones y creatividad.<\/span><\/li><\/ul><p><span style=\"font-size: 16px; font-weight: bold;\">Plan de estudios.\u00a0<\/span><\/p>\t\t\t\t\t\t\t\t<\/div>\n\t\t\t\t<\/div>\n\t\t\t\t\t<\/div>\n\t\t<\/div>\n\t\t\t\t\t<\/div>\n\t\t<\/section>\n\t\t\t\t<section class=\"elementor-section elementor-top-section elementor-element elementor-element-ffe4e40 elementor-section-boxed elementor-section-height-default elementor-section-height-default\" data-id=\"ffe4e40\" data-element_type=\"section\" data-e-type=\"section\">\n\t\t\t\t\t\t<div class=\"elementor-container elementor-column-gap-default\">\n\t\t\t\t\t<div class=\"elementor-column elementor-col-100 elementor-top-column elementor-element elementor-element-ce4fa40\" data-id=\"ce4fa40\" data-element_type=\"column\" data-e-type=\"column\">\n\t\t\t<div class=\"elementor-widget-wrap elementor-element-populated\">\n\t\t\t\t\t\t<div class=\"elementor-element elementor-element-4283dce elementor-widget elementor-widget-image\" data-id=\"4283dce\" data-element_type=\"widget\" data-e-type=\"widget\" data-widget_type=\"image.default\">\n\t\t\t\t<div class=\"elementor-widget-container\">\n\t\t\t\t\t\t\t\t\t\t\t\t\t\t\t<img fetchpriority=\"high\" decoding=\"async\" width=\"1024\" height=\"339\" src=\"https:\/\/institutounao.com.mx\/wp-content\/uploads\/2022\/11\/MATERIAS-DE-especialidad-en-intervencion-1024x339.png\" class=\"attachment-large size-large wp-image-4484\" alt=\"\" srcset=\"https:\/\/institutounao.com.mx\/wp-content\/uploads\/2022\/11\/MATERIAS-DE-especialidad-en-intervencion-1024x339.png 1024w, https:\/\/institutounao.com.mx\/wp-content\/uploads\/2022\/11\/MATERIAS-DE-especialidad-en-intervencion-300x99.png 300w, https:\/\/institutounao.com.mx\/wp-content\/uploads\/2022\/11\/MATERIAS-DE-especialidad-en-intervencion-768x254.png 768w, https:\/\/institutounao.com.mx\/wp-content\/uploads\/2022\/11\/MATERIAS-DE-especialidad-en-intervencion-600x199.png 600w, https:\/\/institutounao.com.mx\/wp-content\/uploads\/2022\/11\/MATERIAS-DE-especialidad-en-intervencion.png 1366w\" sizes=\"(max-width: 1024px) 100vw, 1024px\" \/>\t\t\t\t\t\t\t\t\t\t\t\t\t\t\t<\/div>\n\t\t\t\t<\/div>\n\t\t\t\t\t<\/div>\n\t\t<\/div>\n\t\t\t\t\t<\/div>\n\t\t<\/section>\n\t\t\t\t<section class=\"elementor-section elementor-top-section elementor-element elementor-element-bec0df0 elementor-section-boxed elementor-section-height-default elementor-section-height-default\" data-id=\"bec0df0\" data-element_type=\"section\" data-e-type=\"section\">\n\t\t\t\t\t\t<div class=\"elementor-container elementor-column-gap-default\">\n\t\t\t\t\t<div class=\"elementor-column elementor-col-100 elementor-top-column elementor-element elementor-element-5c84f0f\" data-id=\"5c84f0f\" data-element_type=\"column\" data-e-type=\"column\">\n\t\t\t<div class=\"elementor-widget-wrap elementor-element-populated\">\n\t\t\t\t\t\t<div class=\"elementor-element elementor-element-96658ee elementor-widget elementor-widget-text-editor\" data-id=\"96658ee\" data-element_type=\"widget\" data-e-type=\"widget\" data-widget_type=\"text-editor.default\">\n\t\t\t\t<div class=\"elementor-widget-container\">\n\t\t\t\t\t\t\t\t\t<p style=\"font-size: 16px; font-family: Poppins, sans-serif;\"><span style=\"font-weight: bold;\">Desarrollo del plan de estudios.<\/span><\/p>\n<ul>\n<li style=\"font-weight: 400;\" aria-level=\"1\"><span style=\"font-weight: 400;\">El total de cr\u00e9ditos del plan de estudios son 48.<\/span><\/li>\n<li style=\"font-weight: 400;\" aria-level=\"1\"><span style=\"font-weight: 400;\">Est\u00e1 integrado por 5 asignaturas: 3 asignaturas el primer semestre y 2 asignaturas en segundo.<\/span><\/li>\n<li style=\"font-weight: 400;\" aria-level=\"1\"><span style=\"font-weight: 400;\">El plan de estudios de la Especialidad en Intervenci\u00f3n Pedag\u00f3gica en el Lenguaje-Modalidad no Escolarizada-, se cursar\u00e1 a trav\u00e9s del acompa\u00f1amiento total de 64 horas bajo la conducci\u00f3n de un acad\u00e9mico, a trav\u00e9s de la plataforma de video-conferencias y 704 horas independientes, que se atender\u00e1n por medio de actividades de aprendizaje en la plataforma tecnol\u00f3gica educativa.<\/span><\/li>\n<li style=\"font-weight: 400;\" aria-level=\"1\"><span style=\"font-weight: 400;\">Las asignaturas se llevan de forma modular.<\/span><\/li>\n<li style=\"font-weight: 400;\" aria-level=\"1\"><span style=\"font-weight: 400;\">Las actividades de aprendizaje se realizan en el Campus Virtual, se tiene acceso 24\/7.<\/span><\/li>\n<li style=\"font-weight: 400;\" aria-level=\"1\"><span style=\"font-weight: 400;\">Las sesiones sincr\u00f3nicas (clases) son a trav\u00e9s de plataforma de videoconferencias y se llevan a cabo cada semana, con una duraci\u00f3n de dos horas.<\/span><\/li>\n<li style=\"font-weight: 400;\" aria-level=\"1\"><span style=\"font-weight: 400;\">La calificaci\u00f3n m\u00ednima para acreditar cada asignatura es ocho.<\/span><\/li>\n<li><span style=\"font-weight: 400;\">En cada asignatura, los porcentajes y criterios de evaluaci\u00f3n, son los siguientes:&nbsp;<\/span><span style=\"font-weight: 400;\">80% actividades de aprendizaje y&nbsp;<\/span><span style=\"font-weight: 400;\">20% evaluaci\u00f3n o proyecto.&nbsp;<\/span><\/li>\n<li aria-level=\"1\"><span style=\"font-weight: 400;\">El estudiante deber\u00e1 conectarse al 80% de sesiones sincr\u00f3nicas, en la plataforma de videoconferencias.<\/span><\/li>\n<\/ul>\n<p style=\"font-size: 16px; font-family: Poppins, sans-serif; text-align: justify;\"><span style=\"font-size: 16px; font-weight: bold;\">Obtenci\u00f3n de Grado. <\/span><\/p>\n<p><span style=\"font-weight: 400;\">Una vez acreditado el plan de estudios, el estudiante podr\u00e1 elegir una de las siguientes modalidades para la obtenci\u00f3n<\/span><span style=\"font-size: 16px; font-family: var( --e-global-typography-text-font-family ), Sans-serif; font-weight: var( --e-global-typography-text-font-weight );\">&nbsp;<\/span><span style=\"font-size: 16px; font-family: var( --e-global-typography-text-font-family ), Sans-serif; font-weight: var( --e-global-typography-text-font-weight );\">de Grado:<\/span><\/p>\n<ul style=\"font-size: 16px; font-family: Poppins, sans-serif;\">\n<li style=\"font-weight: 400;\" aria-level=\"1\"><span style=\"font-weight: 400;\">Informe de tesis.<\/span><\/li>\n<li style=\"font-weight: 400;\" aria-level=\"1\"><span style=\"font-weight: 400;\">Propuesta metodol\u00f3gica de intervenci\u00f3n.<\/span><\/li>\n<li style=\"font-weight: 400;\" aria-level=\"1\"><span style=\"font-weight: 400;\">Elaboraci\u00f3n de ensayo cient\u00edfico.<\/span><\/li>\n<li style=\"font-weight: 400;\" aria-level=\"1\"><span style=\"font-weight: 400;\">Seminario de titulaci\u00f3n.<\/span><\/li>\n<\/ul>\t\t\t\t\t\t\t\t<\/div>\n\t\t\t\t<\/div>\n\t\t\t\t\t<\/div>\n\t\t<\/div>\n\t\t\t\t\t<\/div>\n\t\t<\/section>\n\t\t\t\t<section class=\"elementor-section elementor-top-section elementor-element elementor-element-7a1f039 elementor-section-boxed elementor-section-height-default elementor-section-height-default\" data-id=\"7a1f039\" data-element_type=\"section\" data-e-type=\"section\">\n\t\t\t\t\t\t<div class=\"elementor-container elementor-column-gap-default\">\n\t\t\t\t\t<div class=\"elementor-column elementor-col-100 elementor-top-column elementor-element elementor-element-e1e7804\" data-id=\"e1e7804\" data-element_type=\"column\" data-e-type=\"column\">\n\t\t\t<div class=\"elementor-widget-wrap elementor-element-populated\">\n\t\t\t\t\t\t<div class=\"elementor-element elementor-element-6a7979e elementor-tabs-view-horizontal elementor-widget elementor-widget-tabs\" data-id=\"6a7979e\" data-element_type=\"widget\" data-e-type=\"widget\" data-widget_type=\"tabs.default\">\n\t\t\t\t<div class=\"elementor-widget-container\">\n\t\t\t\t\t\t\t<div class=\"elementor-tabs\">\n\t\t\t<div class=\"elementor-tabs-wrapper\" role=\"tablist\" >\n\t\t\t\t\t\t\t\t\t<div id=\"elementor-tab-title-1111\" class=\"elementor-tab-title elementor-tab-desktop-title\" aria-selected=\"true\" data-tab=\"1\" role=\"tab\" tabindex=\"0\" aria-controls=\"elementor-tab-content-1111\" aria-expanded=\"false\">Pr\u00f3ximo Inicio de Clases:<\/div>\n\t\t\t\t\t\t\t\t\t<div id=\"elementor-tab-title-1112\" class=\"elementor-tab-title elementor-tab-desktop-title\" aria-selected=\"false\" data-tab=\"2\" role=\"tab\" tabindex=\"-1\" aria-controls=\"elementor-tab-content-1112\" aria-expanded=\"false\">Costos:<\/div>\n\t\t\t\t\t\t\t\t\t<div id=\"elementor-tab-title-1113\" class=\"elementor-tab-title elementor-tab-desktop-title\" aria-selected=\"false\" data-tab=\"3\" role=\"tab\" tabindex=\"-1\" aria-controls=\"elementor-tab-content-1113\" aria-expanded=\"false\">Becas:<\/div>\n\t\t\t\t\t\t\t\t\t<div id=\"elementor-tab-title-1114\" class=\"elementor-tab-title elementor-tab-desktop-title\" aria-selected=\"false\" data-tab=\"4\" role=\"tab\" tabindex=\"-1\" aria-controls=\"elementor-tab-content-1114\" aria-expanded=\"false\">Proceso de Inscripci\u00f3n:<\/div>\n\t\t\t\t\t\t\t<\/div>\n\t\t\t<div class=\"elementor-tabs-content-wrapper\" role=\"tablist\" aria-orientation=\"vertical\">\n\t\t\t\t\t\t\t\t\t<div class=\"elementor-tab-title elementor-tab-mobile-title\" aria-selected=\"true\" data-tab=\"1\" role=\"tab\" tabindex=\"0\" aria-controls=\"elementor-tab-content-1111\" aria-expanded=\"false\">Pr\u00f3ximo Inicio de Clases:<\/div>\n\t\t\t\t\t<div id=\"elementor-tab-content-1111\" class=\"elementor-tab-content elementor-clearfix\" data-tab=\"1\" role=\"tabpanel\" aria-labelledby=\"elementor-tab-title-1111\" tabindex=\"0\" hidden=\"false\"><p>Domingo 23 de febrero de 2025.<\/p><\/div>\n\t\t\t\t\t\t\t\t\t<div class=\"elementor-tab-title elementor-tab-mobile-title\" aria-selected=\"false\" data-tab=\"2\" role=\"tab\" tabindex=\"-1\" aria-controls=\"elementor-tab-content-1112\" aria-expanded=\"false\">Costos:<\/div>\n\t\t\t\t\t<div id=\"elementor-tab-content-1112\" class=\"elementor-tab-content elementor-clearfix\" data-tab=\"2\" role=\"tabpanel\" aria-labelledby=\"elementor-tab-title-1112\" tabindex=\"0\" hidden=\"hidden\"><ul><li>Inscripci\u00f3n: $2,000.00<\/li><li>Colegiaturas: $2,400.00<\/li><\/ul><\/div>\n\t\t\t\t\t\t\t\t\t<div class=\"elementor-tab-title elementor-tab-mobile-title\" aria-selected=\"false\" data-tab=\"3\" role=\"tab\" tabindex=\"-1\" aria-controls=\"elementor-tab-content-1113\" aria-expanded=\"false\">Becas:<\/div>\n\t\t\t\t\t<div id=\"elementor-tab-content-1113\" class=\"elementor-tab-content elementor-clearfix\" data-tab=\"3\" role=\"tabpanel\" aria-labelledby=\"elementor-tab-title-1113\" tabindex=\"0\" hidden=\"hidden\"><ul>\n<li>50% de beca disponible en inscripci\u00f3n en el mes de mayo de 2024.<\/li>\n<\/ul><\/div>\n\t\t\t\t\t\t\t\t\t<div class=\"elementor-tab-title elementor-tab-mobile-title\" aria-selected=\"false\" data-tab=\"4\" role=\"tab\" tabindex=\"-1\" aria-controls=\"elementor-tab-content-1114\" aria-expanded=\"false\">Proceso de Inscripci\u00f3n:<\/div>\n\t\t\t\t\t<div id=\"elementor-tab-content-1114\" class=\"elementor-tab-content elementor-clearfix\" data-tab=\"4\" role=\"tabpanel\" aria-labelledby=\"elementor-tab-title-1114\" tabindex=\"0\" hidden=\"hidden\"><p>Paso 1. Realizar el pago de derechos de la inscripci\u00f3n.<\/p><p>Paso 2. Realizar el registro de inscripci\u00f3n.<\/p><p>Paso 3. Realizar el registro de solicitud de beca.<\/p><p>Paso 4. Enviar al correo serviciosescolares@institutounao.com.mx en formato PDF, la siguiente documentaci\u00f3n:<\/p><p>\u00a0 \u00a0 \u00a0 \u00a0 \u00a0 \u00a0 \u00a0 &#8211; Carta motivos.<br \/>\u00a0 \u00a0 \u00a0 \u00a0 \u00a0 \u00a0 \u00a0 &#8211; CV.<br \/>\u00a0 \u00a0 \u00a0 \u00a0 \u00a0 \u00a0 \u00a0 &#8211; Acta de nacimiento.<br \/>\u00a0 \u00a0 \u00a0 \u00a0 \u00a0 \u00a0 \u00a0 &#8211; Certificado total de estudios de Licenciatura.<br \/>\u00a0 \u00a0 \u00a0 \u00a0 \u00a0 \u00a0 \u00a0 &#8211; T\u00edtulo profesional.<br \/>\u00a0 \u00a0 \u00a0 \u00a0 \u00a0 \u00a0 \u00a0&#8211; Acta de examen profesional.<br \/>\u00a0 \u00a0 \u00a0 \u00a0 \u00a0 \u00a0 \u00a0&#8211; C\u00e9dula profesional.<br \/>\u00a0 \u00a0 \u00a0 \u00a0 \u00a0 \u00a0 \u00a0&#8211; INE.<br \/>\u00a0 \u00a0 \u00a0 \u00a0 \u00a0 \u00a0 \u00a0&#8211; CURP.<\/p><p>Paso 5. Por correo, recibir\u00e1s la documentaci\u00f3n de tu inscripci\u00f3n.<\/p><\/div>\n\t\t\t\t\t\t\t<\/div>\n\t\t<\/div>\n\t\t\t\t\t\t<\/div>\n\t\t\t\t<\/div>\n\t\t\t\t\t<\/div>\n\t\t<\/div>\n\t\t\t\t\t<\/div>\n\t\t<\/section>\n\t\t\t\t<\/div>\n\t\t","protected":false},"excerpt":{"rendered":"<p>Especialidad en Intervenci\u00f3n Pedag\u00f3gica en el Lenguaje Estudios con reconocimiento de validez oficial:\u00a0SEP\/RVOE 20220699 Modalidad: No Escolar. Acceso a campus virtual 24\/7. Clases sincr\u00f3nicas: domingos de 9:00 a 11:00 horas.\u00a0 Duraci\u00f3n:\u00a02 semestres (1 a\u00f1o). Descripci\u00f3n del plan de estudios. La Especialidad en Intervenci\u00f3n Pedag\u00f3gica en el Lenguaje &#8211; Modalidad no <a class=\"read-more\" href=\"https:\/\/institutounao.com.mx\/index.php\/especialidad-en-intervencion-pedagogica-de-lenguaje\/\">Read More&#8230;<\/a><\/p>\n","protected":false},"author":1,"featured_media":0,"parent":0,"menu_order":0,"comment_status":"closed","ping_status":"closed","template":"","meta":{"_joinchat":[],"footnotes":""},"class_list":["post-3130","page","type-page","status-publish","hentry"],"jetpack_sharing_enabled":true,"_links":{"self":[{"href":"https:\/\/institutounao.com.mx\/index.php\/wp-json\/wp\/v2\/pages\/3130","targetHints":{"allow":["GET"]}}],"collection":[{"href":"https:\/\/institutounao.com.mx\/index.php\/wp-json\/wp\/v2\/pages"}],"about":[{"href":"https:\/\/institutounao.com.mx\/index.php\/wp-json\/wp\/v2\/types\/page"}],"author":[{"embeddable":true,"href":"https:\/\/institutounao.com.mx\/index.php\/wp-json\/wp\/v2\/users\/1"}],"replies":[{"embeddable":true,"href":"https:\/\/institutounao.com.mx\/index.php\/wp-json\/wp\/v2\/comments?post=3130"}],"version-history":[{"count":70,"href":"https:\/\/institutounao.com.mx\/index.php\/wp-json\/wp\/v2\/pages\/3130\/revisions"}],"predecessor-version":[{"id":8862,"href":"https:\/\/institutounao.com.mx\/index.php\/wp-json\/wp\/v2\/pages\/3130\/revisions\/8862"}],"wp:attachment":[{"href":"https:\/\/institutounao.com.mx\/index.php\/wp-json\/wp\/v2\/media?parent=3130"}],"curies":[{"name":"wp","href":"https:\/\/api.w.org\/{rel}","templated":true}]}}