{"id":3121,"date":"2022-04-07T22:14:09","date_gmt":"2022-04-07T22:14:09","guid":{"rendered":"https:\/\/institutounao.com.mx\/?page_id=3121"},"modified":"2024-10-28T19:16:46","modified_gmt":"2024-10-28T19:16:46","slug":"especialidad-en-docencia-2","status":"publish","type":"page","link":"https:\/\/institutounao.com.mx\/index.php\/especialidad-en-docencia-2\/","title":{"rendered":"Especialidad en Docencia"},"content":{"rendered":"\t\t<div data-elementor-type=\"wp-page\" data-elementor-id=\"3121\" class=\"elementor elementor-3121\">\n\t\t\t\t\t\t<section class=\"elementor-section elementor-top-section elementor-element elementor-element-743f79b elementor-section-boxed elementor-section-height-default elementor-section-height-default\" data-id=\"743f79b\" data-element_type=\"section\" data-e-type=\"section\">\n\t\t\t\t\t\t<div class=\"elementor-container elementor-column-gap-default\">\n\t\t\t\t\t<div class=\"elementor-column elementor-col-100 elementor-top-column elementor-element elementor-element-b31a4d4\" data-id=\"b31a4d4\" data-element_type=\"column\" data-e-type=\"column\">\n\t\t\t<div class=\"elementor-widget-wrap elementor-element-populated\">\n\t\t\t\t\t\t<div class=\"elementor-element elementor-element-b398e0e elementor-widget elementor-widget-heading\" data-id=\"b398e0e\" data-element_type=\"widget\" data-e-type=\"widget\" data-widget_type=\"heading.default\">\n\t\t\t\t<div class=\"elementor-widget-container\">\n\t\t\t\t\t<h2 class=\"elementor-heading-title elementor-size-default\">Especialidad en Docencia<\/h2>\t\t\t\t<\/div>\n\t\t\t\t<\/div>\n\t\t\t\t\t<\/div>\n\t\t<\/div>\n\t\t\t\t\t<\/div>\n\t\t<\/section>\n\t\t\t\t<section class=\"elementor-section elementor-top-section elementor-element elementor-element-0a09ebd elementor-section-boxed elementor-section-height-default elementor-section-height-default\" data-id=\"0a09ebd\" data-element_type=\"section\" data-e-type=\"section\">\n\t\t\t\t\t\t<div class=\"elementor-container elementor-column-gap-default\">\n\t\t\t\t\t<div class=\"elementor-column elementor-col-100 elementor-top-column elementor-element elementor-element-d1d5050\" data-id=\"d1d5050\" data-element_type=\"column\" data-e-type=\"column\">\n\t\t\t<div class=\"elementor-widget-wrap elementor-element-populated\">\n\t\t\t\t\t\t<div class=\"elementor-element elementor-element-71c02f5 elementor-widget elementor-widget-text-editor\" data-id=\"71c02f5\" data-element_type=\"widget\" data-e-type=\"widget\" data-widget_type=\"text-editor.default\">\n\t\t\t\t<div class=\"elementor-widget-container\">\n\t\t\t\t\t\t\t\t\t<p><span style=\"font-weight: bold; font-family: Poppins, sans-serif;\">Estudios con reconocimiento de validez oficial:\u00a0<\/span><span style=\"text-align: center; font-size: 16px;\">SEP\/RVOE 20220700<\/span><\/p><p style=\"font-size: 16px; text-align: justify;\"><span style=\"font-size: 16px; font-weight: bold;\">Modalidad: <\/span><span style=\"font-size: 16px; text-align: center;\">No Escolar.<\/span><\/p><ul><li>Acceso a campus virtual 24\/7.<\/li><li>Clases sincr\u00f3nicas: domingos de 9:00 a 11:00 horas.\u00a0<\/li><\/ul><p style=\"font-size: 16px; text-align: justify;\"><span style=\"font-size: 16px; font-weight: bold;\">Duraci\u00f3n:<\/span><span style=\"font-size: 16px; text-align: center;\">\u00a02 semestres (1 a\u00f1o).<\/span><\/p><p style=\"font-size: 16px; text-align: justify;\"><span style=\"font-size: 16px; font-weight: bold;\">Descripci\u00f3n del plan de estudios.<\/span><\/p><p style=\"font-size: 16px; text-align: justify;\"><span style=\"font-weight: 400;\">La Especialidad en Docencia \u2013Modalidad no Escolarizada-, tiene como finalidad principal, acompa\u00f1ar el proceso de formaci\u00f3n en este grado de estudios, a profesionistas de diversas \u00e1reas del conocimiento que ejercen pr\u00e1cticas pedag\u00f3gicas en escenarios de aprendizaje, especialmente en educaci\u00f3n media superior y superior.<\/span><\/p><p><span style=\"font-size: 16px; font-weight: bold;\">Fines del aprendizaje.<\/span><\/p><ul><li style=\"font-weight: 400;\" aria-level=\"1\"><span style=\"font-weight: 400;\">Comprender los principios te\u00f3ricos que sustentan la Ciencia de la Educaci\u00f3n.<\/span><\/li><li style=\"font-weight: 400;\" aria-level=\"1\"><span style=\"font-weight: 400;\">Reflexionar en el acto educativo, como una posibilidad para el desarrollo del car\u00e1cter, la construcci\u00f3n del proyecto de vida y la humanizaci\u00f3n de las sociedades.<\/span><\/li><li style=\"font-weight: 400;\" aria-level=\"1\"><span style=\"font-weight: 400;\">Reconocer diferentes modelos para la creaci\u00f3n de ambientes de aprendizaje.<\/span><\/li><li style=\"font-weight: 400;\" aria-level=\"1\"><span style=\"font-weight: 400;\">Analizar los enfoques contempor\u00e1neos de la Ciencia Pedag\u00f3gica aplicados en la Did\u00e1ctica.<\/span><\/li><li style=\"font-weight: 400;\" aria-level=\"1\"><span style=\"font-weight: 400;\">Consolidar una visi\u00f3n educativa e identidad docente, a partir de la argumentaci\u00f3n te\u00f3rica y metodol\u00f3gica de la Ciencia Pedag\u00f3gica.<\/span><\/li><li style=\"font-weight: 400;\" aria-level=\"1\"><span style=\"font-weight: 400;\">Promover el an\u00e1lisis y la reflexi\u00f3n de los principios de la pr\u00e1ctica docente.<\/span><\/li><\/ul><p><span style=\"font-size: 16px; font-weight: bold;\">Perfil de ingreso.<\/span><\/p><ul><li style=\"font-weight: 400;\" aria-level=\"1\"><span style=\"font-weight: 400;\">De forma general, el aspirante a cursar los estudios de la Especialidad en Docencia \u2013Modalidad no Escolarizada-, deber\u00e1 cumplir con los siguientes antecedentes acad\u00e9micos y requisitos:<\/span><\/li><li style=\"font-weight: 400;\" aria-level=\"1\"><span style=\"font-weight: 400;\">Contar con t\u00edtulo y\/o c\u00e9dula profesional de nivel Licenciatura.<\/span><\/li><li style=\"font-weight: 400;\" aria-level=\"1\"><span style=\"font-weight: 400;\">Egresado de alguno de los siguientes campos de estudio: Educaci\u00f3n, Artes y Humanidades, Ciencias Sociales y Derecho, Administraci\u00f3n y Negocios, Ciencias Naturales, Tecnolog\u00edas de la Informaci\u00f3n y Comunicaci\u00f3n, Ingenier\u00eda, Agronom\u00eda y Veterinaria y Ciencias de la Salud.<\/span><\/li><li style=\"font-weight: 400;\" aria-level=\"1\"><span style=\"font-weight: 400;\">Ejercer la actividad de ense\u00f1anza en educaci\u00f3n media superior o superior, o bien, tener inter\u00e9s en ejercer la docencia en los niveles ya mencionados.<\/span><\/li><li style=\"font-weight: 400;\" aria-level=\"1\"><span style=\"font-weight: 400;\">Desarrollo de la comprensi\u00f3n lectora.<\/span><\/li><li style=\"font-weight: 400;\" aria-level=\"1\"><span style=\"font-weight: 400;\">Tener habilidades comunicativas, que le permitan expresarse con claridad, tanto de forma oral, como escrita.<\/span><\/li><li style=\"font-weight: 400;\" aria-level=\"1\"><span style=\"font-weight: 400;\">Tener habilidades digitales, es decir, utiliza herramientas tecnol\u00f3gicas y de comunicaci\u00f3n para el desarrollo de las actividades de aprendizaje.<\/span><\/li><li style=\"font-weight: 400;\" aria-level=\"1\"><span style=\"font-weight: 400;\">Poseer inter\u00e9s en el acto de educar, particularmente en los procesos de ense\u00f1anza y aprendizaje.<\/span><\/li><li style=\"font-weight: 400;\" aria-level=\"1\"><span style=\"font-weight: 400;\">Autorregulaci\u00f3n en su proceso de formaci\u00f3n, gestiona de forma organizada sus tiempos.<\/span><\/li><li style=\"font-weight: 400;\" aria-level=\"1\"><span style=\"font-weight: 400;\">Tiene una visi\u00f3n \u00e9tica de la vida.<\/span><\/li><li style=\"font-weight: 400;\" aria-level=\"1\"><span style=\"font-weight: 400;\">Posee fundamentos b\u00e1sicos en los procesos de investigaci\u00f3n.<\/span><\/li><\/ul><p><span style=\"font-size: 16px; font-weight: bold;\">Plan de estudios.\u00a0<\/span><\/p>\t\t\t\t\t\t\t\t<\/div>\n\t\t\t\t<\/div>\n\t\t\t\t\t<\/div>\n\t\t<\/div>\n\t\t\t\t\t<\/div>\n\t\t<\/section>\n\t\t\t\t<section class=\"elementor-section elementor-top-section elementor-element elementor-element-0616e67 elementor-section-boxed elementor-section-height-default elementor-section-height-default\" data-id=\"0616e67\" data-element_type=\"section\" data-e-type=\"section\">\n\t\t\t\t\t\t<div class=\"elementor-container elementor-column-gap-default\">\n\t\t\t\t\t<div class=\"elementor-column elementor-col-100 elementor-top-column elementor-element elementor-element-dec11b2\" data-id=\"dec11b2\" data-element_type=\"column\" data-e-type=\"column\">\n\t\t\t<div class=\"elementor-widget-wrap elementor-element-populated\">\n\t\t\t\t\t\t<div class=\"elementor-element elementor-element-967f509 elementor-widget elementor-widget-image\" data-id=\"967f509\" data-element_type=\"widget\" data-e-type=\"widget\" data-widget_type=\"image.default\">\n\t\t\t\t<div class=\"elementor-widget-container\">\n\t\t\t\t\t\t\t\t\t\t\t\t\t\t\t<img fetchpriority=\"high\" decoding=\"async\" width=\"1024\" height=\"339\" src=\"https:\/\/institutounao.com.mx\/wp-content\/uploads\/2022\/11\/MATERIAS-DE-ESPECIALIDAD-EN-DOCENCIA3-1024x339.png\" class=\"attachment-large size-large wp-image-4463\" alt=\"\" srcset=\"https:\/\/institutounao.com.mx\/wp-content\/uploads\/2022\/11\/MATERIAS-DE-ESPECIALIDAD-EN-DOCENCIA3-1024x339.png 1024w, https:\/\/institutounao.com.mx\/wp-content\/uploads\/2022\/11\/MATERIAS-DE-ESPECIALIDAD-EN-DOCENCIA3-300x99.png 300w, https:\/\/institutounao.com.mx\/wp-content\/uploads\/2022\/11\/MATERIAS-DE-ESPECIALIDAD-EN-DOCENCIA3-768x254.png 768w, https:\/\/institutounao.com.mx\/wp-content\/uploads\/2022\/11\/MATERIAS-DE-ESPECIALIDAD-EN-DOCENCIA3-600x199.png 600w, https:\/\/institutounao.com.mx\/wp-content\/uploads\/2022\/11\/MATERIAS-DE-ESPECIALIDAD-EN-DOCENCIA3.png 1366w\" sizes=\"(max-width: 1024px) 100vw, 1024px\" \/>\t\t\t\t\t\t\t\t\t\t\t\t\t\t\t<\/div>\n\t\t\t\t<\/div>\n\t\t\t\t\t<\/div>\n\t\t<\/div>\n\t\t\t\t\t<\/div>\n\t\t<\/section>\n\t\t\t\t<section class=\"elementor-section elementor-top-section elementor-element elementor-element-d479548 elementor-section-boxed elementor-section-height-default elementor-section-height-default\" data-id=\"d479548\" data-element_type=\"section\" data-e-type=\"section\">\n\t\t\t\t\t\t<div class=\"elementor-container elementor-column-gap-default\">\n\t\t\t\t\t<div class=\"elementor-column elementor-col-100 elementor-top-column elementor-element elementor-element-6ae3818\" data-id=\"6ae3818\" data-element_type=\"column\" data-e-type=\"column\">\n\t\t\t<div class=\"elementor-widget-wrap elementor-element-populated\">\n\t\t\t\t\t\t<div class=\"elementor-element elementor-element-1a6d874 elementor-widget elementor-widget-text-editor\" data-id=\"1a6d874\" data-element_type=\"widget\" data-e-type=\"widget\" data-widget_type=\"text-editor.default\">\n\t\t\t\t<div class=\"elementor-widget-container\">\n\t\t\t\t\t\t\t\t\t<p style=\"font-size: 16px; font-family: Poppins, sans-serif;\"><span style=\"font-weight: bold;\">Desarrollo del plan de estudios.<\/span><\/p>\n<ul>\n<li style=\"font-weight: 400;\" aria-level=\"1\"><span style=\"font-weight: 400;\">El total de cr\u00e9ditos del plan de estudios son 48.<\/span><\/li>\n<li style=\"font-weight: 400;\" aria-level=\"1\"><span style=\"font-weight: 400;\">Est\u00e1 integrado por 6 asignaturas: 2 asignaturas el primer semestre y 4 asignaturas en segundo.<\/span><\/li>\n<li style=\"font-weight: 400;\" aria-level=\"1\"><span style=\"font-weight: 400;\">El plan de estudios de la Especialidad en Docencia -Modalidad no Escolarizada-, se cursar\u00e1 a trav\u00e9s del acompa\u00f1amiento total de 64 horas bajo la conducci\u00f3n de un acad\u00e9mico, a trav\u00e9s de la plataforma de video-conferencias y 704 horas independientes, que se atender\u00e1n por medio de actividades de aprendizaje en la plataforma tecnol\u00f3gica educativa.<\/span><\/li>\n<li style=\"font-weight: 400;\" aria-level=\"1\"><span style=\"font-weight: 400;\">Las asignaturas se llevan de forma modular.<\/span><\/li>\n<li style=\"font-weight: 400;\" aria-level=\"1\"><span style=\"font-weight: 400;\">Las actividades de aprendizaje se realizan en el Campus Virtual, se tiene acceso 24\/7.<\/span><\/li>\n<li style=\"font-weight: 400;\" aria-level=\"1\"><span style=\"font-weight: 400;\">Las sesiones sincr\u00f3nicas (clases) son a trav\u00e9s de plataforma de videoconferencias y se llevan a cabo cada semana, con una duraci\u00f3n de dos horas.<\/span><\/li>\n<li style=\"font-weight: 400;\" aria-level=\"1\"><span style=\"font-weight: 400;\">La calificaci\u00f3n m\u00ednima para acreditar cada asignatura es ocho.<\/span><\/li>\n<li><span style=\"font-weight: 400;\">En cada asignatura, los porcentajes y criterios de evaluaci\u00f3n, son los siguientes:&nbsp;<\/span><span style=\"font-weight: 400;\">80% actividades de aprendizaje y&nbsp;<\/span><span style=\"font-weight: 400;\">20% evaluaci\u00f3n o proyecto.&nbsp;<\/span><\/li>\n<li aria-level=\"1\"><span style=\"font-weight: 400;\">El estudiante deber\u00e1 conectarse al 80% de sesiones sincr\u00f3nicas, en la plataforma de videoconferencias.<\/span><\/li>\n<\/ul>\n<p style=\"font-size: 16px; font-family: Poppins, sans-serif; text-align: justify;\"><span style=\"font-size: 16px; font-weight: bold;\">Obtenci\u00f3n de Grado. <\/span><\/p>\n<p><span style=\"font-weight: 400;\">Una vez acreditado el plan de estudios, el estudiante podr\u00e1 elegir una de las siguientes modalidades para la obtenci\u00f3n de Grado:<\/span><\/p>\n<ul style=\"font-size: 16px; font-family: Poppins, sans-serif;\">\n<li style=\"font-weight: 400;\" aria-level=\"1\"><span style=\"font-weight: 400;\">Informe de tesis.<\/span><\/li>\n<li style=\"font-weight: 400;\" aria-level=\"1\"><span style=\"font-weight: 400;\">Propuesta metodol\u00f3gica de intervenci\u00f3n.<\/span><\/li>\n<li style=\"font-weight: 400;\" aria-level=\"1\"><span style=\"font-weight: 400;\">Elaboraci\u00f3n de ensayo cient\u00edfico.<\/span><\/li>\n<li style=\"font-weight: 400;\" aria-level=\"1\"><span style=\"font-weight: 400;\">Seminario de titulaci\u00f3n.<\/span><\/li>\n<\/ul>\t\t\t\t\t\t\t\t<\/div>\n\t\t\t\t<\/div>\n\t\t\t\t\t<\/div>\n\t\t<\/div>\n\t\t\t\t\t<\/div>\n\t\t<\/section>\n\t\t\t\t<section class=\"elementor-section elementor-top-section elementor-element elementor-element-d68a833 elementor-section-boxed elementor-section-height-default elementor-section-height-default\" data-id=\"d68a833\" data-element_type=\"section\" data-e-type=\"section\">\n\t\t\t\t\t\t<div class=\"elementor-container elementor-column-gap-default\">\n\t\t\t\t\t<div class=\"elementor-column elementor-col-100 elementor-top-column elementor-element elementor-element-b14e9e1\" data-id=\"b14e9e1\" data-element_type=\"column\" data-e-type=\"column\">\n\t\t\t<div class=\"elementor-widget-wrap elementor-element-populated\">\n\t\t\t\t\t\t<div class=\"elementor-element elementor-element-33afd2a elementor-tabs-view-horizontal elementor-widget elementor-widget-tabs\" data-id=\"33afd2a\" data-element_type=\"widget\" data-e-type=\"widget\" data-widget_type=\"tabs.default\">\n\t\t\t\t<div class=\"elementor-widget-container\">\n\t\t\t\t\t\t\t<div class=\"elementor-tabs\">\n\t\t\t<div class=\"elementor-tabs-wrapper\" role=\"tablist\" >\n\t\t\t\t\t\t\t\t\t<div id=\"elementor-tab-title-5411\" class=\"elementor-tab-title elementor-tab-desktop-title\" aria-selected=\"true\" data-tab=\"1\" role=\"tab\" tabindex=\"0\" aria-controls=\"elementor-tab-content-5411\" aria-expanded=\"false\">Pr\u00f3ximo Inicio de Clases:<\/div>\n\t\t\t\t\t\t\t\t\t<div id=\"elementor-tab-title-5412\" class=\"elementor-tab-title elementor-tab-desktop-title\" aria-selected=\"false\" data-tab=\"2\" role=\"tab\" tabindex=\"-1\" aria-controls=\"elementor-tab-content-5412\" aria-expanded=\"false\">Costos:<\/div>\n\t\t\t\t\t\t\t\t\t<div id=\"elementor-tab-title-5413\" class=\"elementor-tab-title elementor-tab-desktop-title\" aria-selected=\"false\" data-tab=\"3\" role=\"tab\" tabindex=\"-1\" aria-controls=\"elementor-tab-content-5413\" aria-expanded=\"false\">Becas:<\/div>\n\t\t\t\t\t\t\t\t\t<div id=\"elementor-tab-title-5414\" class=\"elementor-tab-title elementor-tab-desktop-title\" aria-selected=\"false\" data-tab=\"4\" role=\"tab\" tabindex=\"-1\" aria-controls=\"elementor-tab-content-5414\" aria-expanded=\"false\">Proceso de Inscripci\u00f3n:<\/div>\n\t\t\t\t\t\t\t<\/div>\n\t\t\t<div class=\"elementor-tabs-content-wrapper\" role=\"tablist\" aria-orientation=\"vertical\">\n\t\t\t\t\t\t\t\t\t<div class=\"elementor-tab-title elementor-tab-mobile-title\" aria-selected=\"true\" data-tab=\"1\" role=\"tab\" tabindex=\"0\" aria-controls=\"elementor-tab-content-5411\" aria-expanded=\"false\">Pr\u00f3ximo Inicio de Clases:<\/div>\n\t\t\t\t\t<div id=\"elementor-tab-content-5411\" class=\"elementor-tab-content elementor-clearfix\" data-tab=\"1\" role=\"tabpanel\" aria-labelledby=\"elementor-tab-title-5411\" tabindex=\"0\" hidden=\"false\"><p><span style=\"font-size: 16px;\">Domingo 23 de febrero de 2025.<\/span><\/p><\/div>\n\t\t\t\t\t\t\t\t\t<div class=\"elementor-tab-title elementor-tab-mobile-title\" aria-selected=\"false\" data-tab=\"2\" role=\"tab\" tabindex=\"-1\" aria-controls=\"elementor-tab-content-5412\" aria-expanded=\"false\">Costos:<\/div>\n\t\t\t\t\t<div id=\"elementor-tab-content-5412\" class=\"elementor-tab-content elementor-clearfix\" data-tab=\"2\" role=\"tabpanel\" aria-labelledby=\"elementor-tab-title-5412\" tabindex=\"0\" hidden=\"hidden\"><ul>\n<li>Inscripci\u00f3n: $2,000.00<\/li>\n<li>Colegiaturas: $2,400.00<\/li>\n<\/ul><\/div>\n\t\t\t\t\t\t\t\t\t<div class=\"elementor-tab-title elementor-tab-mobile-title\" aria-selected=\"false\" data-tab=\"3\" role=\"tab\" tabindex=\"-1\" aria-controls=\"elementor-tab-content-5413\" aria-expanded=\"false\">Becas:<\/div>\n\t\t\t\t\t<div id=\"elementor-tab-content-5413\" class=\"elementor-tab-content elementor-clearfix\" data-tab=\"3\" role=\"tabpanel\" aria-labelledby=\"elementor-tab-title-5413\" tabindex=\"0\" hidden=\"hidden\"><ul>\n<li>50% de beca disponible en inscripci\u00f3n en el mes de junio de 2024.<\/li>\n<\/ul><\/div>\n\t\t\t\t\t\t\t\t\t<div class=\"elementor-tab-title elementor-tab-mobile-title\" aria-selected=\"false\" data-tab=\"4\" role=\"tab\" tabindex=\"-1\" aria-controls=\"elementor-tab-content-5414\" aria-expanded=\"false\">Proceso de Inscripci\u00f3n:<\/div>\n\t\t\t\t\t<div id=\"elementor-tab-content-5414\" class=\"elementor-tab-content elementor-clearfix\" data-tab=\"4\" role=\"tabpanel\" aria-labelledby=\"elementor-tab-title-5414\" tabindex=\"0\" hidden=\"hidden\"><p>Paso 1. Realizar el pago de derechos de la inscripci\u00f3n.<\/p><p>Paso 2. Realizar el registro de inscripci\u00f3n.<\/p><p>Paso 3. Realizar el registro de solicitud de beca.<\/p><p>Paso 4. Enviar al correo serviciosescolares@institutounao.com.mx en formato PDF, la siguiente documentaci\u00f3n:<\/p><p>\u00a0 \u00a0 \u00a0 \u00a0 \u00a0 \u00a0 \u00a0 &#8211; Carta motivos.<br \/>\u00a0 \u00a0 \u00a0 \u00a0 \u00a0 \u00a0 \u00a0 &#8211; CV.<br \/>\u00a0 \u00a0 \u00a0 \u00a0 \u00a0 \u00a0 \u00a0 &#8211; Acta de nacimiento.<br \/>\u00a0 \u00a0 \u00a0 \u00a0 \u00a0 \u00a0 \u00a0 &#8211; Certificado total de estudios de Licenciatura.<br \/>\u00a0 \u00a0 \u00a0 \u00a0 \u00a0 \u00a0 \u00a0 &#8211; T\u00edtulo profesional.<br \/>\u00a0 \u00a0 \u00a0 \u00a0 \u00a0 \u00a0 \u00a0&#8211; Acta de examen profesional.<br \/>\u00a0 \u00a0 \u00a0 \u00a0 \u00a0 \u00a0 \u00a0&#8211; C\u00e9dula profesional.<br \/>\u00a0 \u00a0 \u00a0 \u00a0 \u00a0 \u00a0 \u00a0&#8211; INE.<br \/>\u00a0 \u00a0 \u00a0 \u00a0 \u00a0 \u00a0 \u00a0&#8211; CURP.<\/p><p>Paso 5. Por correo, recibir\u00e1s la documentaci\u00f3n de tu inscripci\u00f3n.<\/p><\/div>\n\t\t\t\t\t\t\t<\/div>\n\t\t<\/div>\n\t\t\t\t\t\t<\/div>\n\t\t\t\t<\/div>\n\t\t\t\t\t<\/div>\n\t\t<\/div>\n\t\t\t\t\t<\/div>\n\t\t<\/section>\n\t\t\t\t<\/div>\n\t\t","protected":false},"excerpt":{"rendered":"<p>Especialidad en Docencia Estudios con reconocimiento de validez oficial:\u00a0SEP\/RVOE 20220700 Modalidad: No Escolar. Acceso a campus virtual 24\/7. Clases sincr\u00f3nicas: domingos de 9:00 a 11:00 horas.\u00a0 Duraci\u00f3n:\u00a02 semestres (1 a\u00f1o). Descripci\u00f3n del plan de estudios. La Especialidad en Docencia \u2013Modalidad no Escolarizada-, tiene como finalidad principal, acompa\u00f1ar el proceso de <a class=\"read-more\" href=\"https:\/\/institutounao.com.mx\/index.php\/especialidad-en-docencia-2\/\">Read More&#8230;<\/a><\/p>\n","protected":false},"author":1,"featured_media":0,"parent":0,"menu_order":0,"comment_status":"closed","ping_status":"closed","template":"","meta":{"_joinchat":[],"footnotes":""},"class_list":["post-3121","page","type-page","status-publish","hentry"],"jetpack_sharing_enabled":true,"_links":{"self":[{"href":"https:\/\/institutounao.com.mx\/index.php\/wp-json\/wp\/v2\/pages\/3121","targetHints":{"allow":["GET"]}}],"collection":[{"href":"https:\/\/institutounao.com.mx\/index.php\/wp-json\/wp\/v2\/pages"}],"about":[{"href":"https:\/\/institutounao.com.mx\/index.php\/wp-json\/wp\/v2\/types\/page"}],"author":[{"embeddable":true,"href":"https:\/\/institutounao.com.mx\/index.php\/wp-json\/wp\/v2\/users\/1"}],"replies":[{"embeddable":true,"href":"https:\/\/institutounao.com.mx\/index.php\/wp-json\/wp\/v2\/comments?post=3121"}],"version-history":[{"count":100,"href":"https:\/\/institutounao.com.mx\/index.php\/wp-json\/wp\/v2\/pages\/3121\/revisions"}],"predecessor-version":[{"id":8856,"href":"https:\/\/institutounao.com.mx\/index.php\/wp-json\/wp\/v2\/pages\/3121\/revisions\/8856"}],"wp:attachment":[{"href":"https:\/\/institutounao.com.mx\/index.php\/wp-json\/wp\/v2\/media?parent=3121"}],"curies":[{"name":"wp","href":"https:\/\/api.w.org\/{rel}","templated":true}]}}