{"id":129,"date":"2019-03-04T02:08:48","date_gmt":"2019-03-04T02:08:48","guid":{"rendered":"http:\/\/unao-ac.com\/?page_id=129"},"modified":"2022-05-24T22:10:28","modified_gmt":"2022-05-24T22:10:28","slug":"doctorado-en-pedagogia","status":"publish","type":"page","link":"https:\/\/institutounao.com.mx\/index.php\/doctorado-en-pedagogia\/","title":{"rendered":"Doctorado en Pedagog\u00eda"},"content":{"rendered":"\t\t<div data-elementor-type=\"wp-page\" data-elementor-id=\"129\" class=\"elementor elementor-129\">\n\t\t\t\t\t\t<section class=\"elementor-section elementor-top-section elementor-element elementor-element-076db12 elementor-section-boxed elementor-section-height-default elementor-section-height-default\" data-id=\"076db12\" data-element_type=\"section\" data-e-type=\"section\">\n\t\t\t\t\t\t<div class=\"elementor-container elementor-column-gap-default\">\n\t\t\t\t\t<div class=\"elementor-column elementor-col-100 elementor-top-column elementor-element elementor-element-70905d5\" data-id=\"70905d5\" data-element_type=\"column\" data-e-type=\"column\">\n\t\t\t<div class=\"elementor-widget-wrap elementor-element-populated\">\n\t\t\t\t\t\t<div class=\"elementor-element elementor-element-599ad25 elementor-widget elementor-widget-heading\" data-id=\"599ad25\" data-element_type=\"widget\" data-e-type=\"widget\" data-widget_type=\"heading.default\">\n\t\t\t\t<div class=\"elementor-widget-container\">\n\t\t\t\t\t<h2 class=\"elementor-heading-title elementor-size-default\">Doctorado en Pedagog\u00eda<br><span style=\"font-family: Poppins, sans-serif;font-size: 16px;font-weight: 400;white-space: normal\">SEP-RVOE-20193566-23 DE AGOSTO DE 2019<\/span><\/h2>\t\t\t\t<\/div>\n\t\t\t\t<\/div>\n\t\t\t\t\t<\/div>\n\t\t<\/div>\n\t\t\t\t\t<\/div>\n\t\t<\/section>\n\t\t\t\t<section class=\"elementor-section elementor-top-section elementor-element elementor-element-f09535b elementor-section-boxed elementor-section-height-default elementor-section-height-default\" data-id=\"f09535b\" data-element_type=\"section\" data-e-type=\"section\">\n\t\t\t\t\t\t<div class=\"elementor-container elementor-column-gap-default\">\n\t\t\t\t\t<div class=\"elementor-column elementor-col-100 elementor-top-column elementor-element elementor-element-1b96ba2\" data-id=\"1b96ba2\" data-element_type=\"column\" data-e-type=\"column\">\n\t\t\t<div class=\"elementor-widget-wrap elementor-element-populated\">\n\t\t\t\t\t\t<div class=\"elementor-element elementor-element-52311f7 elementor-widget elementor-widget-text-editor\" data-id=\"52311f7\" data-element_type=\"widget\" data-e-type=\"widget\" data-widget_type=\"text-editor.default\">\n\t\t\t\t<div class=\"elementor-widget-container\">\n\t\t\t\t\t\t\t\t\t<p style=\"margin: 6pt 0cm; font-size: 16px; line-height: 18.4px; font-family: Poppins, sans-serif; text-align: justify;\"><span style=\"font-size: 16px; font-weight: bold;\">DESCRIPCI\u00d3N DEL PLAN DE ESTUDIOS.<\/span><\/p><p style=\"margin: 6pt 0cm; font-size: 16px; line-height: 18.4px; font-family: Poppins, sans-serif; text-align: justify;\"><span style=\"font-family: Arial, sans-serif;\">El plan\u00a0<\/span><span style=\"font-size: 12pt; font-family: Arial, sans-serif; font-weight: var( --e-global-typography-text-font-weight );\">de estudios del Doctorado en Pedagog\u00eda se desarrolla durante cinco ciclos escolares, est\u00e1 integrado por trece\u00a0<\/span><span style=\"font-size: 12pt; font-family: Arial, sans-serif; font-weight: var( --e-global-typography-text-font-weight );\">asignaturas, de las cuales, diez pertenecen a la construcci\u00f3n y evaluaci\u00f3n del\u00a0<\/span><span style=\"font-size: 12pt; font-family: Arial, sans-serif; font-weight: var( --e-global-typography-text-font-weight );\">proyecto de investigaci\u00f3n.<\/span><\/p><p style=\"margin: 6pt 0cm; font-size: 16px; font-family: Poppins, sans-serif; text-align: justify;\"><span style=\"font-size: 12pt; line-height: 17.12px; font-family: Arial, sans-serif;\">La construcci\u00f3n de los Seminarios de Investigaci\u00f3n del I al IV, permite la construcci\u00f3n del Proyecto de Investigaci\u00f3n, seg\u00fan los objetivos establecidos y son evaluados y autorizados en los Seminarios de Evaluaci\u00f3n correspondientes.<\/span><\/p><p style=\"margin: 6pt 0cm; font-size: 16px; font-family: Poppins, sans-serif; text-align: justify;\"><span style=\"font-size: 12pt; line-height: 17.12px; font-family: Arial, sans-serif;\">Las asignaturas: Tendencias Actuales de la Pedagog\u00eda, Educaci\u00f3n y Cultura, Educaci\u00f3n Humanista, Temas Selectos de la Pr\u00e1ctica Docente, permiten la construcci\u00f3n y profundizaci\u00f3n del objeto de estudio seg\u00fan las \u00e1reas de formaci\u00f3n y las l\u00edneas de investigaci\u00f3n.<\/span><\/p><p style=\"margin: 6pt 0cm; font-size: 16px; font-family: Poppins, sans-serif; text-align: justify;\"><span style=\"font-size: 12pt; line-height: 17.12px; font-family: Arial, sans-serif;\">El plan de estudios tiene un total de 680 horas bajo la conducci\u00f3n de un acad\u00e9mico, 1112 horas independientes y 112 cr\u00e9ditos.<\/span><\/p>\t\t\t\t\t\t\t\t<\/div>\n\t\t\t\t<\/div>\n\t\t\t\t\t<\/div>\n\t\t<\/div>\n\t\t\t\t\t<\/div>\n\t\t<\/section>\n\t\t\t\t<section class=\"elementor-section elementor-top-section elementor-element elementor-element-cfc1ebc elementor-section-boxed elementor-section-height-default elementor-section-height-default\" data-id=\"cfc1ebc\" data-element_type=\"section\" data-e-type=\"section\">\n\t\t\t\t\t\t<div class=\"elementor-container elementor-column-gap-default\">\n\t\t\t\t\t<div class=\"elementor-column elementor-col-100 elementor-top-column elementor-element elementor-element-88b3613\" data-id=\"88b3613\" data-element_type=\"column\" data-e-type=\"column\">\n\t\t\t<div class=\"elementor-widget-wrap elementor-element-populated\">\n\t\t\t\t\t\t<div class=\"elementor-element elementor-element-160484a elementor-widget elementor-widget-text-editor\" data-id=\"160484a\" data-element_type=\"widget\" data-e-type=\"widget\" data-widget_type=\"text-editor.default\">\n\t\t\t\t<div class=\"elementor-widget-container\">\n\t\t\t\t\t\t\t\t\t<p><span style=\"font-family: Poppins, sans-serif; font-size: 16px; font-weight: bold; text-align: justify;\">FINES DE APRENDIZAJE.<\/span><\/p>\n<ul>\n<li><span style=\"font-family: Arial, sans-serif; font-size: 12pt; text-align: justify; text-indent: -18pt; font-weight: var( --e-global-typography-text-font-weight );\">Formar Doctores en Pedagog\u00eda para la investigaci\u00f3n, que generen conocimiento en los diferentes campos disciplinares de la pedagog\u00eda seg\u00fan las \u00e1reas y l\u00edneas de investigaci\u00f3n.<\/span><\/li>\n<li><span style=\"font-family: Arial, sans-serif; font-size: 12pt; text-align: justify; text-indent: -18pt; font-weight: var( --e-global-typography-text-font-weight );\">Dise\u00f1ar proyectos de investigaci\u00f3n que atiendan las necesidades en los diferentes contextos educativos, particularmente en el estado de Oaxaca.<\/span><\/li>\n<li><span style=\"font-size: 12pt; line-height: 18.4px; font-family: Arial, sans-serif;\">Fomentar la intervenci\u00f3n interdisciplinaria, que favorezca el desarrollo acad\u00e9mico y profesional.<\/span><\/li>\n<li><span style=\"font-size: 12pt; line-height: 18.4px; font-family: Arial, sans-serif;\">Divulgar el conocimiento cient\u00edfico que permita fortalecer la cultura de la investigaci\u00f3n en el campo educativo.<\/span><\/li>\n<\/ul>\n<p style=\"margin: 6pt 0cm 6pt 36pt; font-size: 16px; line-height: 18.4px; font-family: Poppins, sans-serif; text-align: justify; text-indent: -18pt;\"><span style=\"font-size: 12pt; line-height: 18.4px; font-family: Arial, sans-serif;\">&nbsp;<\/span><\/p>\t\t\t\t\t\t\t\t<\/div>\n\t\t\t\t<\/div>\n\t\t\t\t\t<\/div>\n\t\t<\/div>\n\t\t\t\t\t<\/div>\n\t\t<\/section>\n\t\t\t\t<section class=\"elementor-section elementor-top-section elementor-element elementor-element-494396b elementor-section-boxed elementor-section-height-default elementor-section-height-default\" data-id=\"494396b\" data-element_type=\"section\" data-e-type=\"section\">\n\t\t\t\t\t\t<div class=\"elementor-container elementor-column-gap-default\">\n\t\t\t\t\t<div class=\"elementor-column elementor-col-100 elementor-top-column elementor-element elementor-element-c379e47\" data-id=\"c379e47\" data-element_type=\"column\" data-e-type=\"column\">\n\t\t\t<div class=\"elementor-widget-wrap elementor-element-populated\">\n\t\t\t\t\t\t<div class=\"elementor-element elementor-element-a7869c5 elementor-widget elementor-widget-text-editor\" data-id=\"a7869c5\" data-element_type=\"widget\" data-e-type=\"widget\" data-widget_type=\"text-editor.default\">\n\t\t\t\t<div class=\"elementor-widget-container\">\n\t\t\t\t\t\t\t\t\t<p><span style=\"font-family: Poppins, sans-serif; font-size: 16px; font-weight: bold; text-align: justify;\">PERFIL DE INGRESO.<\/span><\/p><p>El aspirante a formarse como Doctor (a) en Pedagog\u00eda, deber\u00e1 demostrar tanto en su anteproyecto de investigaci\u00f3n como en la entrevista, los siguientes requerimientos.<\/p><ul><li><p>Contar con grado y c\u00e9dula de grado (nivel maestr\u00eda) en alguna de las siguientes \u00e1reas: Pedagog\u00eda, Educaci\u00f3n, Psicolog\u00eda, Psicopedagog\u00eda o \u00e1reas afines.<\/p><\/li><li><p>\u00a0Accionar en contextos educativos y\/o contar con inter\u00e9s sobre el acto educativo.<\/p><\/li><li><p>Presentar un anteproyecto de investigaci\u00f3n apegado a las \u00e1reas del conocimiento y l\u00edneas de investigaci\u00f3n del plan de estudios.<\/p><\/li><li><p>Habilidades de expresi\u00f3n oral y escrita.<\/p><\/li><li><p>Capacidad de cr\u00edtica, de discernimiento, de abstracci\u00f3n de an\u00e1lisis y s\u00edntesis.<\/p><\/li><li><p>Actitud favorable al trabajo colaborativo.<\/p><\/li><li><p>Valores de responsabilidad, persistencia y fraternidad.<\/p><\/li><\/ul>\t\t\t\t\t\t\t\t<\/div>\n\t\t\t\t<\/div>\n\t\t\t\t\t<\/div>\n\t\t<\/div>\n\t\t\t\t\t<\/div>\n\t\t<\/section>\n\t\t\t\t<section class=\"elementor-section elementor-top-section elementor-element elementor-element-1d1823d elementor-section-boxed elementor-section-height-default elementor-section-height-default\" data-id=\"1d1823d\" data-element_type=\"section\" data-e-type=\"section\">\n\t\t\t\t\t\t<div class=\"elementor-container elementor-column-gap-default\">\n\t\t\t\t\t<div class=\"elementor-column elementor-col-100 elementor-top-column elementor-element elementor-element-b756c36\" data-id=\"b756c36\" data-element_type=\"column\" data-e-type=\"column\">\n\t\t\t<div class=\"elementor-widget-wrap elementor-element-populated\">\n\t\t\t\t\t\t<div class=\"elementor-element elementor-element-52250bf elementor-widget elementor-widget-text-editor\" data-id=\"52250bf\" data-element_type=\"widget\" data-e-type=\"widget\" data-widget_type=\"text-editor.default\">\n\t\t\t\t<div class=\"elementor-widget-container\">\n\t\t\t\t\t\t\t\t\t<p><span style=\"font-family: Poppins, sans-serif; font-size: 16px; font-weight: bold; text-align: justify;\">PERFIL DE EGRESO.<\/span><\/p><p style=\"font-size: 16px; font-family: Roboto, sans-serif; text-align: justify;\">Los conocimientos, habilidades y actitudes desarrollados en el Doctor (a) en Pedagog\u00eda son:<\/p><p style=\"font-size: 16px; font-family: Roboto, sans-serif; text-align: justify;\">Conocimientos:<\/p><ul><li><p style=\"margin-top: 16px; font-size: 16px; font-family: Roboto, sans-serif; text-align: justify;\">Aplica propuestas te\u00f3ricas y metodol\u00f3gicas innovadoras para dar soluci\u00f3n a problem\u00e1ticas educativas en los diferentes escenarios de aprendizaje.<\/p><\/li><li><p style=\"margin-top: 16px; font-size: 16px; font-family: Roboto, sans-serif; text-align: justify;\">Discrimina necesidades y elabora planteamientos de problemas en su realidad pr\u00f3xima desde un sustento metodol\u00f3gico.<\/p><\/li><li><p style=\"margin-top: 16px; font-size: 16px; font-family: Roboto, sans-serif; text-align: justify;\"><span style=\"font-size: inherit; font-family: var( --e-global-typography-text-font-family ), Sans-serif;\">Domina los fundamentos de las metodolog\u00edas investigativas.<\/span><\/p><\/li><li><p style=\"margin-top: 16px; font-size: 16px; font-family: Roboto, sans-serif; text-align: justify;\"><span style=\"font-size: inherit; font-family: var( --e-global-typography-text-font-family ), Sans-serif;\">Argumenta desde el pensamiento profundo y genera nuevos conocimientos inmersos en la Ciencia Pedag\u00f3gica.<\/span><\/p><\/li><\/ul><p style=\"margin-top: 16px; font-size: 16px; font-family: Roboto, sans-serif; text-align: justify;\">Habilidades:<\/p><ul><li style=\"font-size: 16px; font-family: Roboto, sans-serif; text-align: justify;\"><span style=\"font-size: inherit; font-family: var( --e-global-typography-text-font-family ), Sans-serif;\">Planea intervenciones innovadoras desde las teor\u00edas pedag\u00f3gicas. <\/span><\/li><li style=\"font-size: 16px; font-family: Roboto, sans-serif; text-align: justify;\">Dise\u00f1a metodolog\u00edas para la investigaci\u00f3n y gesti\u00f3n de nuevos conocimientos.<\/li><li style=\"font-size: 16px; font-family: Roboto, sans-serif; text-align: justify;\">Dise\u00f1a y aplica instrumentos de recolecci\u00f3n de informaci\u00f3n.<\/li><li style=\"font-size: 16px; font-family: Roboto, sans-serif; text-align: justify;\">Analiza y sintetiza la informaci\u00f3n de hallazgos encontrados para generar soluciones contextualizadas a las necesidades de la realidad vigente.<\/li><li style=\"font-size: 16px; font-family: Roboto, sans-serif; text-align: justify;\">Realiza investigaci\u00f3n de manera individual o en colaboraci\u00f3n interdisciplinaria.<\/li><li style=\"font-size: 16px; font-family: Roboto, sans-serif; text-align: justify;\">Forma en contenidos disciplinares y de investigaci\u00f3n a maestros en distintos niveles escolares.<\/li><li style=\"font-size: 16px; font-family: Roboto, sans-serif; text-align: justify;\">Dirige procesos de investigaci\u00f3n en nivel superior y posgrado.<\/li><\/ul><p style=\"font-size: 16px; font-family: Roboto, sans-serif; text-align: justify;\">Actitudes:<\/p><ul><li style=\"font-size: 16px; font-family: Roboto, sans-serif; text-align: justify;\"><span style=\"font-size: inherit; font-family: var( --e-global-typography-text-font-family ), Sans-serif;\">Reconoce la complejidad del acto educativo en la realidad nacional.<\/span><\/li><li style=\"font-size: 16px; font-family: Roboto, sans-serif; text-align: justify;\">Valora y fomenta la necesidad de la formaci\u00f3n continua profesional, investigaci\u00f3n y humana de todo aquel que acciona en contextos educativos.<\/li><li style=\"font-size: 16px; font-family: Roboto, sans-serif; text-align: justify;\">Participa en actividades acad\u00e9micas, en la escritura y publicaci\u00f3n de libros, revistas, medios digitales sobre temas relacionados a la educaci\u00f3n.<\/li><li style=\"font-size: 16px; font-family: Roboto, sans-serif; text-align: justify;\">Argumenta su postura te\u00f3rica ante la educaci\u00f3n.<\/li><\/ul>\t\t\t\t\t\t\t\t<\/div>\n\t\t\t\t<\/div>\n\t\t\t\t\t<\/div>\n\t\t<\/div>\n\t\t\t\t\t<\/div>\n\t\t<\/section>\n\t\t\t\t<section class=\"elementor-section elementor-top-section elementor-element elementor-element-12ce530 elementor-section-boxed elementor-section-height-default elementor-section-height-default\" data-id=\"12ce530\" data-element_type=\"section\" data-e-type=\"section\">\n\t\t\t\t\t\t<div class=\"elementor-container elementor-column-gap-default\">\n\t\t\t\t\t<div class=\"elementor-column elementor-col-100 elementor-top-column elementor-element elementor-element-a9013a8\" data-id=\"a9013a8\" data-element_type=\"column\" data-e-type=\"column\">\n\t\t\t<div class=\"elementor-widget-wrap elementor-element-populated\">\n\t\t\t\t\t\t<div class=\"elementor-element elementor-element-fa0cca8 elementor-widget elementor-widget-text-editor\" data-id=\"fa0cca8\" data-element_type=\"widget\" data-e-type=\"widget\" data-widget_type=\"text-editor.default\">\n\t\t\t\t<div class=\"elementor-widget-container\">\n\t\t\t\t\t\t\t\t\t<p><span style=\"font-family: Poppins, sans-serif; font-size: 16px; font-weight: bold; text-align: justify;\">LINEAS DE INVESTIGACI\u00d3N.<\/span><\/p><p>El Doctorado en Pedagog\u00eda tiene como finalidad la formaci\u00f3n de expertos en el \u00e1mbito educativo, con habilidades investigativas que profundicen en la lectura de la realidad estatal, y generen soluciones a trav\u00e9s del conocimiento cient\u00edfico.<\/p><p>Para ello est\u00e1 dise\u00f1ado con base en tres \u00e1reas del conocimiento, con sus respectivas l\u00edneas de investigaci\u00f3n.<\/p><p>Las \u00e1reas del conocimiento y l\u00edneas de investigaci\u00f3n son las siguientes:<\/p><p>\u00c1rea de conocimiento: An\u00e1lisis e Innovaci\u00f3n de la Pr\u00e1ctica Docente.<\/p><p>L\u00edneas de investigaci\u00f3n:<\/p><ul><li>Desarrollo y Formaci\u00f3n Docente.<\/li><li>Pr\u00e1ctica Educativa. Evaluaci\u00f3n Docente.<\/li><li>Planeaci\u00f3n y Evaluaci\u00f3n Educativa.<\/li><li>\u00c9tica Profesional-Docente.<\/li><\/ul><p>\u00c1rea de conocimiento: Educaci\u00f3n y Diversidad Cultural.<\/p><p>L\u00edneas de investigaci\u00f3n:<\/p><ul><li>Tendencias Pedag\u00f3gicas.<\/li><li>Gesti\u00f3n del Conocimiento.<\/li><li>Interculturalidad.<\/li><li>Procesos Inclusivos.<\/li><\/ul><p>\u00c1rea de conocimiento: Pol\u00edtica Educativa.<\/p><p>L\u00edneas de investigaci\u00f3n:<\/p><ul><li>Teor\u00eda y Dise\u00f1o Curricular.<\/li><li>Planeaci\u00f3n y Evaluaci\u00f3n Institucional.<\/li><li>Administraci\u00f3n Educativa.\u00a0<\/li><\/ul>\t\t\t\t\t\t\t\t<\/div>\n\t\t\t\t<\/div>\n\t\t\t\t\t<\/div>\n\t\t<\/div>\n\t\t\t\t\t<\/div>\n\t\t<\/section>\n\t\t\t\t<section class=\"elementor-section elementor-top-section elementor-element elementor-element-de67bf2 elementor-section-boxed elementor-section-height-default elementor-section-height-default\" data-id=\"de67bf2\" data-element_type=\"section\" data-e-type=\"section\">\n\t\t\t\t\t\t<div class=\"elementor-container elementor-column-gap-default\">\n\t\t\t\t\t<div class=\"elementor-column elementor-col-100 elementor-top-column elementor-element elementor-element-3a6e18b\" data-id=\"3a6e18b\" data-element_type=\"column\" data-e-type=\"column\">\n\t\t\t<div class=\"elementor-widget-wrap elementor-element-populated\">\n\t\t\t\t\t\t<div class=\"elementor-element elementor-element-b1b564a elementor-widget elementor-widget-image\" data-id=\"b1b564a\" data-element_type=\"widget\" data-e-type=\"widget\" data-widget_type=\"image.default\">\n\t\t\t\t<div class=\"elementor-widget-container\">\n\t\t\t\t\t\t\t\t\t\t\t\t\t\t\t<img fetchpriority=\"high\" decoding=\"async\" width=\"1024\" height=\"768\" src=\"https:\/\/institutounao.com.mx\/wp-content\/uploads\/2021\/12\/MATERIAS-DE-doctorado-1-1024x768.png\" class=\"attachment-large size-large wp-image-2332\" alt=\"\" srcset=\"https:\/\/institutounao.com.mx\/wp-content\/uploads\/2021\/12\/MATERIAS-DE-doctorado-1-1024x768.png 1024w, https:\/\/institutounao.com.mx\/wp-content\/uploads\/2021\/12\/MATERIAS-DE-doctorado-1-300x225.png 300w, https:\/\/institutounao.com.mx\/wp-content\/uploads\/2021\/12\/MATERIAS-DE-doctorado-1-768x576.png 768w, https:\/\/institutounao.com.mx\/wp-content\/uploads\/2021\/12\/MATERIAS-DE-doctorado-1-600x450.png 600w, https:\/\/institutounao.com.mx\/wp-content\/uploads\/2021\/12\/MATERIAS-DE-doctorado-1.png 1366w\" sizes=\"(max-width: 1024px) 100vw, 1024px\" \/>\t\t\t\t\t\t\t\t\t\t\t\t\t\t\t<\/div>\n\t\t\t\t<\/div>\n\t\t\t\t\t<\/div>\n\t\t<\/div>\n\t\t\t\t\t<\/div>\n\t\t<\/section>\n\t\t\t\t<\/div>\n\t\t","protected":false},"excerpt":{"rendered":"<p>Doctorado en Pedagog\u00edaSEP-RVOE-20193566-23 DE AGOSTO DE 2019 DESCRIPCI\u00d3N DEL PLAN DE ESTUDIOS. El plan\u00a0de estudios del Doctorado en Pedagog\u00eda se desarrolla durante cinco ciclos escolares, est\u00e1 integrado por trece\u00a0asignaturas, de las cuales, diez pertenecen a la construcci\u00f3n y evaluaci\u00f3n del\u00a0proyecto de investigaci\u00f3n. La construcci\u00f3n de los Seminarios de Investigaci\u00f3n del <a class=\"read-more\" href=\"https:\/\/institutounao.com.mx\/index.php\/doctorado-en-pedagogia\/\">Read More&#8230;<\/a><\/p>\n","protected":false},"author":1,"featured_media":0,"parent":0,"menu_order":0,"comment_status":"closed","ping_status":"closed","template":"","meta":{"_joinchat":[],"footnotes":""},"class_list":["post-129","page","type-page","status-publish","hentry"],"jetpack_sharing_enabled":true,"_links":{"self":[{"href":"https:\/\/institutounao.com.mx\/index.php\/wp-json\/wp\/v2\/pages\/129","targetHints":{"allow":["GET"]}}],"collection":[{"href":"https:\/\/institutounao.com.mx\/index.php\/wp-json\/wp\/v2\/pages"}],"about":[{"href":"https:\/\/institutounao.com.mx\/index.php\/wp-json\/wp\/v2\/types\/page"}],"author":[{"embeddable":true,"href":"https:\/\/institutounao.com.mx\/index.php\/wp-json\/wp\/v2\/users\/1"}],"replies":[{"embeddable":true,"href":"https:\/\/institutounao.com.mx\/index.php\/wp-json\/wp\/v2\/comments?post=129"}],"version-history":[{"count":24,"href":"https:\/\/institutounao.com.mx\/index.php\/wp-json\/wp\/v2\/pages\/129\/revisions"}],"predecessor-version":[{"id":3436,"href":"https:\/\/institutounao.com.mx\/index.php\/wp-json\/wp\/v2\/pages\/129\/revisions\/3436"}],"wp:attachment":[{"href":"https:\/\/institutounao.com.mx\/index.php\/wp-json\/wp\/v2\/media?parent=129"}],"curies":[{"name":"wp","href":"https:\/\/api.w.org\/{rel}","templated":true}]}}