{"id":11682,"date":"2026-02-04T01:58:14","date_gmt":"2026-02-04T01:58:14","guid":{"rendered":"https:\/\/institutounao.com.mx\/?page_id=11682"},"modified":"2026-02-04T02:08:52","modified_gmt":"2026-02-04T02:08:52","slug":"ecp26-2-4-diplomado-en-evaluacion-psicopedagogica-desde-un-enfoque-inclusivo","status":"publish","type":"page","link":"https:\/\/institutounao.com.mx\/index.php\/ecp26-2-4-diplomado-en-evaluacion-psicopedagogica-desde-un-enfoque-inclusivo\/","title":{"rendered":"ECP26-2.4 DIPLOMADO EN EVALUACI\u00d3N PSICOPEDAG\u00d3GICA DESDE UN ENFOQUE INCLUSIVO."},"content":{"rendered":"\t\t<div data-elementor-type=\"wp-page\" data-elementor-id=\"11682\" class=\"elementor elementor-11682\">\n\t\t\t\t\t\t<section class=\"elementor-section elementor-top-section elementor-element elementor-element-ad05eaf elementor-section-boxed elementor-section-height-default elementor-section-height-default\" data-id=\"ad05eaf\" data-element_type=\"section\" data-e-type=\"section\">\n\t\t\t\t\t\t<div class=\"elementor-container elementor-column-gap-default\">\n\t\t\t\t\t<div class=\"elementor-column elementor-col-100 elementor-top-column elementor-element elementor-element-b0a995d\" data-id=\"b0a995d\" data-element_type=\"column\" data-e-type=\"column\">\n\t\t\t<div class=\"elementor-widget-wrap elementor-element-populated\">\n\t\t\t\t\t\t<div class=\"elementor-element elementor-element-d0478ad elementor-widget elementor-widget-heading\" data-id=\"d0478ad\" data-element_type=\"widget\" data-e-type=\"widget\" data-widget_type=\"heading.default\">\n\t\t\t\t<div class=\"elementor-widget-container\">\n\t\t\t\t\t<h4 class=\"elementor-heading-title elementor-size-default\">DIPLOMADO EN EVALUACI\u00d3N PSICOPEDAG\u00d3GICA DESDE UN ENFOQUE INCLUSIVO.<\/h4>\t\t\t\t<\/div>\n\t\t\t\t<\/div>\n\t\t\t\t\t<\/div>\n\t\t<\/div>\n\t\t\t\t\t<\/div>\n\t\t<\/section>\n\t\t\t\t<section class=\"elementor-section elementor-top-section elementor-element elementor-element-338956c elementor-section-boxed elementor-section-height-default elementor-section-height-default\" data-id=\"338956c\" data-element_type=\"section\" data-e-type=\"section\">\n\t\t\t\t\t\t<div class=\"elementor-container elementor-column-gap-default\">\n\t\t\t\t\t<div class=\"elementor-column elementor-col-100 elementor-top-column elementor-element elementor-element-d1fe852\" data-id=\"d1fe852\" data-element_type=\"column\" data-e-type=\"column\">\n\t\t\t<div class=\"elementor-widget-wrap elementor-element-populated\">\n\t\t\t\t\t\t<div class=\"elementor-element elementor-element-5c7dbb2 elementor-widget elementor-widget-text-editor\" data-id=\"5c7dbb2\" data-element_type=\"widget\" data-e-type=\"widget\" data-widget_type=\"text-editor.default\">\n\t\t\t\t<div class=\"elementor-widget-container\">\n\t\t\t\t\t\t\t\t\t<p style=\"text-align: center;\"><strong>Acreditaci\u00f3n de Actividades.<\/strong><\/p><p><strong>Datos Generales:<\/strong><\/p><p>Instituci\u00f3n: Instituto Universitario Antequera de Oaxaca.<br \/>Clave de Plantel: 20MSY0104Y.<br \/>Periodo: Del 4 de noviembre de 2025 al 3 de febrero de 2026.<br \/>Modalidad:\u00a0Virtual.<br \/>Horas lectivas: 120 horas lectivas.<br \/>Imparte: DRA. PATRICIA GABRIELA CORTES CARRION.<\/p><p><strong>Participantes que acreditaron:\u00a0<\/strong><\/p><ol><li>AURELIA LUIS TALLEDOS<\/li><li>CITLALI LAAYETZI LOPEZ SILVA<\/li><li>DINORAH NOEMI CHAVEZ NICOLAZ<\/li><li>ESMERALDA GOMEZ VASQUEZ<\/li><li>KARLA FABIOLA LOPEZ LOPEZ<\/li><li>LAURA ALICIA CANTU JUAREZ<\/li><li>LUISA FERNANDA MU\u00d1OZ CANTU<\/li><li>PAOLA IVONNE GARCIA GARCIA<\/li><li>RICARDO MORENO INIESTA<\/li><li>ROSA MARIA ROMERO GARCIA<\/li><li>RUDY YALITH PERALTA ORTIZ<\/li><li>TARQUINO SALOMON GONZALEZ DOMINGUEZ<\/li><\/ol><p>\u00a0<\/p>\t\t\t\t\t\t\t\t<\/div>\n\t\t\t\t<\/div>\n\t\t\t\t\t<\/div>\n\t\t<\/div>\n\t\t\t\t\t<\/div>\n\t\t<\/section>\n\t\t\t\t<\/div>\n\t\t","protected":false},"excerpt":{"rendered":"<p>DIPLOMADO EN EVALUACI\u00d3N PSICOPEDAG\u00d3GICA DESDE UN ENFOQUE INCLUSIVO. Acreditaci\u00f3n de Actividades. Datos Generales: Instituci\u00f3n: Instituto Universitario Antequera de Oaxaca.Clave de Plantel: 20MSY0104Y.Periodo: Del 4 de noviembre de 2025 al 3 de febrero de 2026.Modalidad:\u00a0Virtual.Horas lectivas: 120 horas lectivas.Imparte: DRA. PATRICIA GABRIELA CORTES CARRION. Participantes que acreditaron:\u00a0 AURELIA LUIS TALLEDOS CITLALI <a class=\"read-more\" href=\"https:\/\/institutounao.com.mx\/index.php\/ecp26-2-4-diplomado-en-evaluacion-psicopedagogica-desde-un-enfoque-inclusivo\/\">Read More&#8230;<\/a><\/p>\n","protected":false},"author":1,"featured_media":0,"parent":0,"menu_order":0,"comment_status":"closed","ping_status":"closed","template":"","meta":{"_joinchat":[],"footnotes":""},"class_list":["post-11682","page","type-page","status-publish","hentry"],"jetpack_sharing_enabled":true,"_links":{"self":[{"href":"https:\/\/institutounao.com.mx\/index.php\/wp-json\/wp\/v2\/pages\/11682","targetHints":{"allow":["GET"]}}],"collection":[{"href":"https:\/\/institutounao.com.mx\/index.php\/wp-json\/wp\/v2\/pages"}],"about":[{"href":"https:\/\/institutounao.com.mx\/index.php\/wp-json\/wp\/v2\/types\/page"}],"author":[{"embeddable":true,"href":"https:\/\/institutounao.com.mx\/index.php\/wp-json\/wp\/v2\/users\/1"}],"replies":[{"embeddable":true,"href":"https:\/\/institutounao.com.mx\/index.php\/wp-json\/wp\/v2\/comments?post=11682"}],"version-history":[{"count":8,"href":"https:\/\/institutounao.com.mx\/index.php\/wp-json\/wp\/v2\/pages\/11682\/revisions"}],"predecessor-version":[{"id":11690,"href":"https:\/\/institutounao.com.mx\/index.php\/wp-json\/wp\/v2\/pages\/11682\/revisions\/11690"}],"wp:attachment":[{"href":"https:\/\/institutounao.com.mx\/index.php\/wp-json\/wp\/v2\/media?parent=11682"}],"curies":[{"name":"wp","href":"https:\/\/api.w.org\/{rel}","templated":true}]}}