{"id":11311,"date":"2025-12-04T19:51:16","date_gmt":"2025-12-04T19:51:16","guid":{"rendered":"https:\/\/institutounao.com.mx\/?page_id=11311"},"modified":"2025-12-18T18:32:48","modified_gmt":"2025-12-18T18:32:48","slug":"se26-1-27-maestria-en-pedagogia-invitacion-a-coloquio-de-posgrado-075-dg-2026-1-digital","status":"publish","type":"page","link":"https:\/\/institutounao.com.mx\/index.php\/se26-1-27-maestria-en-pedagogia-invitacion-a-coloquio-de-posgrado-075-dg-2026-1-digital\/","title":{"rendered":"SE26-1.27 MAESTR\u00cdA EN PEDAGOG\u00cdA \/INVITACI\u00d3N A COLOQUIO DE POSGRADO 075\/DG\/2026-1\/DIGITAL"},"content":{"rendered":"\t\t<div data-elementor-type=\"wp-page\" data-elementor-id=\"11311\" class=\"elementor elementor-11311\">\n\t\t\t\t\t\t<section class=\"elementor-section elementor-top-section elementor-element elementor-element-f82651c elementor-section-boxed elementor-section-height-default elementor-section-height-default\" data-id=\"f82651c\" data-element_type=\"section\" data-e-type=\"section\">\n\t\t\t\t\t\t<div class=\"elementor-container elementor-column-gap-default\">\n\t\t\t\t\t<div class=\"elementor-column elementor-col-100 elementor-top-column elementor-element elementor-element-8ab0f5e\" data-id=\"8ab0f5e\" data-element_type=\"column\" data-e-type=\"column\">\n\t\t\t<div class=\"elementor-widget-wrap elementor-element-populated\">\n\t\t\t\t\t\t<div class=\"elementor-element elementor-element-4ca81f9 elementor-widget elementor-widget-text-editor\" data-id=\"4ca81f9\" data-element_type=\"widget\" data-e-type=\"widget\" data-widget_type=\"text-editor.default\">\n\t\t\t\t<div class=\"elementor-widget-container\">\n\t\t\t\t\t\t\t\t\t<p style=\"text-align: center;\"><b style=\"color: #99cc00; font-size: 1rem;\">COLOQUIO DE MAESTR\u00cdA EN PEDAGOG\u00cdA: DI\u00c1LOGOS PARA TRANSFORMAR LA EDUCACI\u00d3N EN OAXACA.<\/b><\/p><p><strong>Datos del Instituto:<\/strong><\/p><p>Instituci\u00f3n: Instituto Universitario Antequera de Oaxaca.<\/p><p>Clave de Plantel: 20MSY0104Y.<\/p><p><b>Datos de la actividad:<\/b><\/p><p>Fecha: 13 de diciembre de 2025.\u00a0<\/p><p>Lugar: Instalaciones del Instituto UNAO.<\/p>\t\t\t\t\t\t\t\t<\/div>\n\t\t\t\t<\/div>\n\t\t\t\t<div class=\"elementor-element elementor-element-aa1c362 elementor-widget__width-initial elementor-widget elementor-widget-text-editor\" data-id=\"aa1c362\" data-element_type=\"widget\" data-e-type=\"widget\" data-widget_type=\"text-editor.default\">\n\t\t\t\t<div class=\"elementor-widget-container\">\n\t\t\t\t\t\t\t\t\t<p><strong><span style=\"color: #99cc00;\">PANEL: PEDAGOG\u00cdAS Y CONTRAPEDAGOG\u00cdAS DE LA VIOLENCIA EN INSTITUCIONES EDUCATIVAS \u00bfES LA ESCUELA UN ESPACIO QUE REPRODUCEN VIOLENCIAS?<\/span><\/strong><\/p>\n<p><strong style=\"font-size: 1rem;\">Panelistas:<\/strong><\/p>\n<ul>\n<li>Mtra. ELSIE RUBY MELCHOR MENDOZA.<\/li>\n<li>Mtra. KARINA WALESA CUEVAS ONOFRE.<\/li>\n<li>Dr. POLICARPO CHACON ANGEL.<\/li>\n<\/ul>\t\t\t\t\t\t\t\t<\/div>\n\t\t\t\t<\/div>\n\t\t\t\t\t<\/div>\n\t\t<\/div>\n\t\t\t\t\t<\/div>\n\t\t<\/section>\n\t\t\t\t<section class=\"elementor-section elementor-top-section elementor-element elementor-element-f2ce8d1 elementor-section-boxed elementor-section-height-default elementor-section-height-default\" data-id=\"f2ce8d1\" data-element_type=\"section\" data-e-type=\"section\">\n\t\t\t\t\t\t<div class=\"elementor-container elementor-column-gap-default\">\n\t\t\t\t\t<div class=\"elementor-column elementor-col-100 elementor-top-column elementor-element elementor-element-23d5cae\" data-id=\"23d5cae\" data-element_type=\"column\" data-e-type=\"column\">\n\t\t\t<div class=\"elementor-widget-wrap elementor-element-populated\">\n\t\t\t\t\t\t<div class=\"elementor-element elementor-element-893f11e elementor-widget__width-initial elementor-widget elementor-widget-text-editor\" data-id=\"893f11e\" data-element_type=\"widget\" data-e-type=\"widget\" data-widget_type=\"text-editor.default\">\n\t\t\t\t<div class=\"elementor-widget-container\">\n\t\t\t\t\t\t\t\t\t<p><span style=\"color: #99cc00;\"><b>MESA 1. UNA MIRADA INTERDISCIPLINARIA A LA EDUCACI\u00d3N PRIMARIA.<\/b><\/span><\/p><p><strong style=\"font-size: 1rem;\">Jurado:<\/strong><\/p><ul><li><span style=\"font-size: inherit;\">Mtro. CLEMENTE ANTONIO ORTEGA VILLAGRAN.<\/span><\/li><li>Dr. POLICARPO CHACON ANGEL.\u00a0<\/li><\/ul>\t\t\t\t\t\t\t\t<\/div>\n\t\t\t\t<\/div>\n\t\t\t\t\t<\/div>\n\t\t<\/div>\n\t\t\t\t\t<\/div>\n\t\t<\/section>\n\t\t\t\t<section class=\"elementor-section elementor-top-section elementor-element elementor-element-eed44d9 elementor-section-boxed elementor-section-height-default elementor-section-height-default\" data-id=\"eed44d9\" data-element_type=\"section\" data-e-type=\"section\">\n\t\t\t\t\t\t<div class=\"elementor-container elementor-column-gap-default\">\n\t\t\t\t\t<div class=\"elementor-column elementor-col-50 elementor-top-column elementor-element elementor-element-432a230\" data-id=\"432a230\" data-element_type=\"column\" data-e-type=\"column\">\n\t\t\t<div class=\"elementor-widget-wrap elementor-element-populated\">\n\t\t\t\t\t\t<div class=\"elementor-element elementor-element-aafde80 elementor-widget__width-initial elementor-widget elementor-widget-text-editor\" data-id=\"aafde80\" data-element_type=\"widget\" data-e-type=\"widget\" data-widget_type=\"text-editor.default\">\n\t\t\t\t<div class=\"elementor-widget-container\">\n\t\t\t\t\t\t\t\t\t<div style=\"text-align: left;\"><p style=\"text-align: center;\"><b style=\"font-size: inherit;\">Participantes<\/b><\/p><\/div><div>\u00a0<\/div><div>ANGELINA CASTILLO PEREZ.<\/div><div>\u00a0<\/div><div><p>VERONICA MONFIL GARCIA.\u00a0 \u00a0<\/p><\/div><div>\u00a0\u00a0 \u00a0 \u00a0 \u00a0 \u00a0\u00a0<\/div><p>GABRIELA REINA MORALES LOPEZ.<\/p><p>\u00a0<\/p><p>JOVITA MORALES REYES.<\/p><div>\u00a0<\/div>\t\t\t\t\t\t\t\t<\/div>\n\t\t\t\t<\/div>\n\t\t\t\t\t<\/div>\n\t\t<\/div>\n\t\t\t\t<div class=\"elementor-column elementor-col-50 elementor-top-column elementor-element elementor-element-59f55cd\" data-id=\"59f55cd\" data-element_type=\"column\" data-e-type=\"column\">\n\t\t\t<div class=\"elementor-widget-wrap elementor-element-populated\">\n\t\t\t\t\t\t<div class=\"elementor-element elementor-element-ae8ff5b elementor-widget__width-initial elementor-widget elementor-widget-text-editor\" data-id=\"ae8ff5b\" data-element_type=\"widget\" data-e-type=\"widget\" data-widget_type=\"text-editor.default\">\n\t\t\t\t<div class=\"elementor-widget-container\">\n\t\t\t\t\t\t\t\t\t<p style=\"text-align: center;\"><b>Tema<\/b><\/p><p style=\"text-align: left;\">La comprensi\u00f3n lectora en alumnos de segundo grado de la escuela primaria.<\/p><p>La gesti\u00f3n educativa en escuelas multigrado de zona escolar 146.<\/p><p>C\u00f3mo relacionar la interdisciplina para desarrollar el pensamiento hist\u00f3rico en alumnos de nivel primaria.<\/p><p>Fortalecer los valores morales en los alumnos del nivel primarioa biling\u00fce, para logar una convivencia arm\u00f3nica dentro y fuera del \u00e1mbito escolar, dise\u00f1ando y aplicando diferentes estrategias.<\/p>\t\t\t\t\t\t\t\t<\/div>\n\t\t\t\t<\/div>\n\t\t\t\t\t<\/div>\n\t\t<\/div>\n\t\t\t\t\t<\/div>\n\t\t<\/section>\n\t\t\t\t<section class=\"elementor-section elementor-top-section elementor-element elementor-element-541c894 elementor-section-boxed elementor-section-height-default elementor-section-height-default\" data-id=\"541c894\" data-element_type=\"section\" data-e-type=\"section\">\n\t\t\t\t\t\t<div class=\"elementor-container elementor-column-gap-default\">\n\t\t\t\t\t<div class=\"elementor-column elementor-col-100 elementor-top-column elementor-element elementor-element-9648571\" data-id=\"9648571\" data-element_type=\"column\" data-e-type=\"column\">\n\t\t\t<div class=\"elementor-widget-wrap elementor-element-populated\">\n\t\t\t\t\t\t<div class=\"elementor-element elementor-element-dd35a12 elementor-widget__width-initial elementor-widget elementor-widget-text-editor\" data-id=\"dd35a12\" data-element_type=\"widget\" data-e-type=\"widget\" data-widget_type=\"text-editor.default\">\n\t\t\t\t<div class=\"elementor-widget-container\">\n\t\t\t\t\t\t\t\t\t<p><span style=\"color: #99cc00;\"><b>MESA 2. RETOS DE SER DOCENTE EN LAS PRIMERAS INFANCIAS.<\/b><\/span><\/p><p><strong style=\"font-size: 1rem;\">Jurado:<\/strong><\/p><ul><li><span style=\"font-size: inherit;\">Dra. NEMESIA CRUZ JACINTO.<\/span><\/li><li>Dra. EDITH ELIZABETH AGUILAR MORALES.<\/li><\/ul>\t\t\t\t\t\t\t\t<\/div>\n\t\t\t\t<\/div>\n\t\t\t\t\t<\/div>\n\t\t<\/div>\n\t\t\t\t\t<\/div>\n\t\t<\/section>\n\t\t\t\t<section class=\"elementor-section elementor-top-section elementor-element elementor-element-82547c9 elementor-section-boxed elementor-section-height-default elementor-section-height-default\" data-id=\"82547c9\" data-element_type=\"section\" data-e-type=\"section\">\n\t\t\t\t\t\t<div class=\"elementor-container elementor-column-gap-default\">\n\t\t\t\t\t<div class=\"elementor-column elementor-col-50 elementor-top-column elementor-element elementor-element-e8b9b24\" data-id=\"e8b9b24\" data-element_type=\"column\" data-e-type=\"column\">\n\t\t\t<div class=\"elementor-widget-wrap elementor-element-populated\">\n\t\t\t\t\t\t<div class=\"elementor-element elementor-element-08ebe96 elementor-widget__width-initial elementor-widget elementor-widget-text-editor\" data-id=\"08ebe96\" data-element_type=\"widget\" data-e-type=\"widget\" data-widget_type=\"text-editor.default\">\n\t\t\t\t<div class=\"elementor-widget-container\">\n\t\t\t\t\t\t\t\t\t<div style=\"text-align: left;\"><p style=\"text-align: center;\"><b style=\"font-size: inherit;\">Participantes<\/b><b style=\"font-size: inherit;\">\u00a0<\/b><\/p><\/div><div><p><span style=\"font-size: inherit;\">\u00a0<\/span><span style=\"font-size: inherit;\">CARMELA TORRES GARCIA.\u00a0<\/span><span style=\"font-size: inherit;\">\u00a0 \u00a0 \u00a0 \u00a0 \u00a0 \u00a0 \u00a0 \u00a0 \u00a0 \u00a0 \u00a0 \u00a0 \u00a0 \u00a0 \u00a0 \u00a0 \u00a0 \u00a0 \u00a0 \u00a0 \u00a0 \u00a0 \u00a0 \u00a0 \u00a0 \u00a0 \u00a0 \u00a0 \u00a0<\/span><\/p><p>GETSEMANI CUEVAS CRUZ.\u00a0<\/p><p>\u00a0\u00a0 \u00a0 \u00a0<\/p><\/div><p>KARINA SARAHI CASTA\u00d1EDA CASTILLO.<\/p><p>\u00a0<\/p><p>ROCIO YANED CANO GARCIA.<\/p><p>\u00a0<\/p><p>MONICA ELENA SANTOS CRUZ.<\/p><p>\u00a0<\/p>\t\t\t\t\t\t\t\t<\/div>\n\t\t\t\t<\/div>\n\t\t\t\t\t<\/div>\n\t\t<\/div>\n\t\t\t\t<div class=\"elementor-column elementor-col-50 elementor-top-column elementor-element elementor-element-3a4eef5\" data-id=\"3a4eef5\" data-element_type=\"column\" data-e-type=\"column\">\n\t\t\t<div class=\"elementor-widget-wrap elementor-element-populated\">\n\t\t\t\t\t\t<div class=\"elementor-element elementor-element-50e23ce elementor-widget__width-initial elementor-widget elementor-widget-text-editor\" data-id=\"50e23ce\" data-element_type=\"widget\" data-e-type=\"widget\" data-widget_type=\"text-editor.default\">\n\t\t\t\t<div class=\"elementor-widget-container\">\n\t\t\t\t\t\t\t\t\t<p style=\"text-align: center;\"><b>Tema<\/b><\/p><p>La estimulaci\u00f3n temprana del lenguaje oral en preescolar.<\/p><p>\u00bfC\u00f3mo desarrollar la autonomia del aprendizaje en ni\u00f1os de preescolar desde una filosof\u00eda comunitaria?<\/p><p>\u00bfQu\u00e9 orientaciones pedag\u00f3gicas pueden apoyar a los docentes para el desarrollo de la autonomia emocional en educaci\u00f3n preescolar.<\/p><p>\u00bfC\u00f3mo afecta la sobreprotecci\u00f3n de los padres en el desarrollo social de los ni\u00f1os de 1 a 3 a\u00f1os?<\/p><p>El cuidado docente en educcai\u00f3n preescolar: Dise\u00f1o de alternativas desde la pedagog\u00eda de la emergencia.<\/p>\t\t\t\t\t\t\t\t<\/div>\n\t\t\t\t<\/div>\n\t\t\t\t\t<\/div>\n\t\t<\/div>\n\t\t\t\t\t<\/div>\n\t\t<\/section>\n\t\t\t\t<section class=\"elementor-section elementor-top-section elementor-element elementor-element-6bb373e elementor-section-boxed elementor-section-height-default elementor-section-height-default\" data-id=\"6bb373e\" data-element_type=\"section\" data-e-type=\"section\">\n\t\t\t\t\t\t<div class=\"elementor-container elementor-column-gap-default\">\n\t\t\t\t\t<div class=\"elementor-column elementor-col-100 elementor-top-column elementor-element elementor-element-5aa59d9\" data-id=\"5aa59d9\" data-element_type=\"column\" data-e-type=\"column\">\n\t\t\t<div class=\"elementor-widget-wrap elementor-element-populated\">\n\t\t\t\t\t\t<div class=\"elementor-element elementor-element-00e90d3 elementor-widget__width-initial elementor-widget elementor-widget-text-editor\" data-id=\"00e90d3\" data-element_type=\"widget\" data-e-type=\"widget\" data-widget_type=\"text-editor.default\">\n\t\t\t\t<div class=\"elementor-widget-container\">\n\t\t\t\t\t\t\t\t\t<p><span style=\"color: #99cc00;\"><b>MESA 3. EDUCACI\u00d3N CON PERSPECTIVA DE G\u00c9NERO.<\/b><\/span><\/p><p><strong style=\"font-size: 1rem;\">Jurado:<\/strong><\/p><ul><li><span style=\"font-size: inherit;\">Mtra. KARINA WALESA CUEVAS ONOFRE.<\/span><\/li><li><span style=\"font-size: inherit;\">Mtra. LETICIA GUADALUPE JUAREZ ZARATE.<\/span><\/li><li>Mtra. ELSIE RUBI MELCHOR MENDOZA.<\/li><\/ul>\t\t\t\t\t\t\t\t<\/div>\n\t\t\t\t<\/div>\n\t\t\t\t\t<\/div>\n\t\t<\/div>\n\t\t\t\t\t<\/div>\n\t\t<\/section>\n\t\t\t\t<section class=\"elementor-section elementor-top-section elementor-element elementor-element-c260382 elementor-section-boxed elementor-section-height-default elementor-section-height-default\" data-id=\"c260382\" data-element_type=\"section\" data-e-type=\"section\">\n\t\t\t\t\t\t<div class=\"elementor-container elementor-column-gap-default\">\n\t\t\t\t\t<div class=\"elementor-column elementor-col-50 elementor-top-column elementor-element elementor-element-b4ef77f\" data-id=\"b4ef77f\" data-element_type=\"column\" data-e-type=\"column\">\n\t\t\t<div class=\"elementor-widget-wrap elementor-element-populated\">\n\t\t\t\t\t\t<div class=\"elementor-element elementor-element-598d2a8 elementor-widget__width-initial elementor-widget elementor-widget-text-editor\" data-id=\"598d2a8\" data-element_type=\"widget\" data-e-type=\"widget\" data-widget_type=\"text-editor.default\">\n\t\t\t\t<div class=\"elementor-widget-container\">\n\t\t\t\t\t\t\t\t\t<div style=\"text-align: left;\"><p style=\"text-align: center;\"><b style=\"font-size: inherit;\">Participantes<\/b><b style=\"font-size: inherit;\">\u00a0<\/b><\/p><\/div><div><p><span style=\"font-size: inherit;\">\u00a0<\/span><\/p><p><span style=\"font-size: inherit;\">MONICA HERNANDEZ CORTES.<\/span><\/p><p><span style=\"font-size: inherit;\">MARITZA PEREZ CRUZ.<\/span><\/p><p><span style=\"font-size: inherit;\">DIANA LAURA VILLEGAS SANTIAGO.<\/span><\/p><\/div>\t\t\t\t\t\t\t\t<\/div>\n\t\t\t\t<\/div>\n\t\t\t\t\t<\/div>\n\t\t<\/div>\n\t\t\t\t<div class=\"elementor-column elementor-col-50 elementor-top-column elementor-element elementor-element-716eb22\" data-id=\"716eb22\" data-element_type=\"column\" data-e-type=\"column\">\n\t\t\t<div class=\"elementor-widget-wrap elementor-element-populated\">\n\t\t\t\t\t\t<div class=\"elementor-element elementor-element-4bc6aab elementor-widget__width-initial elementor-widget elementor-widget-text-editor\" data-id=\"4bc6aab\" data-element_type=\"widget\" data-e-type=\"widget\" data-widget_type=\"text-editor.default\">\n\t\t\t\t<div class=\"elementor-widget-container\">\n\t\t\t\t\t\t\t\t\t<p style=\"text-align: center;\"><b>Tema<\/b><\/p><p><span style=\"text-align: center;\">\u00a0<\/span><\/p><p><span style=\"text-align: center;\">Los estereotipos de g\u00e9nero en la educaci\u00f3n preescolar.<\/span><\/p><p><span style=\"text-align: center;\">La violencia en la escuela: un estudio sobre la prevenci\u00f3n y el manejo.<\/span><\/p><p>\u00bfC\u00f3mo se presentan las pr\u00e1cticas sexistas cotidianas dentro de las aulas por parte de los docentes en una escuela primaria?<\/p>\t\t\t\t\t\t\t\t<\/div>\n\t\t\t\t<\/div>\n\t\t\t\t\t<\/div>\n\t\t<\/div>\n\t\t\t\t\t<\/div>\n\t\t<\/section>\n\t\t\t\t<section class=\"elementor-section elementor-top-section elementor-element elementor-element-26267e6 elementor-section-boxed elementor-section-height-default elementor-section-height-default\" data-id=\"26267e6\" data-element_type=\"section\" data-e-type=\"section\">\n\t\t\t\t\t\t<div class=\"elementor-container elementor-column-gap-default\">\n\t\t\t\t\t<div class=\"elementor-column elementor-col-100 elementor-top-column elementor-element elementor-element-4e2783c\" data-id=\"4e2783c\" data-element_type=\"column\" data-e-type=\"column\">\n\t\t\t<div class=\"elementor-widget-wrap elementor-element-populated\">\n\t\t\t\t\t\t<div class=\"elementor-element elementor-element-4db82ca elementor-widget__width-initial elementor-widget elementor-widget-text-editor\" data-id=\"4db82ca\" data-element_type=\"widget\" data-e-type=\"widget\" data-widget_type=\"text-editor.default\">\n\t\t\t\t<div class=\"elementor-widget-container\">\n\t\t\t\t\t\t\t\t\t<p><span style=\"color: #99cc00;\"><b>MESA 4. DESARROLLO DE LOS ESTUDIANTES EN CONTEXTOS DE DIVERSIDAD SOCIOCULTURAL.<\/b><\/span><\/p><p><strong style=\"font-size: 1rem;\">Jurado:<\/strong><\/p><ul><li><span style=\"font-size: inherit;\">Mtra. MONICA ITANDEHUI RUIZ ZAVALA.<\/span><\/li><li>Dr. ELISEO CRUZ AGUILAR.<\/li><\/ul>\t\t\t\t\t\t\t\t<\/div>\n\t\t\t\t<\/div>\n\t\t\t\t\t<\/div>\n\t\t<\/div>\n\t\t\t\t\t<\/div>\n\t\t<\/section>\n\t\t\t\t<section class=\"elementor-section elementor-top-section elementor-element elementor-element-53497fb elementor-section-boxed elementor-section-height-default elementor-section-height-default\" data-id=\"53497fb\" data-element_type=\"section\" data-e-type=\"section\">\n\t\t\t\t\t\t<div class=\"elementor-container elementor-column-gap-default\">\n\t\t\t\t\t<div class=\"elementor-column elementor-col-50 elementor-top-column elementor-element elementor-element-0d258bc\" data-id=\"0d258bc\" data-element_type=\"column\" data-e-type=\"column\">\n\t\t\t<div class=\"elementor-widget-wrap elementor-element-populated\">\n\t\t\t\t\t\t<div class=\"elementor-element elementor-element-642b882 elementor-widget__width-initial elementor-widget elementor-widget-text-editor\" data-id=\"642b882\" data-element_type=\"widget\" data-e-type=\"widget\" data-widget_type=\"text-editor.default\">\n\t\t\t\t<div class=\"elementor-widget-container\">\n\t\t\t\t\t\t\t\t\t<div style=\"text-align: left;\">\n<p style=\"text-align: center;\"><b style=\"font-size: inherit;\">Participantes<\/b><b style=\"font-size: inherit;\">&nbsp;<\/b><\/p>\n<\/div>\n<div>\n<p><span style=\"font-size: inherit;\">&nbsp;<\/span><span style=\"font-size: inherit;\">JUANA NAYELI SANCHEZ AYUSO.<\/span><\/p>\n<p><span style=\"font-size: inherit;\">&nbsp;<\/span><\/p>\n<p><span style=\"font-size: inherit;\">ANGELA BETZABEL PEREZ GARCIA.<\/span><\/p>\n<p><span style=\"font-size: inherit;\">&nbsp;<\/span><\/p>\n<p><span style=\"font-size: inherit;\">ESAU HERNANDEZ FRANCO.<\/span><\/p>\n<p><span style=\"font-size: inherit;\">ITANDEHUI GARCIA AUDELO.<\/span><\/p>\n<p><span style=\"font-size: inherit;\"><br><\/span><\/p>\n<p><span style=\"font-size: inherit;\">HERMELINDA GIL OSORIO.<\/span><span style=\"font-size: inherit;\">&nbsp;<\/span><\/p>\n<p><span style=\"font-size: inherit;\"><br><\/span><\/p><p><span style=\"font-size: inherit;\">IRVING FLORES DIAZ.<\/span><\/p>\n<p><span style=\"font-size: inherit;\">&nbsp;<\/span><\/p>\n<p><span style=\"font-size: inherit;\">&nbsp;<\/span><\/p>\n<p><span style=\"font-size: inherit;\"><br><\/span><\/p>\n<p><\/p>\n<\/div>\t\t\t\t\t\t\t\t<\/div>\n\t\t\t\t<\/div>\n\t\t\t\t\t<\/div>\n\t\t<\/div>\n\t\t\t\t<div class=\"elementor-column elementor-col-50 elementor-top-column elementor-element elementor-element-0ca9b7d\" data-id=\"0ca9b7d\" data-element_type=\"column\" data-e-type=\"column\">\n\t\t\t<div class=\"elementor-widget-wrap elementor-element-populated\">\n\t\t\t\t\t\t<div class=\"elementor-element elementor-element-98b5fc3 elementor-widget__width-initial elementor-widget elementor-widget-text-editor\" data-id=\"98b5fc3\" data-element_type=\"widget\" data-e-type=\"widget\" data-widget_type=\"text-editor.default\">\n\t\t\t\t<div class=\"elementor-widget-container\">\n\t\t\t\t\t\t\t\t\t<p style=\"text-align: center;\"><b>Tema<\/b><\/p><p>Desarrollo del pensamiento cr\u00edtico en estudiantes de bachillerato de la sierra norte.<\/p><p>\u00bfQue condiciones debe cumplir un programa de tutor\u00edas para incidir en la reducci\u00f3n de los \u00edndices de reprobaci\u00f3n en estudiantes de nivel secundaria?<\/p><p>Estrategias para la integraci\u00f3n entre jovenes y adultos en los centros de ense\u00f1anza ocupacional.<\/p><p>Propuestas de programas de orientaci\u00f3n vocacional para estudiantes de nivel medio superior en la regi\u00f3in mixteca del estado de oaxaca.<\/p><p>\u00bfPor qu\u00e9\/c\u00f3mo implementar los saberes comunitarios en la escuela como estrategia pedag\u00f3gica?<\/p><p>Revisi\u00f3n sobre el uso de herramientas de inteligencia artificial generativa en el desarrollo del pensamiento cr\u00edtico-argumentativo en estudiantes de primer semestre del IEBO pantel 90.<\/p>\t\t\t\t\t\t\t\t<\/div>\n\t\t\t\t<\/div>\n\t\t\t\t\t<\/div>\n\t\t<\/div>\n\t\t\t\t\t<\/div>\n\t\t<\/section>\n\t\t\t\t<\/div>\n\t\t","protected":false},"excerpt":{"rendered":"<p>COLOQUIO DE MAESTR\u00cdA EN PEDAGOG\u00cdA: DI\u00c1LOGOS PARA TRANSFORMAR LA EDUCACI\u00d3N EN OAXACA. Datos del Instituto: Instituci\u00f3n: Instituto Universitario Antequera de Oaxaca. Clave de Plantel: 20MSY0104Y. Datos de la actividad: Fecha: 13 de diciembre de 2025.\u00a0 Lugar: Instalaciones del Instituto UNAO. PANEL: PEDAGOG\u00cdAS Y CONTRAPEDAGOG\u00cdAS DE LA VIOLENCIA EN INSTITUCIONES EDUCATIVAS <a class=\"read-more\" href=\"https:\/\/institutounao.com.mx\/index.php\/se26-1-27-maestria-en-pedagogia-invitacion-a-coloquio-de-posgrado-075-dg-2026-1-digital\/\">Read More&#8230;<\/a><\/p>\n","protected":false},"author":1,"featured_media":0,"parent":0,"menu_order":0,"comment_status":"closed","ping_status":"closed","template":"","meta":{"_joinchat":[],"footnotes":""},"class_list":["post-11311","page","type-page","status-publish","hentry"],"jetpack_sharing_enabled":true,"_links":{"self":[{"href":"https:\/\/institutounao.com.mx\/index.php\/wp-json\/wp\/v2\/pages\/11311","targetHints":{"allow":["GET"]}}],"collection":[{"href":"https:\/\/institutounao.com.mx\/index.php\/wp-json\/wp\/v2\/pages"}],"about":[{"href":"https:\/\/institutounao.com.mx\/index.php\/wp-json\/wp\/v2\/types\/page"}],"author":[{"embeddable":true,"href":"https:\/\/institutounao.com.mx\/index.php\/wp-json\/wp\/v2\/users\/1"}],"replies":[{"embeddable":true,"href":"https:\/\/institutounao.com.mx\/index.php\/wp-json\/wp\/v2\/comments?post=11311"}],"version-history":[{"count":22,"href":"https:\/\/institutounao.com.mx\/index.php\/wp-json\/wp\/v2\/pages\/11311\/revisions"}],"predecessor-version":[{"id":11382,"href":"https:\/\/institutounao.com.mx\/index.php\/wp-json\/wp\/v2\/pages\/11311\/revisions\/11382"}],"wp:attachment":[{"href":"https:\/\/institutounao.com.mx\/index.php\/wp-json\/wp\/v2\/media?parent=11311"}],"curies":[{"name":"wp","href":"https:\/\/api.w.org\/{rel}","templated":true}]}}