{"id":10509,"date":"2025-07-02T22:56:15","date_gmt":"2025-07-02T22:56:15","guid":{"rendered":"https:\/\/institutounao.com.mx\/?page_id=10509"},"modified":"2025-08-19T18:28:27","modified_gmt":"2025-08-19T18:28:27","slug":"ecp26-1-9-taller-pedagogico-el-abc-de-la-lectoescritura","status":"publish","type":"page","link":"https:\/\/institutounao.com.mx\/index.php\/ecp26-1-9-taller-pedagogico-el-abc-de-la-lectoescritura\/","title":{"rendered":"ECP26-1.9 TALLER PEDAG\u00d3GICO EL ABC DE LA LECTOESCRITURA"},"content":{"rendered":"\t\t<div data-elementor-type=\"wp-page\" data-elementor-id=\"10509\" class=\"elementor elementor-10509\">\n\t\t\t\t\t\t<section class=\"elementor-section elementor-top-section elementor-element elementor-element-304baba elementor-section-boxed elementor-section-height-default elementor-section-height-default\" data-id=\"304baba\" data-element_type=\"section\" data-e-type=\"section\">\n\t\t\t\t\t\t<div class=\"elementor-container elementor-column-gap-default\">\n\t\t\t\t\t<div class=\"elementor-column elementor-col-100 elementor-top-column elementor-element elementor-element-4e40fb1\" data-id=\"4e40fb1\" data-element_type=\"column\" data-e-type=\"column\">\n\t\t\t<div class=\"elementor-widget-wrap elementor-element-populated\">\n\t\t\t\t\t\t<div class=\"elementor-element elementor-element-30f92df elementor-widget elementor-widget-heading\" data-id=\"30f92df\" data-element_type=\"widget\" data-e-type=\"widget\" data-widget_type=\"heading.default\">\n\t\t\t\t<div class=\"elementor-widget-container\">\n\t\t\t\t\t<h4 class=\"elementor-heading-title elementor-size-default\">TALLER PEDAG\u00d3GICO EL ABC DE LA LECTOESCRITURA.<\/h4>\t\t\t\t<\/div>\n\t\t\t\t<\/div>\n\t\t\t\t\t<\/div>\n\t\t<\/div>\n\t\t\t\t\t<\/div>\n\t\t<\/section>\n\t\t\t\t<section class=\"elementor-section elementor-top-section elementor-element elementor-element-7fc0454 elementor-section-boxed elementor-section-height-default elementor-section-height-default\" data-id=\"7fc0454\" data-element_type=\"section\" data-e-type=\"section\">\n\t\t\t\t\t\t<div class=\"elementor-container elementor-column-gap-default\">\n\t\t\t\t\t<div class=\"elementor-column elementor-col-100 elementor-top-column elementor-element elementor-element-ba4edd6\" data-id=\"ba4edd6\" data-element_type=\"column\" data-e-type=\"column\">\n\t\t\t<div class=\"elementor-widget-wrap elementor-element-populated\">\n\t\t\t\t\t\t<div class=\"elementor-element elementor-element-dd8b453 elementor-widget elementor-widget-text-editor\" data-id=\"dd8b453\" data-element_type=\"widget\" data-e-type=\"widget\" data-widget_type=\"text-editor.default\">\n\t\t\t\t<div class=\"elementor-widget-container\">\n\t\t\t\t\t\t\t\t\t<p style=\"text-align: center;\"><strong>Acreditaci\u00f3n de Actividades.<\/strong><\/p><p><strong>Datos Generales:<\/strong><\/p><p>Instituci\u00f3n: Instituto Universitario Antequera de Oaxaca.<br \/>Clave de Plantel: 20MSY0104Y.<br \/>Periodo: 17 de agosto de 2025.<br \/>Modalidad:\u00a0Virtual.<br \/>Horas lectivas: 10 horas lectivas.<br \/>Imparte: MTRA.\u00a0KARLA CERVANTES LANDA<\/p><p><strong>Participantes que acreditaron:\u00a0<\/strong><\/p><ol><li>AZUCENA BAUTISTA CUEVAS<\/li><li>DEBORA GAONA GUTI\u00c9RREZ<\/li><li>DIANA BERENICE SANTILLAN CRUZ<\/li><li>EDER GIOVANNI GOMEZ RAMIREZ<\/li><li>IRIDIAN GETZEMANI ALEJANDREZ DEL RIO<\/li><li>LUZ MARIA RODRIGUEZ VILLASE\u00d1OR<\/li><li>MARIA JOSE MORENO LOYOLA<\/li><li>MARIA PAULA GONZAGA GONZALEZ<\/li><li>MARICRUZ MARTINEZ DE LA ROSA<\/li><li>MARTHA VALDEZ GONZALEZ<\/li><li>SOFIA MONROY MONROY<\/li><li>SUSANA FIGUEROA TEJEDA<\/li><li>ZUEMI SORAIDA GOMEZ GUZMAN<\/li><\/ol>\t\t\t\t\t\t\t\t<\/div>\n\t\t\t\t<\/div>\n\t\t\t\t\t<\/div>\n\t\t<\/div>\n\t\t\t\t\t<\/div>\n\t\t<\/section>\n\t\t\t\t<\/div>\n\t\t","protected":false},"excerpt":{"rendered":"<p>TALLER PEDAG\u00d3GICO EL ABC DE LA LECTOESCRITURA. Acreditaci\u00f3n de Actividades. Datos Generales: Instituci\u00f3n: Instituto Universitario Antequera de Oaxaca.Clave de Plantel: 20MSY0104Y.Periodo: 17 de agosto de 2025.Modalidad:\u00a0Virtual.Horas lectivas: 10 horas lectivas.Imparte: MTRA.\u00a0KARLA CERVANTES LANDA Participantes que acreditaron:\u00a0 AZUCENA BAUTISTA CUEVAS DEBORA GAONA GUTI\u00c9RREZ DIANA BERENICE SANTILLAN CRUZ EDER GIOVANNI GOMEZ RAMIREZ <a class=\"read-more\" href=\"https:\/\/institutounao.com.mx\/index.php\/ecp26-1-9-taller-pedagogico-el-abc-de-la-lectoescritura\/\">Read More&#8230;<\/a><\/p>\n","protected":false},"author":1,"featured_media":0,"parent":0,"menu_order":0,"comment_status":"closed","ping_status":"closed","template":"","meta":{"_joinchat":[],"footnotes":""},"class_list":["post-10509","page","type-page","status-publish","hentry"],"jetpack_sharing_enabled":true,"_links":{"self":[{"href":"https:\/\/institutounao.com.mx\/index.php\/wp-json\/wp\/v2\/pages\/10509","targetHints":{"allow":["GET"]}}],"collection":[{"href":"https:\/\/institutounao.com.mx\/index.php\/wp-json\/wp\/v2\/pages"}],"about":[{"href":"https:\/\/institutounao.com.mx\/index.php\/wp-json\/wp\/v2\/types\/page"}],"author":[{"embeddable":true,"href":"https:\/\/institutounao.com.mx\/index.php\/wp-json\/wp\/v2\/users\/1"}],"replies":[{"embeddable":true,"href":"https:\/\/institutounao.com.mx\/index.php\/wp-json\/wp\/v2\/comments?post=10509"}],"version-history":[{"count":7,"href":"https:\/\/institutounao.com.mx\/index.php\/wp-json\/wp\/v2\/pages\/10509\/revisions"}],"predecessor-version":[{"id":10908,"href":"https:\/\/institutounao.com.mx\/index.php\/wp-json\/wp\/v2\/pages\/10509\/revisions\/10908"}],"wp:attachment":[{"href":"https:\/\/institutounao.com.mx\/index.php\/wp-json\/wp\/v2\/media?parent=10509"}],"curies":[{"name":"wp","href":"https:\/\/api.w.org\/{rel}","templated":true}]}}