{"id":10498,"date":"2025-07-02T22:48:05","date_gmt":"2025-07-02T22:48:05","guid":{"rendered":"https:\/\/institutounao.com.mx\/?page_id=10498"},"modified":"2025-08-17T19:30:14","modified_gmt":"2025-08-17T19:30:14","slug":"ecp26-1-8-taller-pedagogico-identificacion-y-clasificacion-de-los-trastornos-especificos-del-aprendizaje","status":"publish","type":"page","link":"https:\/\/institutounao.com.mx\/index.php\/ecp26-1-8-taller-pedagogico-identificacion-y-clasificacion-de-los-trastornos-especificos-del-aprendizaje\/","title":{"rendered":"ECP26-1.8 TALLER PEDAG\u00d3GICO IDENTIFICACI\u00d3N Y CLASIFICACI\u00d3N DE LOS  TRASTORNOS ESPEC\u00cdFICOS DEL APRENDIZAJE"},"content":{"rendered":"\t\t<div data-elementor-type=\"wp-page\" data-elementor-id=\"10498\" class=\"elementor elementor-10498\">\n\t\t\t\t\t\t<section class=\"elementor-section elementor-top-section elementor-element elementor-element-8a9cd59 elementor-section-boxed elementor-section-height-default elementor-section-height-default\" data-id=\"8a9cd59\" data-element_type=\"section\" data-e-type=\"section\">\n\t\t\t\t\t\t<div class=\"elementor-container elementor-column-gap-default\">\n\t\t\t\t\t<div class=\"elementor-column elementor-col-100 elementor-top-column elementor-element elementor-element-0daf788\" data-id=\"0daf788\" data-element_type=\"column\" data-e-type=\"column\">\n\t\t\t<div class=\"elementor-widget-wrap elementor-element-populated\">\n\t\t\t\t\t\t<div class=\"elementor-element elementor-element-49c3b4c elementor-widget elementor-widget-heading\" data-id=\"49c3b4c\" data-element_type=\"widget\" data-e-type=\"widget\" data-widget_type=\"heading.default\">\n\t\t\t\t<div class=\"elementor-widget-container\">\n\t\t\t\t\t<h4 class=\"elementor-heading-title elementor-size-default\">TALLER PEDAG\u00d3GICO IDENTIFICACI\u00d3N Y CLASIFICACI\u00d3N DE LOS  TRASTORNOS ESPEC\u00cdFICOS DEL APRENDIZAJE.<\/h4>\t\t\t\t<\/div>\n\t\t\t\t<\/div>\n\t\t\t\t\t<\/div>\n\t\t<\/div>\n\t\t\t\t\t<\/div>\n\t\t<\/section>\n\t\t\t\t<section class=\"elementor-section elementor-top-section elementor-element elementor-element-9acf304 elementor-section-boxed elementor-section-height-default elementor-section-height-default\" data-id=\"9acf304\" data-element_type=\"section\" data-e-type=\"section\">\n\t\t\t\t\t\t<div class=\"elementor-container elementor-column-gap-default\">\n\t\t\t\t\t<div class=\"elementor-column elementor-col-100 elementor-top-column elementor-element elementor-element-bcc9fea\" data-id=\"bcc9fea\" data-element_type=\"column\" data-e-type=\"column\">\n\t\t\t<div class=\"elementor-widget-wrap elementor-element-populated\">\n\t\t\t\t\t\t<div class=\"elementor-element elementor-element-8601c24 elementor-widget elementor-widget-text-editor\" data-id=\"8601c24\" data-element_type=\"widget\" data-e-type=\"widget\" data-widget_type=\"text-editor.default\">\n\t\t\t\t<div class=\"elementor-widget-container\">\n\t\t\t\t\t\t\t\t\t<p style=\"text-align: center;\"><strong>Acreditaci\u00f3n de Actividades.<\/strong><\/p><p><strong>Datos Generales:<\/strong><\/p><p>Instituci\u00f3n: Instituto Universitario Antequera de Oaxaca.<br \/>Clave de Plantel: 20MSY0104Y.<br \/>Periodo: 16 de agosto de 2025.<br \/>Modalidad:\u00a0Virtual.<br \/>Horas lectivas: 10 horas lectivas.<br \/>Imparte: MTRO. JOSE ANIBAL OJEDA NU\u00d1EZ.<\/p><p><strong>Participantes que acreditaron:\u00a0<\/strong><\/p><ol><li>ALBA MALDONADO CRUZ<\/li><li>ALEJANDRA FLOR RICARDEZ PATI\u00d1O<\/li><li>ALEJANDRA PATRICIA CARRILLO ABRAHAM<\/li><li>CLAUDIA DOMINGUEZ SOSA<\/li><li>DIANA LAURA LEON CARRASCO<\/li><li>DULCE TANIA CASTRO GORDILLO<\/li><li>HERNAN WILLIAN SANTIAGO CARMONA<\/li><li>IRIDIAN GETZEMANI ALEJANDREZ DEL RIO<\/li><li>ITAYETZI CARREON ORTIZ<\/li><li>JESUS MANUEL RODRIGUEZ JACINTO<\/li><li>JOSE MANUEL GUZMAN RAMOS<\/li><li>KEVIN NOE JIMENEZ RIOS<\/li><li>LAURA VICTORIA OCHOA PATI\u00d1O<\/li><li>LISBETH ORDAZ JIMENEZ<\/li><li>LUZ MARIA RODRIGUEZ LOPEZ<\/li><li>MARIA DEL CARMEN GARCIA MORALES<\/li><li>MARIA GUADALUPE LIZARRAGA VILLANAZUL<\/li><li>MARIA JOSE MORENO LOYOLA<\/li><li>MARICRUZ MARTINEZ DE LA ROSA<\/li><li>MARTHA VALDEZ GONZALEZ<\/li><li>MAYRA EDEN HERNANDEZ PEREZ<\/li><li>MAYRA EDITH LEON CASTILLO<\/li><li>MAYRA GUADALUPE SEGURA V\u00c9LEZ<\/li><li>MONSERRAT ANGELICA BARRAGAN MENDEZ<\/li><li>NADIA CANSECO ROSAS<\/li><li>ROCIO VASQUEZ CORTES<\/li><li>SANDY MINELLI ORTEGA GARCIA<\/li><li>URIEL CALVO JUAREZ<\/li><li>VIRNA DIAZ VELASQUEZ<\/li><li>YESENIA ESMERALDA MENDEZ VAZQUEZ<\/li><\/ol>\t\t\t\t\t\t\t\t<\/div>\n\t\t\t\t<\/div>\n\t\t\t\t\t<\/div>\n\t\t<\/div>\n\t\t\t\t\t<\/div>\n\t\t<\/section>\n\t\t\t\t<\/div>\n\t\t","protected":false},"excerpt":{"rendered":"<p>TALLER PEDAG\u00d3GICO IDENTIFICACI\u00d3N Y CLASIFICACI\u00d3N DE LOS TRASTORNOS ESPEC\u00cdFICOS DEL APRENDIZAJE. Acreditaci\u00f3n de Actividades. Datos Generales: Instituci\u00f3n: Instituto Universitario Antequera de Oaxaca.Clave de Plantel: 20MSY0104Y.Periodo: 16 de agosto de 2025.Modalidad:\u00a0Virtual.Horas lectivas: 10 horas lectivas.Imparte: MTRO. JOSE ANIBAL OJEDA NU\u00d1EZ. Participantes que acreditaron:\u00a0 ALBA MALDONADO CRUZ ALEJANDRA FLOR RICARDEZ PATI\u00d1O ALEJANDRA <a class=\"read-more\" href=\"https:\/\/institutounao.com.mx\/index.php\/ecp26-1-8-taller-pedagogico-identificacion-y-clasificacion-de-los-trastornos-especificos-del-aprendizaje\/\">Read More&#8230;<\/a><\/p>\n","protected":false},"author":1,"featured_media":0,"parent":0,"menu_order":0,"comment_status":"closed","ping_status":"closed","template":"","meta":{"_joinchat":[],"footnotes":""},"class_list":["post-10498","page","type-page","status-publish","hentry"],"jetpack_sharing_enabled":true,"_links":{"self":[{"href":"https:\/\/institutounao.com.mx\/index.php\/wp-json\/wp\/v2\/pages\/10498","targetHints":{"allow":["GET"]}}],"collection":[{"href":"https:\/\/institutounao.com.mx\/index.php\/wp-json\/wp\/v2\/pages"}],"about":[{"href":"https:\/\/institutounao.com.mx\/index.php\/wp-json\/wp\/v2\/types\/page"}],"author":[{"embeddable":true,"href":"https:\/\/institutounao.com.mx\/index.php\/wp-json\/wp\/v2\/users\/1"}],"replies":[{"embeddable":true,"href":"https:\/\/institutounao.com.mx\/index.php\/wp-json\/wp\/v2\/comments?post=10498"}],"version-history":[{"count":13,"href":"https:\/\/institutounao.com.mx\/index.php\/wp-json\/wp\/v2\/pages\/10498\/revisions"}],"predecessor-version":[{"id":10905,"href":"https:\/\/institutounao.com.mx\/index.php\/wp-json\/wp\/v2\/pages\/10498\/revisions\/10905"}],"wp:attachment":[{"href":"https:\/\/institutounao.com.mx\/index.php\/wp-json\/wp\/v2\/media?parent=10498"}],"curies":[{"name":"wp","href":"https:\/\/api.w.org\/{rel}","templated":true}]}}