{"id":10149,"date":"2025-05-01T03:07:48","date_gmt":"2025-05-01T03:07:48","guid":{"rendered":"https:\/\/institutounao.com.mx\/?page_id=10149"},"modified":"2025-06-14T22:54:12","modified_gmt":"2025-06-14T22:54:12","slug":"ecp25-71-taller-pedagogico-desarrollo-emocional-infantil-abordaje-de-los-primeros-auxilios-psicologicos","status":"publish","type":"page","link":"https:\/\/institutounao.com.mx\/index.php\/ecp25-71-taller-pedagogico-desarrollo-emocional-infantil-abordaje-de-los-primeros-auxilios-psicologicos\/","title":{"rendered":"ECP25.71 TALLER PEDAG\u00d3GICO DESARROLLO EMOCIONAL INFANTIL: ABORDAJE DE LOS PRIMEROS AUXILIOS PSICOL\u00d3GICOS"},"content":{"rendered":"\t\t<div data-elementor-type=\"wp-page\" data-elementor-id=\"10149\" class=\"elementor elementor-10149\">\n\t\t\t\t\t\t<section class=\"elementor-section elementor-top-section elementor-element elementor-element-dc525f9 elementor-section-boxed elementor-section-height-default elementor-section-height-default\" data-id=\"dc525f9\" data-element_type=\"section\" data-e-type=\"section\">\n\t\t\t\t\t\t<div class=\"elementor-container elementor-column-gap-default\">\n\t\t\t\t\t<div class=\"elementor-column elementor-col-100 elementor-top-column elementor-element elementor-element-ebe8ba8\" data-id=\"ebe8ba8\" data-element_type=\"column\" data-e-type=\"column\">\n\t\t\t<div class=\"elementor-widget-wrap elementor-element-populated\">\n\t\t\t\t\t\t<div class=\"elementor-element elementor-element-5021b68 elementor-widget elementor-widget-heading\" data-id=\"5021b68\" data-element_type=\"widget\" data-e-type=\"widget\" data-widget_type=\"heading.default\">\n\t\t\t\t<div class=\"elementor-widget-container\">\n\t\t\t\t\t<h4 class=\"elementor-heading-title elementor-size-default\">TALLER PEDAG\u00d3GICO DESARROLLO EMOCIONAL INFANTIL: ABORDAJE DE LOS PRIMEROS AUXILIOS PSICOL\u00d3GICOS.<\/h4>\t\t\t\t<\/div>\n\t\t\t\t<\/div>\n\t\t\t\t\t<\/div>\n\t\t<\/div>\n\t\t\t\t\t<\/div>\n\t\t<\/section>\n\t\t\t\t<section class=\"elementor-section elementor-top-section elementor-element elementor-element-12f2a97 elementor-section-boxed elementor-section-height-default elementor-section-height-default\" data-id=\"12f2a97\" data-element_type=\"section\" data-e-type=\"section\">\n\t\t\t\t\t\t<div class=\"elementor-container elementor-column-gap-default\">\n\t\t\t\t\t<div class=\"elementor-column elementor-col-100 elementor-top-column elementor-element elementor-element-63b8c24\" data-id=\"63b8c24\" data-element_type=\"column\" data-e-type=\"column\">\n\t\t\t<div class=\"elementor-widget-wrap elementor-element-populated\">\n\t\t\t\t\t\t<div class=\"elementor-element elementor-element-a3aab2b elementor-widget elementor-widget-text-editor\" data-id=\"a3aab2b\" data-element_type=\"widget\" data-e-type=\"widget\" data-widget_type=\"text-editor.default\">\n\t\t\t\t<div class=\"elementor-widget-container\">\n\t\t\t\t\t\t\t\t\t<p style=\"text-align: center;\"><strong>Acreditaci\u00f3n de Actividades.<\/strong><\/p><p><b>Datos Generales:<\/b><\/p><p>Instituci\u00f3n: Instituto Universitario Antequera de Oaxaca.<br \/>Clave de Plantel: 20MSY0104Y.<br \/>Periodo:\u00a0\u00a0<span data-sheets-root=\"1\"> 14 <\/span>de junio de 2025.<br \/>Modalidad:\u00a0Virtual.<br \/>Horas lectivas: 10 horas lectivas.<br \/>Imparte: MTRA.BARBARA MU\u00d1OZ ALONSO REYES.<\/p><p><b>Participantes que acreditaron:\u00a0<\/b><\/p><ol><li>ABIGAHIL YOSMARA CELESTINO SANTIAGO<\/li><li>ANA LINDA RUIZ GIL<\/li><li>ANTONIA PEREZ ALFARO<\/li><li>CLAUDIA ALCALDE BASILIO<\/li><li>CLAUDIA PATRICIA HEIMPEL BOYOLI<\/li><li>CRHISTIAN ADRIAN KU GOMEZ<\/li><li>DAVID MARTINEZ PEREZ<\/li><li>EMPERATRIZ DONAJI SANCHEZ SOLANO<\/li><li>GERARDO MATUS ROJAS<\/li><li>GUADALUPE ZARAID FLORES VEL\u00c1SQUEZ<\/li><li>GUILLERMINA PEREZ ACOSTA<\/li><li>IRENE MARTINA JANDETTE SALAS<\/li><li>KARINA ESTHER MARTINEZ MELLADO<\/li><li>MARIA YESENIA GOMEZ DE LA CRUZ<\/li><li>MARIANA REBECA ALVARADO CAMACHO<\/li><li>MARTHA GABRIELA MEDRANO BELTRAN<\/li><li>MIRIAM GONZALEZ GALVAN<\/li><li>MIRIAM HERNANDES RAMIREZ<\/li><li>MYRNA MADRIGAL SANCHEZ<\/li><li>RICARDO MORENO INIESTA<\/li><li>ROSA MARIA ROMERO GARCIA<\/li><\/ol>\t\t\t\t\t\t\t\t<\/div>\n\t\t\t\t<\/div>\n\t\t\t\t\t<\/div>\n\t\t<\/div>\n\t\t\t\t\t<\/div>\n\t\t<\/section>\n\t\t\t\t<\/div>\n\t\t","protected":false},"excerpt":{"rendered":"<p>TALLER PEDAG\u00d3GICO DESARROLLO EMOCIONAL INFANTIL: ABORDAJE DE LOS PRIMEROS AUXILIOS PSICOL\u00d3GICOS. Acreditaci\u00f3n de Actividades. Datos Generales: Instituci\u00f3n: Instituto Universitario Antequera de Oaxaca.Clave de Plantel: 20MSY0104Y.Periodo:\u00a0\u00a0 14 de junio de 2025.Modalidad:\u00a0Virtual.Horas lectivas: 10 horas lectivas.Imparte: MTRA.BARBARA MU\u00d1OZ ALONSO REYES. Participantes que acreditaron:\u00a0 ABIGAHIL YOSMARA CELESTINO SANTIAGO ANA LINDA RUIZ GIL ANTONIA <a class=\"read-more\" href=\"https:\/\/institutounao.com.mx\/index.php\/ecp25-71-taller-pedagogico-desarrollo-emocional-infantil-abordaje-de-los-primeros-auxilios-psicologicos\/\">Read More&#8230;<\/a><\/p>\n","protected":false},"author":1,"featured_media":0,"parent":0,"menu_order":0,"comment_status":"closed","ping_status":"closed","template":"","meta":{"_joinchat":[],"footnotes":""},"class_list":["post-10149","page","type-page","status-publish","hentry"],"jetpack_sharing_enabled":true,"_links":{"self":[{"href":"https:\/\/institutounao.com.mx\/index.php\/wp-json\/wp\/v2\/pages\/10149","targetHints":{"allow":["GET"]}}],"collection":[{"href":"https:\/\/institutounao.com.mx\/index.php\/wp-json\/wp\/v2\/pages"}],"about":[{"href":"https:\/\/institutounao.com.mx\/index.php\/wp-json\/wp\/v2\/types\/page"}],"author":[{"embeddable":true,"href":"https:\/\/institutounao.com.mx\/index.php\/wp-json\/wp\/v2\/users\/1"}],"replies":[{"embeddable":true,"href":"https:\/\/institutounao.com.mx\/index.php\/wp-json\/wp\/v2\/comments?post=10149"}],"version-history":[{"count":7,"href":"https:\/\/institutounao.com.mx\/index.php\/wp-json\/wp\/v2\/pages\/10149\/revisions"}],"predecessor-version":[{"id":10314,"href":"https:\/\/institutounao.com.mx\/index.php\/wp-json\/wp\/v2\/pages\/10149\/revisions\/10314"}],"wp:attachment":[{"href":"https:\/\/institutounao.com.mx\/index.php\/wp-json\/wp\/v2\/media?parent=10149"}],"curies":[{"name":"wp","href":"https:\/\/api.w.org\/{rel}","templated":true}]}}